{"id":22087,"date":"2020-01-14T15:37:29","date_gmt":"2020-01-14T14:37:29","guid":{"rendered":"http:\/\/gclg.be\/?page_id=22087"},"modified":"2020-01-14T16:08:06","modified_gmt":"2020-01-14T15:08:06","slug":"saison-2012-2013","status":"publish","type":"page","link":"https:\/\/gclg.be\/index.php\/saison-2012-2013\/","title":{"rendered":"Saison 2012-2013"},"content":{"rendered":"<p><div class=\"fusion-fullwidth fullwidth-box fusion-builder-row-1 nonhundred-percent-fullwidth non-hundred-percent-height-scrolling\" style=\"background-color: rgba(255,255,255,0);background-position: center center;background-repeat: no-repeat;padding-top:0px;padding-right:30px;padding-bottom:0px;padding-left:30px;margin-bottom: 0px;margin-top: 0px;border-width: 0px 0px 0px 0px;border-color:#eae9e9;border-style:solid;\" ><div class=\"fusion-builder-row fusion-row\"><div class=\"fusion-layout-column fusion_builder_column fusion-builder-column-0 fusion_builder_column_1_1 1_1 fusion-one-full fusion-column-first fusion-column-last\" style=\"margin-top:15px;margin-bottom:15px;\"><div class=\"fusion-column-wrapper fusion-flex-column-wrapper-legacy\" style=\"background-position:left top;background-repeat:no-repeat;-webkit-background-size:cover;-moz-background-size:cover;-o-background-size:cover;background-size:cover;padding: 0px 0px 0px 0px;\"><style type=\"text\/css\"><\/style><div class=\"fusion-title title fusion-title-1 fusion-sep-none fusion-title-center fusion-title-text fusion-title-size-three\" style=\"margin-top:-15px;margin-bottom:30px;\"><h3 class=\"title-heading-center\" style=\"margin:0;\">LES CONF\u00c9RENCES<\/h3><\/div><div class=\"fusion-text fusion-text-1\"><p style=\"text-align: center; color: #006d5a; font-size: 24px; line-height: 30px;\"><em>Saison 2012-2013<\/em><\/p>\n<\/div><div class=\"fusion-text fusion-text-2\"><p style=\"text-align: center;\"><strong>Fr\u00e9d\u00e9ric MITTERRAND<\/strong> \u00ab\u00a0Culture et d\u00e9mocratie\u00a0\u00bb<br \/>\n<strong>Nancy HUSTON<\/strong> \u00ab\u00a0Belle comme une image<em>\u00a0<\/em>\u00bb<br \/>\n<strong>Philippe MEIRIEU<\/strong> \u00ab\u00a0Que peut l\u2019\u00e9ducation\u00a0?\u00a0\u00bb<br \/>\n<strong>Vinciane DESPRET<\/strong> \u00ab Que diraient les animaux si\u2026 ? \u00bb<br \/>\n<strong>Christophe ANDRE<\/strong> \u00ab\u00a0Imparfaits, libres et heureux. Pratiques de l\u2019estime de soi\u00a0\u00bb<br \/>\n<strong>Vincent de COOREBYTER<\/strong> \u00ab\u00a0Nouvelles pratiques de la d\u00e9mocratie\u00a0\u00bb<br \/>\n<strong>Jean ZIEGLER<\/strong> \u00ab\u00a0G\u00e9opolitique de la faim\u00a0\u00bb<\/p>\n<\/div><div class=\"fusion-section-separator section-separator curved fusion-section-separator-1\"><div class=\"fusion-section-separator-svg\" style=\"padding:0;margin-left: 0px;margin-right: 0px;\"><svg class=\"fusion-curved-candy\" xmlns=\"http:\/\/www.w3.org\/2000\/svg\" version=\"1.1\" width=\"100%\" height=\"100\" viewBox=\"0 0 100 100\" preserveAspectRatio=\"none\" style=\"fill:#006d5a;padding:0;\"><path d=\"M0 100 C 20 0 50 0 100 100 Z\"><\/path><\/svg><\/div><div class=\"fusion-section-separator-spacer\"><div class=\"fusion-section-separator-spacer-height\" style=\"height:99px;\"><\/div><\/div><\/div><div class=\"fusion-sep-clear\"><\/div><div class=\"fusion-separator fusion-full-width-sep\" style=\"margin-left: auto;margin-right: auto;margin-top:5px;margin-bottom:5px;width:100%;\"><\/div><div class=\"fusion-sep-clear\"><\/div><div class=\"fusion-sep-clear\"><\/div><div class=\"fusion-separator fusion-full-width-sep\" style=\"margin-left: auto;margin-right: auto;margin-top:5px;margin-bottom:5px;width:100%;\"><\/div><div class=\"fusion-sep-clear\"><\/div><style type=\"text\/css\"><\/style><div class=\"fusion-title title fusion-title-2 fusion-sep-none fusion-title-center fusion-title-text fusion-title-size-three\" style=\"margin-top:20px;margin-bottom:30px;\"><h3 class=\"title-heading-center\" style=\"margin:0;\">VID\u00c9OS<\/h3><\/div><div class=\"fusion-clearfix\"><\/div><\/div><\/div><\/div><\/div><div class=\"fusion-fullwidth fullwidth-box fusion-builder-row-2 nonhundred-percent-fullwidth non-hundred-percent-height-scrolling\" style=\"background-color: rgba(255,255,255,0);background-position: center center;background-repeat: no-repeat;padding-top:0px;padding-right:30px;padding-bottom:0px;padding-left:30px;margin-bottom: 0px;margin-top: 0px;border-width: 0px 0px 0px 0px;border-color:#eae9e9;border-style:solid;\" ><div class=\"fusion-builder-row fusion-row\"><div class=\"fusion-layout-column fusion_builder_column fusion-builder-column-1 fusion_builder_column_1_2 1_2 fusion-one-half fusion-column-first\" style=\"width:50%;width:calc(50% - ( ( 4% ) * 0.5 ) );margin-right: 4%;margin-top:15px;margin-bottom:15px;\"><div class=\"fusion-column-wrapper fusion-flex-column-wrapper-legacy\" style=\"background-position:left top;background-repeat:no-repeat;-webkit-background-size:cover;-moz-background-size:cover;-o-background-size:cover;background-size:cover;padding: 0px 0px 0px 0px;\"><div class=\"fusion-text fusion-text-3\"><h5 style=\"text-align: center;\"><strong>Nancy HUSTON<br \/>\nB<\/strong>elle comme une image<em>\u00a0<\/em><\/h5>\n<\/div><div class=\"fusion-video fusion-youtube\" style=\"max-width:600px;max-height:360px;\"><div class=\"video-shortcode\"><iframe title=\"YouTube video player\" src=\"https:\/\/www.youtube.com\/embed\/VaCVUYVw2fE?wmode=transparent&autoplay=0\" width=\"600\" height=\"360\" allowfullscreen allow=\"autoplay; fullscreen\"><\/iframe><\/div><\/div><div class=\"fusion-clearfix\"><\/div><\/div><\/div><div class=\"fusion-layout-column fusion_builder_column fusion-builder-column-2 fusion_builder_column_1_2 1_2 fusion-one-half fusion-column-last\" style=\"width:50%;width:calc(50% - ( ( 4% ) * 0.5 ) );margin-top:15px;margin-bottom:15px;\"><div class=\"fusion-column-wrapper fusion-flex-column-wrapper-legacy\" style=\"background-position:left top;background-repeat:no-repeat;-webkit-background-size:cover;-moz-background-size:cover;-o-background-size:cover;background-size:cover;padding: 0px 0px 0px 0px;\"><div class=\"fusion-text fusion-text-4\"><h5 style=\"text-align: center;\"><strong>Philippe MEIRIEU<br \/>\n<\/strong>Que peut l\u2019\u00e9ducation\u00a0?<\/h5>\n<\/div><div class=\"fusion-video fusion-youtube\" style=\"max-width:600px;max-height:360px;\"><div class=\"video-shortcode\"><iframe title=\"YouTube video player\" src=\"https:\/\/www.youtube.com\/embed\/75d7MEa_aGY?wmode=transparent&autoplay=0\" width=\"600\" height=\"360\" allowfullscreen allow=\"autoplay; fullscreen\"><\/iframe><\/div><\/div><div class=\"fusion-clearfix\"><\/div><\/div><\/div><\/div><\/div><div class=\"fusion-fullwidth fullwidth-box fusion-builder-row-3 nonhundred-percent-fullwidth non-hundred-percent-height-scrolling\" style=\"background-color: rgba(255,255,255,0);background-position: center center;background-repeat: no-repeat;padding-top:0px;padding-right:30px;padding-bottom:0px;padding-left:30px;margin-bottom: 0px;margin-top: 0px;border-width: 0px 0px 0px 0px;border-color:#eae9e9;border-style:solid;\" ><div class=\"fusion-builder-row fusion-row\"><div class=\"fusion-layout-column fusion_builder_column fusion-builder-column-3 fusion_builder_column_1_6 1_6 fusion-one-sixth fusion-column-first\" style=\"width:16.666666666667%;width:calc(16.666666666667% - ( ( 4% + 4% ) * 0.16666666666667 ) );margin-right: 4%;margin-top:15px;margin-bottom:15px;\"><div class=\"fusion-column-wrapper fusion-flex-column-wrapper-legacy\" style=\"background-position:left top;background-repeat:no-repeat;-webkit-background-size:cover;-moz-background-size:cover;-o-background-size:cover;background-size:cover;padding: 0px 0px 0px 0px;\"><div class=\"fusion-clearfix\"><\/div><\/div><\/div><div class=\"fusion-layout-column fusion_builder_column fusion-builder-column-4 fusion_builder_column_2_3 2_3 fusion-two-third\" style=\"width:66.666666666667%;width:calc(66.666666666667% - ( ( 4% + 4% ) * 0.66666666666667 ) );margin-right: 4%;margin-top:15px;margin-bottom:15px;\"><div class=\"fusion-column-wrapper fusion-flex-column-wrapper-legacy\" style=\"background-position:left top;background-repeat:no-repeat;-webkit-background-size:cover;-moz-background-size:cover;-o-background-size:cover;background-size:cover;padding: 0px 0px 0px 0px;\"><div class=\"fusion-section-separator section-separator curved fusion-section-separator-2\"><div class=\"fusion-section-separator-svg\" style=\"padding:0;margin-left: 0px;margin-right: 0px;\"><svg class=\"fusion-curved-candy\" xmlns=\"http:\/\/www.w3.org\/2000\/svg\" version=\"1.1\" width=\"100%\" height=\"100\" viewBox=\"0 0 100 100\" preserveAspectRatio=\"none\" style=\"fill:#006d5a;padding:0;\"><path d=\"M0 100 C 20 0 50 0 100 100 Z\"><\/path><\/svg><\/div><div class=\"fusion-section-separator-spacer\"><div class=\"fusion-section-separator-spacer-height\" style=\"height:99px;\"><\/div><\/div><\/div><div class=\"fusion-sep-clear\"><\/div><div class=\"fusion-separator fusion-full-width-sep\" style=\"margin-left: auto;margin-right: auto;margin-top:5px;margin-bottom:5px;width:100%;\"><\/div><div class=\"fusion-sep-clear\"><\/div><div class=\"fusion-sep-clear\"><\/div><div class=\"fusion-separator fusion-full-width-sep\" style=\"margin-left: auto;margin-right: auto;margin-top:5px;margin-bottom:5px;width:100%;\"><\/div><div class=\"fusion-sep-clear\"><\/div><div class=\"fusion-sep-clear\"><\/div><div class=\"fusion-separator fusion-full-width-sep\" style=\"margin-left: auto;margin-right: auto;margin-top:5px;margin-bottom:5px;width:100%;\"><\/div><div class=\"fusion-sep-clear\"><\/div><div class=\"fusion-sep-clear\"><\/div><div class=\"fusion-separator fusion-full-width-sep\" style=\"margin-left: auto;margin-right: auto;margin-top:5px;margin-bottom:5px;width:100%;\"><\/div><div class=\"fusion-sep-clear\"><\/div><style type=\"text\/css\"><\/style><div class=\"fusion-title title fusion-title-3 fusion-sep-none fusion-title-center fusion-title-text fusion-title-size-three\" style=\"margin-top:-15px;margin-bottom:30px;\"><h3 class=\"title-heading-center\" style=\"margin:0;\">PHOTOS<\/h3><\/div><div class=\"fusion-sep-clear\"><\/div><div class=\"fusion-separator fusion-full-width-sep\" style=\"margin-left: auto;margin-right: auto;width:100%;\"><\/div><div class=\"fusion-sep-clear\"><\/div><div class=\"fusion-sep-clear\"><\/div><div class=\"fusion-separator fusion-full-width-sep\" style=\"margin-left: auto;margin-right: auto;width:100%;\"><\/div><div class=\"fusion-sep-clear\"><\/div><style type=\"text\/css\">.fusion-gallery-1 .fusion-gallery-image {border:0px solid #f6f6f6;}<\/style><div class=\"fusion-gallery fusion-gallery-container fusion-grid-4 fusion-columns-total-92 fusion-gallery-layout-grid fusion-gallery-1\" style=\"margin:-1px;\"><div style=\"padding:1px;\" class=\"fusion-grid-column fusion-gallery-column fusion-gallery-column-4 hover-type-none\"><div class=\"fusion-gallery-image\"><a href=\"https:\/\/gclg.be\/wp-content\/uploads\/2020\/01\/Saison-2012-2013Philippe-Meirieu-Que-peut-l\u00e9ducation-12.jpg\" rel=\"noreferrer\" data-rel=\"iLightbox[gallery_image_1]\" class=\"fusion-lightbox\" target=\"_self\"><img src=\"https:\/\/gclg.be\/wp-content\/uploads\/2020\/01\/Saison-2012-2013Philippe-Meirieu-Que-peut-l\u00e9ducation-12.jpg\" width=\"1280\" height=\"852\" alt=\"\" title=\"Saison 2012-2013Philippe Meirieu Que peut l&rsquo;\u00e9ducation 12\" aria-label=\"Saison 2012-2013Philippe Meirieu Que peut l&rsquo;\u00e9ducation 12\" class=\"img-responsive wp-image-21351\" srcset=\"https:\/\/gclg.be\/wp-content\/uploads\/2020\/01\/Saison-2012-2013Philippe-Meirieu-Que-peut-l\u00e9ducation-12-200x133.jpg 200w, https:\/\/gclg.be\/wp-content\/uploads\/2020\/01\/Saison-2012-2013Philippe-Meirieu-Que-peut-l\u00e9ducation-12-400x266.jpg 400w, https:\/\/gclg.be\/wp-content\/uploads\/2020\/01\/Saison-2012-2013Philippe-Meirieu-Que-peut-l\u00e9ducation-12-600x399.jpg 600w, https:\/\/gclg.be\/wp-content\/uploads\/2020\/01\/Saison-2012-2013Philippe-Meirieu-Que-peut-l\u00e9ducation-12-800x533.jpg 800w, https:\/\/gclg.be\/wp-content\/uploads\/2020\/01\/Saison-2012-2013Philippe-Meirieu-Que-peut-l\u00e9ducation-12-1200x799.jpg 1200w, https:\/\/gclg.be\/wp-content\/uploads\/2020\/01\/Saison-2012-2013Philippe-Meirieu-Que-peut-l\u00e9ducation-12.jpg 1280w\" sizes=\"(min-width: 2200px) 100vw, (min-width: 796px) 274px, (min-width: 744px) 366px, (min-width: 692px) 549px, (min-width: 640px) 692px, \" \/><\/a><\/div><\/div><div style=\"padding:1px;\" class=\"fusion-grid-column fusion-gallery-column fusion-gallery-column-4 hover-type-none\"><div class=\"fusion-gallery-image\"><a href=\"https:\/\/gclg.be\/wp-content\/uploads\/2020\/01\/Saison-2012-2013Philippe-Meirieu-Que-peut-l\u00e9ducation-11.jpg\" rel=\"noreferrer\" data-rel=\"iLightbox[gallery_image_1]\" class=\"fusion-lightbox\" target=\"_self\"><img src=\"https:\/\/gclg.be\/wp-content\/uploads\/2020\/01\/Saison-2012-2013Philippe-Meirieu-Que-peut-l\u00e9ducation-11.jpg\" width=\"1280\" height=\"852\" alt=\"\" title=\"Saison 2012-2013Philippe Meirieu Que peut l&rsquo;\u00e9ducation 11\" aria-label=\"Saison 2012-2013Philippe Meirieu Que peut l&rsquo;\u00e9ducation 11\" class=\"img-responsive wp-image-21350\" srcset=\"https:\/\/gclg.be\/wp-content\/uploads\/2020\/01\/Saison-2012-2013Philippe-Meirieu-Que-peut-l\u00e9ducation-11-200x133.jpg 200w, https:\/\/gclg.be\/wp-content\/uploads\/2020\/01\/Saison-2012-2013Philippe-Meirieu-Que-peut-l\u00e9ducation-11-400x266.jpg 400w, https:\/\/gclg.be\/wp-content\/uploads\/2020\/01\/Saison-2012-2013Philippe-Meirieu-Que-peut-l\u00e9ducation-11-600x399.jpg 600w, https:\/\/gclg.be\/wp-content\/uploads\/2020\/01\/Saison-2012-2013Philippe-Meirieu-Que-peut-l\u00e9ducation-11-800x533.jpg 800w, https:\/\/gclg.be\/wp-content\/uploads\/2020\/01\/Saison-2012-2013Philippe-Meirieu-Que-peut-l\u00e9ducation-11-1200x799.jpg 1200w, https:\/\/gclg.be\/wp-content\/uploads\/2020\/01\/Saison-2012-2013Philippe-Meirieu-Que-peut-l\u00e9ducation-11.jpg 1280w\" sizes=\"(min-width: 2200px) 100vw, (min-width: 796px) 274px, (min-width: 744px) 366px, (min-width: 692px) 549px, (min-width: 640px) 692px, \" \/><\/a><\/div><\/div><div style=\"padding:1px;\" class=\"fusion-grid-column fusion-gallery-column fusion-gallery-column-4 hover-type-none\"><div class=\"fusion-gallery-image\"><a href=\"https:\/\/gclg.be\/wp-content\/uploads\/2020\/01\/Saison-2012-2013Philippe-Meirieu-Que-peut-l\u00e9ducation-10.jpg\" rel=\"noreferrer\" data-rel=\"iLightbox[gallery_image_1]\" class=\"fusion-lightbox\" target=\"_self\"><img src=\"https:\/\/gclg.be\/wp-content\/uploads\/2020\/01\/Saison-2012-2013Philippe-Meirieu-Que-peut-l\u00e9ducation-10.jpg\" width=\"1280\" height=\"852\" alt=\"\" title=\"Saison 2012-2013Philippe Meirieu Que peut l&rsquo;\u00e9ducation 10\" aria-label=\"Saison 2012-2013Philippe Meirieu Que peut l&rsquo;\u00e9ducation 10\" class=\"img-responsive wp-image-21349\" srcset=\"https:\/\/gclg.be\/wp-content\/uploads\/2020\/01\/Saison-2012-2013Philippe-Meirieu-Que-peut-l\u00e9ducation-10-200x133.jpg 200w, https:\/\/gclg.be\/wp-content\/uploads\/2020\/01\/Saison-2012-2013Philippe-Meirieu-Que-peut-l\u00e9ducation-10-400x266.jpg 400w, https:\/\/gclg.be\/wp-content\/uploads\/2020\/01\/Saison-2012-2013Philippe-Meirieu-Que-peut-l\u00e9ducation-10-600x399.jpg 600w, https:\/\/gclg.be\/wp-content\/uploads\/2020\/01\/Saison-2012-2013Philippe-Meirieu-Que-peut-l\u00e9ducation-10-800x533.jpg 800w, https:\/\/gclg.be\/wp-content\/uploads\/2020\/01\/Saison-2012-2013Philippe-Meirieu-Que-peut-l\u00e9ducation-10-1200x799.jpg 1200w, https:\/\/gclg.be\/wp-content\/uploads\/2020\/01\/Saison-2012-2013Philippe-Meirieu-Que-peut-l\u00e9ducation-10.jpg 1280w\" sizes=\"(min-width: 2200px) 100vw, (min-width: 796px) 274px, (min-width: 744px) 366px, (min-width: 692px) 549px, (min-width: 640px) 692px, \" \/><\/a><\/div><\/div><div style=\"padding:1px;\" class=\"fusion-grid-column fusion-gallery-column fusion-gallery-column-4 hover-type-none\"><div class=\"fusion-gallery-image\"><a href=\"https:\/\/gclg.be\/wp-content\/uploads\/2020\/01\/Saison-2012-2013Philippe-Meirieu-Que-peut-l\u00e9ducation-9.jpg\" rel=\"noreferrer\" data-rel=\"iLightbox[gallery_image_1]\" class=\"fusion-lightbox\" target=\"_self\"><img src=\"https:\/\/gclg.be\/wp-content\/uploads\/2020\/01\/Saison-2012-2013Philippe-Meirieu-Que-peut-l\u00e9ducation-9.jpg\" width=\"1280\" height=\"852\" alt=\"\" title=\"Saison 2012-2013Philippe Meirieu Que peut l&rsquo;\u00e9ducation 9\" aria-label=\"Saison 2012-2013Philippe Meirieu Que peut l&rsquo;\u00e9ducation 9\" class=\"img-responsive wp-image-21348\" srcset=\"https:\/\/gclg.be\/wp-content\/uploads\/2020\/01\/Saison-2012-2013Philippe-Meirieu-Que-peut-l\u00e9ducation-9-200x133.jpg 200w, https:\/\/gclg.be\/wp-content\/uploads\/2020\/01\/Saison-2012-2013Philippe-Meirieu-Que-peut-l\u00e9ducation-9-400x266.jpg 400w, https:\/\/gclg.be\/wp-content\/uploads\/2020\/01\/Saison-2012-2013Philippe-Meirieu-Que-peut-l\u00e9ducation-9-600x399.jpg 600w, https:\/\/gclg.be\/wp-content\/uploads\/2020\/01\/Saison-2012-2013Philippe-Meirieu-Que-peut-l\u00e9ducation-9-800x533.jpg 800w, https:\/\/gclg.be\/wp-content\/uploads\/2020\/01\/Saison-2012-2013Philippe-Meirieu-Que-peut-l\u00e9ducation-9-1200x799.jpg 1200w, https:\/\/gclg.be\/wp-content\/uploads\/2020\/01\/Saison-2012-2013Philippe-Meirieu-Que-peut-l\u00e9ducation-9.jpg 1280w\" sizes=\"(min-width: 2200px) 100vw, (min-width: 796px) 274px, (min-width: 744px) 366px, (min-width: 692px) 549px, (min-width: 640px) 692px, \" \/><\/a><\/div><\/div><div class=\"clearfix\"><\/div><div style=\"padding:1px;\" class=\"fusion-grid-column fusion-gallery-column fusion-gallery-column-4 hover-type-none\"><div class=\"fusion-gallery-image\"><a href=\"https:\/\/gclg.be\/wp-content\/uploads\/2020\/01\/Saison-2012-2013Philippe-Meirieu-Que-peut-l\u00e9ducation-8.jpg\" rel=\"noreferrer\" data-rel=\"iLightbox[gallery_image_1]\" class=\"fusion-lightbox\" target=\"_self\"><img src=\"https:\/\/gclg.be\/wp-content\/uploads\/2020\/01\/Saison-2012-2013Philippe-Meirieu-Que-peut-l\u00e9ducation-8.jpg\" width=\"1280\" height=\"852\" alt=\"\" title=\"Saison 2012-2013Philippe Meirieu Que peut l&rsquo;\u00e9ducation 8\" aria-label=\"Saison 2012-2013Philippe Meirieu Que peut l&rsquo;\u00e9ducation 8\" class=\"img-responsive wp-image-21347\" srcset=\"https:\/\/gclg.be\/wp-content\/uploads\/2020\/01\/Saison-2012-2013Philippe-Meirieu-Que-peut-l\u00e9ducation-8-200x133.jpg 200w, https:\/\/gclg.be\/wp-content\/uploads\/2020\/01\/Saison-2012-2013Philippe-Meirieu-Que-peut-l\u00e9ducation-8-400x266.jpg 400w, https:\/\/gclg.be\/wp-content\/uploads\/2020\/01\/Saison-2012-2013Philippe-Meirieu-Que-peut-l\u00e9ducation-8-600x399.jpg 600w, https:\/\/gclg.be\/wp-content\/uploads\/2020\/01\/Saison-2012-2013Philippe-Meirieu-Que-peut-l\u00e9ducation-8-800x533.jpg 800w, https:\/\/gclg.be\/wp-content\/uploads\/2020\/01\/Saison-2012-2013Philippe-Meirieu-Que-peut-l\u00e9ducation-8-1200x799.jpg 1200w, https:\/\/gclg.be\/wp-content\/uploads\/2020\/01\/Saison-2012-2013Philippe-Meirieu-Que-peut-l\u00e9ducation-8.jpg 1280w\" sizes=\"(min-width: 2200px) 100vw, (min-width: 796px) 274px, (min-width: 744px) 366px, (min-width: 692px) 549px, (min-width: 640px) 692px, \" \/><\/a><\/div><\/div><div style=\"padding:1px;\" class=\"fusion-grid-column fusion-gallery-column fusion-gallery-column-4 hover-type-none\"><div class=\"fusion-gallery-image\"><a href=\"https:\/\/gclg.be\/wp-content\/uploads\/2020\/01\/Saison-2012-2013Philippe-Meirieu-Que-peut-l\u00e9ducation-7.jpg\" rel=\"noreferrer\" data-rel=\"iLightbox[gallery_image_1]\" class=\"fusion-lightbox\" target=\"_self\"><img src=\"https:\/\/gclg.be\/wp-content\/uploads\/2020\/01\/Saison-2012-2013Philippe-Meirieu-Que-peut-l\u00e9ducation-7.jpg\" width=\"1280\" height=\"852\" alt=\"\" title=\"Saison 2012-2013Philippe Meirieu Que peut l&rsquo;\u00e9ducation 7\" aria-label=\"Saison 2012-2013Philippe Meirieu Que peut l&rsquo;\u00e9ducation 7\" class=\"img-responsive wp-image-21346\" srcset=\"https:\/\/gclg.be\/wp-content\/uploads\/2020\/01\/Saison-2012-2013Philippe-Meirieu-Que-peut-l\u00e9ducation-7-200x133.jpg 200w, https:\/\/gclg.be\/wp-content\/uploads\/2020\/01\/Saison-2012-2013Philippe-Meirieu-Que-peut-l\u00e9ducation-7-400x266.jpg 400w, https:\/\/gclg.be\/wp-content\/uploads\/2020\/01\/Saison-2012-2013Philippe-Meirieu-Que-peut-l\u00e9ducation-7-600x399.jpg 600w, https:\/\/gclg.be\/wp-content\/uploads\/2020\/01\/Saison-2012-2013Philippe-Meirieu-Que-peut-l\u00e9ducation-7-800x533.jpg 800w, https:\/\/gclg.be\/wp-content\/uploads\/2020\/01\/Saison-2012-2013Philippe-Meirieu-Que-peut-l\u00e9ducation-7-1200x799.jpg 1200w, https:\/\/gclg.be\/wp-content\/uploads\/2020\/01\/Saison-2012-2013Philippe-Meirieu-Que-peut-l\u00e9ducation-7.jpg 1280w\" sizes=\"(min-width: 2200px) 100vw, (min-width: 796px) 274px, (min-width: 744px) 366px, (min-width: 692px) 549px, (min-width: 640px) 692px, \" \/><\/a><\/div><\/div><div style=\"padding:1px;\" class=\"fusion-grid-column fusion-gallery-column fusion-gallery-column-4 hover-type-none\"><div class=\"fusion-gallery-image\"><a href=\"https:\/\/gclg.be\/wp-content\/uploads\/2020\/01\/Saison-2012-2013Philippe-Meirieu-Que-peut-l\u00e9ducation-6.jpg\" rel=\"noreferrer\" data-rel=\"iLightbox[gallery_image_1]\" class=\"fusion-lightbox\" target=\"_self\"><img src=\"https:\/\/gclg.be\/wp-content\/uploads\/2020\/01\/Saison-2012-2013Philippe-Meirieu-Que-peut-l\u00e9ducation-6.jpg\" width=\"1280\" height=\"854\" alt=\"\" title=\"Saison 2012-2013Philippe Meirieu Que peut l&rsquo;\u00e9ducation 6\" aria-label=\"Saison 2012-2013Philippe Meirieu Que peut l&rsquo;\u00e9ducation 6\" class=\"img-responsive wp-image-21345\" srcset=\"https:\/\/gclg.be\/wp-content\/uploads\/2020\/01\/Saison-2012-2013Philippe-Meirieu-Que-peut-l\u00e9ducation-6-200x133.jpg 200w, https:\/\/gclg.be\/wp-content\/uploads\/2020\/01\/Saison-2012-2013Philippe-Meirieu-Que-peut-l\u00e9ducation-6-400x267.jpg 400w, https:\/\/gclg.be\/wp-content\/uploads\/2020\/01\/Saison-2012-2013Philippe-Meirieu-Que-peut-l\u00e9ducation-6-600x400.jpg 600w, https:\/\/gclg.be\/wp-content\/uploads\/2020\/01\/Saison-2012-2013Philippe-Meirieu-Que-peut-l\u00e9ducation-6-800x534.jpg 800w, https:\/\/gclg.be\/wp-content\/uploads\/2020\/01\/Saison-2012-2013Philippe-Meirieu-Que-peut-l\u00e9ducation-6-1200x801.jpg 1200w, https:\/\/gclg.be\/wp-content\/uploads\/2020\/01\/Saison-2012-2013Philippe-Meirieu-Que-peut-l\u00e9ducation-6.jpg 1280w\" sizes=\"(min-width: 2200px) 100vw, (min-width: 796px) 274px, (min-width: 744px) 366px, (min-width: 692px) 549px, (min-width: 640px) 692px, \" \/><\/a><\/div><\/div><div style=\"padding:1px;\" class=\"fusion-grid-column fusion-gallery-column fusion-gallery-column-4 hover-type-none\"><div class=\"fusion-gallery-image\"><a href=\"https:\/\/gclg.be\/wp-content\/uploads\/2020\/01\/Saison-2012-2013Philippe-Meirieu-Que-peut-l\u00e9ducation-5.jpg\" rel=\"noreferrer\" data-rel=\"iLightbox[gallery_image_1]\" class=\"fusion-lightbox\" target=\"_self\"><img src=\"https:\/\/gclg.be\/wp-content\/uploads\/2020\/01\/Saison-2012-2013Philippe-Meirieu-Que-peut-l\u00e9ducation-5.jpg\" width=\"1280\" height=\"854\" alt=\"\" title=\"Saison 2012-2013Philippe Meirieu Que peut l&rsquo;\u00e9ducation 5\" aria-label=\"Saison 2012-2013Philippe Meirieu Que peut l&rsquo;\u00e9ducation 5\" class=\"img-responsive wp-image-21344\" srcset=\"https:\/\/gclg.be\/wp-content\/uploads\/2020\/01\/Saison-2012-2013Philippe-Meirieu-Que-peut-l\u00e9ducation-5-200x133.jpg 200w, https:\/\/gclg.be\/wp-content\/uploads\/2020\/01\/Saison-2012-2013Philippe-Meirieu-Que-peut-l\u00e9ducation-5-400x267.jpg 400w, https:\/\/gclg.be\/wp-content\/uploads\/2020\/01\/Saison-2012-2013Philippe-Meirieu-Que-peut-l\u00e9ducation-5-600x400.jpg 600w, https:\/\/gclg.be\/wp-content\/uploads\/2020\/01\/Saison-2012-2013Philippe-Meirieu-Que-peut-l\u00e9ducation-5-800x534.jpg 800w, https:\/\/gclg.be\/wp-content\/uploads\/2020\/01\/Saison-2012-2013Philippe-Meirieu-Que-peut-l\u00e9ducation-5-1200x801.jpg 1200w, https:\/\/gclg.be\/wp-content\/uploads\/2020\/01\/Saison-2012-2013Philippe-Meirieu-Que-peut-l\u00e9ducation-5.jpg 1280w\" sizes=\"(min-width: 2200px) 100vw, (min-width: 796px) 274px, (min-width: 744px) 366px, (min-width: 692px) 549px, (min-width: 640px) 692px, \" \/><\/a><\/div><\/div><div class=\"clearfix\"><\/div><div style=\"padding:1px;\" class=\"fusion-grid-column fusion-gallery-column fusion-gallery-column-4 hover-type-none\"><div class=\"fusion-gallery-image\"><a href=\"https:\/\/gclg.be\/wp-content\/uploads\/2020\/01\/Saison-2012-2013Philippe-Meirieu-Que-peut-l\u00e9ducation-4.jpg\" rel=\"noreferrer\" data-rel=\"iLightbox[gallery_image_1]\" class=\"fusion-lightbox\" target=\"_self\"><img src=\"https:\/\/gclg.be\/wp-content\/uploads\/2020\/01\/Saison-2012-2013Philippe-Meirieu-Que-peut-l\u00e9ducation-4.jpg\" width=\"1280\" height=\"854\" alt=\"\" title=\"Saison 2012-2013Philippe Meirieu Que peut l&rsquo;\u00e9ducation 4\" aria-label=\"Saison 2012-2013Philippe Meirieu Que peut l&rsquo;\u00e9ducation 4\" class=\"img-responsive wp-image-21343\" srcset=\"https:\/\/gclg.be\/wp-content\/uploads\/2020\/01\/Saison-2012-2013Philippe-Meirieu-Que-peut-l\u00e9ducation-4-200x133.jpg 200w, https:\/\/gclg.be\/wp-content\/uploads\/2020\/01\/Saison-2012-2013Philippe-Meirieu-Que-peut-l\u00e9ducation-4-400x267.jpg 400w, https:\/\/gclg.be\/wp-content\/uploads\/2020\/01\/Saison-2012-2013Philippe-Meirieu-Que-peut-l\u00e9ducation-4-600x400.jpg 600w, https:\/\/gclg.be\/wp-content\/uploads\/2020\/01\/Saison-2012-2013Philippe-Meirieu-Que-peut-l\u00e9ducation-4-800x534.jpg 800w, https:\/\/gclg.be\/wp-content\/uploads\/2020\/01\/Saison-2012-2013Philippe-Meirieu-Que-peut-l\u00e9ducation-4-1200x801.jpg 1200w, https:\/\/gclg.be\/wp-content\/uploads\/2020\/01\/Saison-2012-2013Philippe-Meirieu-Que-peut-l\u00e9ducation-4.jpg 1280w\" sizes=\"(min-width: 2200px) 100vw, (min-width: 796px) 274px, (min-width: 744px) 366px, (min-width: 692px) 549px, (min-width: 640px) 692px, \" \/><\/a><\/div><\/div><div style=\"padding:1px;\" class=\"fusion-grid-column fusion-gallery-column fusion-gallery-column-4 hover-type-none\"><div class=\"fusion-gallery-image\"><a href=\"https:\/\/gclg.be\/wp-content\/uploads\/2020\/01\/Saison-2012-2013Philippe-Meirieu-Que-peut-l\u00e9ducation-3-rotated.jpg\" rel=\"noreferrer\" data-rel=\"iLightbox[gallery_image_1]\" class=\"fusion-lightbox\" target=\"_self\"><img src=\"https:\/\/gclg.be\/wp-content\/uploads\/2020\/01\/Saison-2012-2013Philippe-Meirieu-Que-peut-l\u00e9ducation-3-rotated.jpg\" width=\"854\" height=\"1280\" alt=\"\" title=\"Saison 2012-2013Philippe Meirieu Que peut l&rsquo;\u00e9ducation 3\" aria-label=\"Saison 2012-2013Philippe Meirieu Que peut l&rsquo;\u00e9ducation 3\" class=\"img-responsive wp-image-21342\" srcset=\"https:\/\/gclg.be\/wp-content\/uploads\/2020\/01\/Saison-2012-2013Philippe-Meirieu-Que-peut-l\u00e9ducation-3-200x300.jpg 200w, https:\/\/gclg.be\/wp-content\/uploads\/2020\/01\/Saison-2012-2013Philippe-Meirieu-Que-peut-l\u00e9ducation-3-400x600.jpg 400w, https:\/\/gclg.be\/wp-content\/uploads\/2020\/01\/Saison-2012-2013Philippe-Meirieu-Que-peut-l\u00e9ducation-3-600x899.jpg 600w, https:\/\/gclg.be\/wp-content\/uploads\/2020\/01\/Saison-2012-2013Philippe-Meirieu-Que-peut-l\u00e9ducation-3-800x1199.jpg 800w, https:\/\/gclg.be\/wp-content\/uploads\/2020\/01\/Saison-2012-2013Philippe-Meirieu-Que-peut-l\u00e9ducation-3-rotated.jpg 854w\" sizes=\"(min-width: 2200px) 100vw, (min-width: 796px) 274px, (min-width: 744px) 366px, (min-width: 692px) 549px, (min-width: 640px) 692px, \" \/><\/a><\/div><\/div><div style=\"padding:1px;\" class=\"fusion-grid-column fusion-gallery-column fusion-gallery-column-4 hover-type-none\"><div class=\"fusion-gallery-image\"><a href=\"https:\/\/gclg.be\/wp-content\/uploads\/2020\/01\/Saison-2012-2013Philippe-Meirieu-Que-peut-l\u00e9ducation-2.jpg\" rel=\"noreferrer\" data-rel=\"iLightbox[gallery_image_1]\" class=\"fusion-lightbox\" target=\"_self\"><img src=\"https:\/\/gclg.be\/wp-content\/uploads\/2020\/01\/Saison-2012-2013Philippe-Meirieu-Que-peut-l\u00e9ducation-2.jpg\" width=\"1280\" height=\"854\" alt=\"\" title=\"Saison 2012-2013Philippe Meirieu Que peut l&rsquo;\u00e9ducation 2\" aria-label=\"Saison 2012-2013Philippe Meirieu Que peut l&rsquo;\u00e9ducation 2\" class=\"img-responsive wp-image-21341\" srcset=\"https:\/\/gclg.be\/wp-content\/uploads\/2020\/01\/Saison-2012-2013Philippe-Meirieu-Que-peut-l\u00e9ducation-2-200x133.jpg 200w, https:\/\/gclg.be\/wp-content\/uploads\/2020\/01\/Saison-2012-2013Philippe-Meirieu-Que-peut-l\u00e9ducation-2-400x267.jpg 400w, https:\/\/gclg.be\/wp-content\/uploads\/2020\/01\/Saison-2012-2013Philippe-Meirieu-Que-peut-l\u00e9ducation-2-600x400.jpg 600w, https:\/\/gclg.be\/wp-content\/uploads\/2020\/01\/Saison-2012-2013Philippe-Meirieu-Que-peut-l\u00e9ducation-2-800x534.jpg 800w, https:\/\/gclg.be\/wp-content\/uploads\/2020\/01\/Saison-2012-2013Philippe-Meirieu-Que-peut-l\u00e9ducation-2-1200x801.jpg 1200w, https:\/\/gclg.be\/wp-content\/uploads\/2020\/01\/Saison-2012-2013Philippe-Meirieu-Que-peut-l\u00e9ducation-2.jpg 1280w\" sizes=\"(min-width: 2200px) 100vw, (min-width: 796px) 274px, (min-width: 744px) 366px, (min-width: 692px) 549px, (min-width: 640px) 692px, \" \/><\/a><\/div><\/div><div style=\"padding:1px;\" class=\"fusion-grid-column fusion-gallery-column fusion-gallery-column-4 hover-type-none\"><div class=\"fusion-gallery-image\"><a href=\"https:\/\/gclg.be\/wp-content\/uploads\/2020\/01\/Saison-2012-2013Philippe-Meirieu-Que-peut-l\u00e9ducation-1.jpg\" rel=\"noreferrer\" data-rel=\"iLightbox[gallery_image_1]\" class=\"fusion-lightbox\" target=\"_self\"><img src=\"https:\/\/gclg.be\/wp-content\/uploads\/2020\/01\/Saison-2012-2013Philippe-Meirieu-Que-peut-l\u00e9ducation-1.jpg\" width=\"1280\" height=\"854\" alt=\"\" title=\"Saison 2012-2013Philippe Meirieu Que peut l&rsquo;\u00e9ducation 1\" aria-label=\"Saison 2012-2013Philippe Meirieu Que peut l&rsquo;\u00e9ducation 1\" class=\"img-responsive wp-image-21340\" srcset=\"https:\/\/gclg.be\/wp-content\/uploads\/2020\/01\/Saison-2012-2013Philippe-Meirieu-Que-peut-l\u00e9ducation-1-200x133.jpg 200w, https:\/\/gclg.be\/wp-content\/uploads\/2020\/01\/Saison-2012-2013Philippe-Meirieu-Que-peut-l\u00e9ducation-1-400x267.jpg 400w, https:\/\/gclg.be\/wp-content\/uploads\/2020\/01\/Saison-2012-2013Philippe-Meirieu-Que-peut-l\u00e9ducation-1-600x400.jpg 600w, https:\/\/gclg.be\/wp-content\/uploads\/2020\/01\/Saison-2012-2013Philippe-Meirieu-Que-peut-l\u00e9ducation-1-800x534.jpg 800w, https:\/\/gclg.be\/wp-content\/uploads\/2020\/01\/Saison-2012-2013Philippe-Meirieu-Que-peut-l\u00e9ducation-1-1200x801.jpg 1200w, https:\/\/gclg.be\/wp-content\/uploads\/2020\/01\/Saison-2012-2013Philippe-Meirieu-Que-peut-l\u00e9ducation-1.jpg 1280w\" sizes=\"(min-width: 2200px) 100vw, (min-width: 796px) 274px, (min-width: 744px) 366px, (min-width: 692px) 549px, (min-width: 640px) 692px, \" \/><\/a><\/div><\/div><div class=\"clearfix\"><\/div><div style=\"padding:1px;\" class=\"fusion-grid-column fusion-gallery-column fusion-gallery-column-4 hover-type-none\"><div class=\"fusion-gallery-image\"><a href=\"https:\/\/gclg.be\/wp-content\/uploads\/2020\/01\/Saison-2012-2013-Vinciane-Despret-Que-diraient-les-animaux-si-...-12.jpg\" rel=\"noreferrer\" data-rel=\"iLightbox[gallery_image_1]\" class=\"fusion-lightbox\" target=\"_self\"><img src=\"https:\/\/gclg.be\/wp-content\/uploads\/2020\/01\/Saison-2012-2013-Vinciane-Despret-Que-diraient-les-animaux-si-...-12.jpg\" width=\"1280\" height=\"852\" alt=\"\" title=\"Saison 2012-2013 Vinciane Despret Que diraient les animaux si &#8230; 12\" aria-label=\"Saison 2012-2013 Vinciane Despret Que diraient les animaux si &#8230; 12\" class=\"img-responsive wp-image-21339\" srcset=\"https:\/\/gclg.be\/wp-content\/uploads\/2020\/01\/Saison-2012-2013-Vinciane-Despret-Que-diraient-les-animaux-si-...-12-200x133.jpg 200w, https:\/\/gclg.be\/wp-content\/uploads\/2020\/01\/Saison-2012-2013-Vinciane-Despret-Que-diraient-les-animaux-si-...-12-400x266.jpg 400w, https:\/\/gclg.be\/wp-content\/uploads\/2020\/01\/Saison-2012-2013-Vinciane-Despret-Que-diraient-les-animaux-si-...-12-600x399.jpg 600w, https:\/\/gclg.be\/wp-content\/uploads\/2020\/01\/Saison-2012-2013-Vinciane-Despret-Que-diraient-les-animaux-si-...-12-800x533.jpg 800w, https:\/\/gclg.be\/wp-content\/uploads\/2020\/01\/Saison-2012-2013-Vinciane-Despret-Que-diraient-les-animaux-si-...-12-1200x799.jpg 1200w, https:\/\/gclg.be\/wp-content\/uploads\/2020\/01\/Saison-2012-2013-Vinciane-Despret-Que-diraient-les-animaux-si-...-12.jpg 1280w\" sizes=\"(min-width: 2200px) 100vw, (min-width: 796px) 274px, (min-width: 744px) 366px, (min-width: 692px) 549px, (min-width: 640px) 692px, \" \/><\/a><\/div><\/div><div style=\"padding:1px;\" class=\"fusion-grid-column fusion-gallery-column fusion-gallery-column-4 hover-type-none\"><div class=\"fusion-gallery-image\"><a href=\"https:\/\/gclg.be\/wp-content\/uploads\/2020\/01\/Saison-2012-2013-Vinciane-Despret-Que-diraient-les-animaux-si-...-11.jpg\" rel=\"noreferrer\" data-rel=\"iLightbox[gallery_image_1]\" class=\"fusion-lightbox\" target=\"_self\"><img src=\"https:\/\/gclg.be\/wp-content\/uploads\/2020\/01\/Saison-2012-2013-Vinciane-Despret-Que-diraient-les-animaux-si-...-11.jpg\" width=\"1280\" height=\"852\" alt=\"\" title=\"Saison 2012-2013 Vinciane Despret Que diraient les animaux si &#8230; 11\" aria-label=\"Saison 2012-2013 Vinciane Despret Que diraient les animaux si &#8230; 11\" class=\"img-responsive wp-image-21338\" srcset=\"https:\/\/gclg.be\/wp-content\/uploads\/2020\/01\/Saison-2012-2013-Vinciane-Despret-Que-diraient-les-animaux-si-...-11-200x133.jpg 200w, https:\/\/gclg.be\/wp-content\/uploads\/2020\/01\/Saison-2012-2013-Vinciane-Despret-Que-diraient-les-animaux-si-...-11-400x266.jpg 400w, https:\/\/gclg.be\/wp-content\/uploads\/2020\/01\/Saison-2012-2013-Vinciane-Despret-Que-diraient-les-animaux-si-...-11-600x399.jpg 600w, https:\/\/gclg.be\/wp-content\/uploads\/2020\/01\/Saison-2012-2013-Vinciane-Despret-Que-diraient-les-animaux-si-...-11-800x533.jpg 800w, https:\/\/gclg.be\/wp-content\/uploads\/2020\/01\/Saison-2012-2013-Vinciane-Despret-Que-diraient-les-animaux-si-...-11-1200x799.jpg 1200w, https:\/\/gclg.be\/wp-content\/uploads\/2020\/01\/Saison-2012-2013-Vinciane-Despret-Que-diraient-les-animaux-si-...-11.jpg 1280w\" sizes=\"(min-width: 2200px) 100vw, (min-width: 796px) 274px, (min-width: 744px) 366px, (min-width: 692px) 549px, (min-width: 640px) 692px, \" \/><\/a><\/div><\/div><div style=\"padding:1px;\" class=\"fusion-grid-column fusion-gallery-column fusion-gallery-column-4 hover-type-none\"><div class=\"fusion-gallery-image\"><a href=\"https:\/\/gclg.be\/wp-content\/uploads\/2020\/01\/Saison-2012-2013-Vinciane-Despret-Que-diraient-les-animaux-si-...-10.jpg\" rel=\"noreferrer\" data-rel=\"iLightbox[gallery_image_1]\" class=\"fusion-lightbox\" target=\"_self\"><img src=\"https:\/\/gclg.be\/wp-content\/uploads\/2020\/01\/Saison-2012-2013-Vinciane-Despret-Que-diraient-les-animaux-si-...-10.jpg\" width=\"1280\" height=\"852\" alt=\"\" title=\"Saison 2012-2013 Vinciane Despret Que diraient les animaux si &#8230; 10\" aria-label=\"Saison 2012-2013 Vinciane Despret Que diraient les animaux si &#8230; 10\" class=\"img-responsive wp-image-21337\" srcset=\"https:\/\/gclg.be\/wp-content\/uploads\/2020\/01\/Saison-2012-2013-Vinciane-Despret-Que-diraient-les-animaux-si-...-10-200x133.jpg 200w, https:\/\/gclg.be\/wp-content\/uploads\/2020\/01\/Saison-2012-2013-Vinciane-Despret-Que-diraient-les-animaux-si-...-10-400x266.jpg 400w, https:\/\/gclg.be\/wp-content\/uploads\/2020\/01\/Saison-2012-2013-Vinciane-Despret-Que-diraient-les-animaux-si-...-10-600x399.jpg 600w, https:\/\/gclg.be\/wp-content\/uploads\/2020\/01\/Saison-2012-2013-Vinciane-Despret-Que-diraient-les-animaux-si-...-10-800x533.jpg 800w, https:\/\/gclg.be\/wp-content\/uploads\/2020\/01\/Saison-2012-2013-Vinciane-Despret-Que-diraient-les-animaux-si-...-10-1200x799.jpg 1200w, https:\/\/gclg.be\/wp-content\/uploads\/2020\/01\/Saison-2012-2013-Vinciane-Despret-Que-diraient-les-animaux-si-...-10.jpg 1280w\" sizes=\"(min-width: 2200px) 100vw, (min-width: 796px) 274px, (min-width: 744px) 366px, (min-width: 692px) 549px, (min-width: 640px) 692px, \" \/><\/a><\/div><\/div><div style=\"padding:1px;\" class=\"fusion-grid-column fusion-gallery-column fusion-gallery-column-4 hover-type-none\"><div class=\"fusion-gallery-image\"><a href=\"https:\/\/gclg.be\/wp-content\/uploads\/2020\/01\/Saison-2012-2013-Vinciane-Despret-Que-diraient-les-animaux-si-...-9.jpg\" rel=\"noreferrer\" data-rel=\"iLightbox[gallery_image_1]\" class=\"fusion-lightbox\" target=\"_self\"><img src=\"https:\/\/gclg.be\/wp-content\/uploads\/2020\/01\/Saison-2012-2013-Vinciane-Despret-Que-diraient-les-animaux-si-...-9.jpg\" width=\"1280\" height=\"852\" alt=\"\" title=\"Saison 2012-2013 Vinciane Despret Que diraient les animaux si &#8230; 9\" aria-label=\"Saison 2012-2013 Vinciane Despret Que diraient les animaux si &#8230; 9\" class=\"img-responsive wp-image-21336\" srcset=\"https:\/\/gclg.be\/wp-content\/uploads\/2020\/01\/Saison-2012-2013-Vinciane-Despret-Que-diraient-les-animaux-si-...-9-200x133.jpg 200w, https:\/\/gclg.be\/wp-content\/uploads\/2020\/01\/Saison-2012-2013-Vinciane-Despret-Que-diraient-les-animaux-si-...-9-400x266.jpg 400w, https:\/\/gclg.be\/wp-content\/uploads\/2020\/01\/Saison-2012-2013-Vinciane-Despret-Que-diraient-les-animaux-si-...-9-600x399.jpg 600w, https:\/\/gclg.be\/wp-content\/uploads\/2020\/01\/Saison-2012-2013-Vinciane-Despret-Que-diraient-les-animaux-si-...-9-800x533.jpg 800w, https:\/\/gclg.be\/wp-content\/uploads\/2020\/01\/Saison-2012-2013-Vinciane-Despret-Que-diraient-les-animaux-si-...-9-1200x799.jpg 1200w, https:\/\/gclg.be\/wp-content\/uploads\/2020\/01\/Saison-2012-2013-Vinciane-Despret-Que-diraient-les-animaux-si-...-9.jpg 1280w\" sizes=\"(min-width: 2200px) 100vw, (min-width: 796px) 274px, (min-width: 744px) 366px, (min-width: 692px) 549px, (min-width: 640px) 692px, \" \/><\/a><\/div><\/div><div class=\"clearfix\"><\/div><div style=\"padding:1px;\" class=\"fusion-grid-column fusion-gallery-column fusion-gallery-column-4 hover-type-none\"><div class=\"fusion-gallery-image\"><a href=\"https:\/\/gclg.be\/wp-content\/uploads\/2020\/01\/Saison-2012-2013-Vinciane-Despret-Que-diraient-les-animaux-si-...-8.jpg\" rel=\"noreferrer\" data-rel=\"iLightbox[gallery_image_1]\" class=\"fusion-lightbox\" target=\"_self\"><img src=\"https:\/\/gclg.be\/wp-content\/uploads\/2020\/01\/Saison-2012-2013-Vinciane-Despret-Que-diraient-les-animaux-si-...-8.jpg\" width=\"1280\" height=\"852\" alt=\"\" title=\"Saison 2012-2013 Vinciane Despret Que diraient les animaux si &#8230; 8\" aria-label=\"Saison 2012-2013 Vinciane Despret Que diraient les animaux si &#8230; 8\" class=\"img-responsive wp-image-21335\" srcset=\"https:\/\/gclg.be\/wp-content\/uploads\/2020\/01\/Saison-2012-2013-Vinciane-Despret-Que-diraient-les-animaux-si-...-8-200x133.jpg 200w, https:\/\/gclg.be\/wp-content\/uploads\/2020\/01\/Saison-2012-2013-Vinciane-Despret-Que-diraient-les-animaux-si-...-8-400x266.jpg 400w, https:\/\/gclg.be\/wp-content\/uploads\/2020\/01\/Saison-2012-2013-Vinciane-Despret-Que-diraient-les-animaux-si-...-8-600x399.jpg 600w, https:\/\/gclg.be\/wp-content\/uploads\/2020\/01\/Saison-2012-2013-Vinciane-Despret-Que-diraient-les-animaux-si-...-8-800x533.jpg 800w, https:\/\/gclg.be\/wp-content\/uploads\/2020\/01\/Saison-2012-2013-Vinciane-Despret-Que-diraient-les-animaux-si-...-8-1200x799.jpg 1200w, https:\/\/gclg.be\/wp-content\/uploads\/2020\/01\/Saison-2012-2013-Vinciane-Despret-Que-diraient-les-animaux-si-...-8.jpg 1280w\" sizes=\"(min-width: 2200px) 100vw, (min-width: 796px) 274px, (min-width: 744px) 366px, (min-width: 692px) 549px, (min-width: 640px) 692px, \" \/><\/a><\/div><\/div><div style=\"padding:1px;\" class=\"fusion-grid-column fusion-gallery-column fusion-gallery-column-4 hover-type-none\"><div class=\"fusion-gallery-image\"><a href=\"https:\/\/gclg.be\/wp-content\/uploads\/2020\/01\/Saison-2012-2013-Vinciane-Despret-Que-diraient-les-animaux-si-...-7.jpg\" rel=\"noreferrer\" data-rel=\"iLightbox[gallery_image_1]\" class=\"fusion-lightbox\" target=\"_self\"><img src=\"https:\/\/gclg.be\/wp-content\/uploads\/2020\/01\/Saison-2012-2013-Vinciane-Despret-Que-diraient-les-animaux-si-...-7.jpg\" width=\"1280\" height=\"852\" alt=\"\" title=\"Saison 2012-2013 Vinciane Despret Que diraient les animaux si &#8230; 7\" aria-label=\"Saison 2012-2013 Vinciane Despret Que diraient les animaux si &#8230; 7\" class=\"img-responsive wp-image-21334\" srcset=\"https:\/\/gclg.be\/wp-content\/uploads\/2020\/01\/Saison-2012-2013-Vinciane-Despret-Que-diraient-les-animaux-si-...-7-200x133.jpg 200w, https:\/\/gclg.be\/wp-content\/uploads\/2020\/01\/Saison-2012-2013-Vinciane-Despret-Que-diraient-les-animaux-si-...-7-400x266.jpg 400w, https:\/\/gclg.be\/wp-content\/uploads\/2020\/01\/Saison-2012-2013-Vinciane-Despret-Que-diraient-les-animaux-si-...-7-600x399.jpg 600w, https:\/\/gclg.be\/wp-content\/uploads\/2020\/01\/Saison-2012-2013-Vinciane-Despret-Que-diraient-les-animaux-si-...-7-800x533.jpg 800w, https:\/\/gclg.be\/wp-content\/uploads\/2020\/01\/Saison-2012-2013-Vinciane-Despret-Que-diraient-les-animaux-si-...-7-1200x799.jpg 1200w, https:\/\/gclg.be\/wp-content\/uploads\/2020\/01\/Saison-2012-2013-Vinciane-Despret-Que-diraient-les-animaux-si-...-7.jpg 1280w\" sizes=\"(min-width: 2200px) 100vw, (min-width: 796px) 274px, (min-width: 744px) 366px, (min-width: 692px) 549px, (min-width: 640px) 692px, \" \/><\/a><\/div><\/div><div style=\"padding:1px;\" class=\"fusion-grid-column fusion-gallery-column fusion-gallery-column-4 hover-type-none\"><div class=\"fusion-gallery-image\"><a href=\"https:\/\/gclg.be\/wp-content\/uploads\/2020\/01\/Saison-2012-2013-Vinciane-Despret-Que-diraient-les-animaux-si-...-6.jpg\" rel=\"noreferrer\" data-rel=\"iLightbox[gallery_image_1]\" class=\"fusion-lightbox\" target=\"_self\"><img src=\"https:\/\/gclg.be\/wp-content\/uploads\/2020\/01\/Saison-2012-2013-Vinciane-Despret-Que-diraient-les-animaux-si-...-6.jpg\" width=\"1280\" height=\"852\" alt=\"\" title=\"Saison 2012-2013 Vinciane Despret Que diraient les animaux si &#8230; 6\" aria-label=\"Saison 2012-2013 Vinciane Despret Que diraient les animaux si &#8230; 6\" class=\"img-responsive wp-image-21333\" srcset=\"https:\/\/gclg.be\/wp-content\/uploads\/2020\/01\/Saison-2012-2013-Vinciane-Despret-Que-diraient-les-animaux-si-...-6-200x133.jpg 200w, https:\/\/gclg.be\/wp-content\/uploads\/2020\/01\/Saison-2012-2013-Vinciane-Despret-Que-diraient-les-animaux-si-...-6-400x266.jpg 400w, https:\/\/gclg.be\/wp-content\/uploads\/2020\/01\/Saison-2012-2013-Vinciane-Despret-Que-diraient-les-animaux-si-...-6-600x399.jpg 600w, https:\/\/gclg.be\/wp-content\/uploads\/2020\/01\/Saison-2012-2013-Vinciane-Despret-Que-diraient-les-animaux-si-...-6-800x533.jpg 800w, https:\/\/gclg.be\/wp-content\/uploads\/2020\/01\/Saison-2012-2013-Vinciane-Despret-Que-diraient-les-animaux-si-...-6-1200x799.jpg 1200w, https:\/\/gclg.be\/wp-content\/uploads\/2020\/01\/Saison-2012-2013-Vinciane-Despret-Que-diraient-les-animaux-si-...-6.jpg 1280w\" sizes=\"(min-width: 2200px) 100vw, (min-width: 796px) 274px, (min-width: 744px) 366px, (min-width: 692px) 549px, (min-width: 640px) 692px, \" \/><\/a><\/div><\/div><div style=\"padding:1px;\" class=\"fusion-grid-column fusion-gallery-column fusion-gallery-column-4 hover-type-none\"><div class=\"fusion-gallery-image\"><a href=\"https:\/\/gclg.be\/wp-content\/uploads\/2020\/01\/Saison-2012-2013-Vinciane-Despret-Que-diraient-les-animaux-si-...-5.jpg\" rel=\"noreferrer\" data-rel=\"iLightbox[gallery_image_1]\" class=\"fusion-lightbox\" target=\"_self\"><img src=\"https:\/\/gclg.be\/wp-content\/uploads\/2020\/01\/Saison-2012-2013-Vinciane-Despret-Que-diraient-les-animaux-si-...-5.jpg\" width=\"1280\" height=\"854\" alt=\"\" title=\"Saison 2012-2013 Vinciane Despret Que diraient les animaux si &#8230; 5\" aria-label=\"Saison 2012-2013 Vinciane Despret Que diraient les animaux si &#8230; 5\" class=\"img-responsive wp-image-21332\" srcset=\"https:\/\/gclg.be\/wp-content\/uploads\/2020\/01\/Saison-2012-2013-Vinciane-Despret-Que-diraient-les-animaux-si-...-5-200x133.jpg 200w, https:\/\/gclg.be\/wp-content\/uploads\/2020\/01\/Saison-2012-2013-Vinciane-Despret-Que-diraient-les-animaux-si-...-5-400x267.jpg 400w, https:\/\/gclg.be\/wp-content\/uploads\/2020\/01\/Saison-2012-2013-Vinciane-Despret-Que-diraient-les-animaux-si-...-5-600x400.jpg 600w, https:\/\/gclg.be\/wp-content\/uploads\/2020\/01\/Saison-2012-2013-Vinciane-Despret-Que-diraient-les-animaux-si-...-5-800x534.jpg 800w, https:\/\/gclg.be\/wp-content\/uploads\/2020\/01\/Saison-2012-2013-Vinciane-Despret-Que-diraient-les-animaux-si-...-5-1200x801.jpg 1200w, https:\/\/gclg.be\/wp-content\/uploads\/2020\/01\/Saison-2012-2013-Vinciane-Despret-Que-diraient-les-animaux-si-...-5.jpg 1280w\" sizes=\"(min-width: 2200px) 100vw, (min-width: 796px) 274px, (min-width: 744px) 366px, (min-width: 692px) 549px, (min-width: 640px) 692px, \" \/><\/a><\/div><\/div><div class=\"clearfix\"><\/div><div style=\"padding:1px;\" class=\"fusion-grid-column fusion-gallery-column fusion-gallery-column-4 hover-type-none\"><div class=\"fusion-gallery-image\"><a href=\"https:\/\/gclg.be\/wp-content\/uploads\/2020\/01\/Saison-2012-2013-Vinciane-Despret-Que-diraient-les-animaux-si-...-4.jpg\" rel=\"noreferrer\" data-rel=\"iLightbox[gallery_image_1]\" class=\"fusion-lightbox\" target=\"_self\"><img src=\"https:\/\/gclg.be\/wp-content\/uploads\/2020\/01\/Saison-2012-2013-Vinciane-Despret-Que-diraient-les-animaux-si-...-4.jpg\" width=\"1280\" height=\"852\" alt=\"\" title=\"Saison 2012-2013 Vinciane Despret Que diraient les animaux si &#8230; 4\" aria-label=\"Saison 2012-2013 Vinciane Despret Que diraient les animaux si &#8230; 4\" class=\"img-responsive wp-image-21331\" srcset=\"https:\/\/gclg.be\/wp-content\/uploads\/2020\/01\/Saison-2012-2013-Vinciane-Despret-Que-diraient-les-animaux-si-...-4-200x133.jpg 200w, https:\/\/gclg.be\/wp-content\/uploads\/2020\/01\/Saison-2012-2013-Vinciane-Despret-Que-diraient-les-animaux-si-...-4-400x266.jpg 400w, https:\/\/gclg.be\/wp-content\/uploads\/2020\/01\/Saison-2012-2013-Vinciane-Despret-Que-diraient-les-animaux-si-...-4-600x399.jpg 600w, https:\/\/gclg.be\/wp-content\/uploads\/2020\/01\/Saison-2012-2013-Vinciane-Despret-Que-diraient-les-animaux-si-...-4-800x533.jpg 800w, https:\/\/gclg.be\/wp-content\/uploads\/2020\/01\/Saison-2012-2013-Vinciane-Despret-Que-diraient-les-animaux-si-...-4-1200x799.jpg 1200w, https:\/\/gclg.be\/wp-content\/uploads\/2020\/01\/Saison-2012-2013-Vinciane-Despret-Que-diraient-les-animaux-si-...-4.jpg 1280w\" sizes=\"(min-width: 2200px) 100vw, (min-width: 796px) 274px, (min-width: 744px) 366px, (min-width: 692px) 549px, (min-width: 640px) 692px, \" \/><\/a><\/div><\/div><div style=\"padding:1px;\" class=\"fusion-grid-column fusion-gallery-column fusion-gallery-column-4 hover-type-none\"><div class=\"fusion-gallery-image\"><a href=\"https:\/\/gclg.be\/wp-content\/uploads\/2020\/01\/Saison-2012-2013-Vinciane-Despret-Que-diraient-les-animaux-si-...-3.jpg\" rel=\"noreferrer\" data-rel=\"iLightbox[gallery_image_1]\" class=\"fusion-lightbox\" target=\"_self\"><img src=\"https:\/\/gclg.be\/wp-content\/uploads\/2020\/01\/Saison-2012-2013-Vinciane-Despret-Que-diraient-les-animaux-si-...-3.jpg\" width=\"1280\" height=\"854\" alt=\"\" title=\"Saison 2012-2013 Vinciane Despret Que diraient les animaux si &#8230; 3\" aria-label=\"Saison 2012-2013 Vinciane Despret Que diraient les animaux si &#8230; 3\" class=\"img-responsive wp-image-21330\" srcset=\"https:\/\/gclg.be\/wp-content\/uploads\/2020\/01\/Saison-2012-2013-Vinciane-Despret-Que-diraient-les-animaux-si-...-3-200x133.jpg 200w, https:\/\/gclg.be\/wp-content\/uploads\/2020\/01\/Saison-2012-2013-Vinciane-Despret-Que-diraient-les-animaux-si-...-3-400x267.jpg 400w, https:\/\/gclg.be\/wp-content\/uploads\/2020\/01\/Saison-2012-2013-Vinciane-Despret-Que-diraient-les-animaux-si-...-3-600x400.jpg 600w, https:\/\/gclg.be\/wp-content\/uploads\/2020\/01\/Saison-2012-2013-Vinciane-Despret-Que-diraient-les-animaux-si-...-3-800x534.jpg 800w, https:\/\/gclg.be\/wp-content\/uploads\/2020\/01\/Saison-2012-2013-Vinciane-Despret-Que-diraient-les-animaux-si-...-3-1200x801.jpg 1200w, https:\/\/gclg.be\/wp-content\/uploads\/2020\/01\/Saison-2012-2013-Vinciane-Despret-Que-diraient-les-animaux-si-...-3.jpg 1280w\" sizes=\"(min-width: 2200px) 100vw, (min-width: 796px) 274px, (min-width: 744px) 366px, (min-width: 692px) 549px, (min-width: 640px) 692px, \" \/><\/a><\/div><\/div><div style=\"padding:1px;\" class=\"fusion-grid-column fusion-gallery-column fusion-gallery-column-4 hover-type-none\"><div class=\"fusion-gallery-image\"><a href=\"https:\/\/gclg.be\/wp-content\/uploads\/2020\/01\/Saison-2012-2013-Vinciane-Despret-Que-diraient-les-animaux-si-...-2.jpg\" rel=\"noreferrer\" data-rel=\"iLightbox[gallery_image_1]\" class=\"fusion-lightbox\" target=\"_self\"><img src=\"https:\/\/gclg.be\/wp-content\/uploads\/2020\/01\/Saison-2012-2013-Vinciane-Despret-Que-diraient-les-animaux-si-...-2.jpg\" width=\"1280\" height=\"852\" alt=\"\" title=\"Saison 2012-2013 Vinciane Despret Que diraient les animaux si &#8230; 2\" aria-label=\"Saison 2012-2013 Vinciane Despret Que diraient les animaux si &#8230; 2\" class=\"img-responsive wp-image-21329\" srcset=\"https:\/\/gclg.be\/wp-content\/uploads\/2020\/01\/Saison-2012-2013-Vinciane-Despret-Que-diraient-les-animaux-si-...-2-200x133.jpg 200w, https:\/\/gclg.be\/wp-content\/uploads\/2020\/01\/Saison-2012-2013-Vinciane-Despret-Que-diraient-les-animaux-si-...-2-400x266.jpg 400w, https:\/\/gclg.be\/wp-content\/uploads\/2020\/01\/Saison-2012-2013-Vinciane-Despret-Que-diraient-les-animaux-si-...-2-600x399.jpg 600w, https:\/\/gclg.be\/wp-content\/uploads\/2020\/01\/Saison-2012-2013-Vinciane-Despret-Que-diraient-les-animaux-si-...-2-800x533.jpg 800w, https:\/\/gclg.be\/wp-content\/uploads\/2020\/01\/Saison-2012-2013-Vinciane-Despret-Que-diraient-les-animaux-si-...-2-1200x799.jpg 1200w, https:\/\/gclg.be\/wp-content\/uploads\/2020\/01\/Saison-2012-2013-Vinciane-Despret-Que-diraient-les-animaux-si-...-2.jpg 1280w\" sizes=\"(min-width: 2200px) 100vw, (min-width: 796px) 274px, (min-width: 744px) 366px, (min-width: 692px) 549px, (min-width: 640px) 692px, \" \/><\/a><\/div><\/div><div style=\"padding:1px;\" class=\"fusion-grid-column fusion-gallery-column fusion-gallery-column-4 hover-type-none\"><div class=\"fusion-gallery-image\"><a href=\"https:\/\/gclg.be\/wp-content\/uploads\/2020\/01\/Saison-2012-2013-Vinciane-Despret-Que-diraient-les-animaux-si-...-1.jpg\" rel=\"noreferrer\" data-rel=\"iLightbox[gallery_image_1]\" class=\"fusion-lightbox\" target=\"_self\"><img src=\"https:\/\/gclg.be\/wp-content\/uploads\/2020\/01\/Saison-2012-2013-Vinciane-Despret-Que-diraient-les-animaux-si-...-1.jpg\" width=\"1280\" height=\"852\" alt=\"\" title=\"Saison 2012-2013 Vinciane Despret Que diraient les animaux si &#8230; 1\" aria-label=\"Saison 2012-2013 Vinciane Despret Que diraient les animaux si &#8230; 1\" class=\"img-responsive wp-image-21328\" srcset=\"https:\/\/gclg.be\/wp-content\/uploads\/2020\/01\/Saison-2012-2013-Vinciane-Despret-Que-diraient-les-animaux-si-...-1-200x133.jpg 200w, https:\/\/gclg.be\/wp-content\/uploads\/2020\/01\/Saison-2012-2013-Vinciane-Despret-Que-diraient-les-animaux-si-...-1-400x266.jpg 400w, https:\/\/gclg.be\/wp-content\/uploads\/2020\/01\/Saison-2012-2013-Vinciane-Despret-Que-diraient-les-animaux-si-...-1-600x399.jpg 600w, https:\/\/gclg.be\/wp-content\/uploads\/2020\/01\/Saison-2012-2013-Vinciane-Despret-Que-diraient-les-animaux-si-...-1-800x533.jpg 800w, https:\/\/gclg.be\/wp-content\/uploads\/2020\/01\/Saison-2012-2013-Vinciane-Despret-Que-diraient-les-animaux-si-...-1-1200x799.jpg 1200w, https:\/\/gclg.be\/wp-content\/uploads\/2020\/01\/Saison-2012-2013-Vinciane-Despret-Que-diraient-les-animaux-si-...-1.jpg 1280w\" sizes=\"(min-width: 2200px) 100vw, (min-width: 796px) 274px, (min-width: 744px) 366px, (min-width: 692px) 549px, (min-width: 640px) 692px, \" \/><\/a><\/div><\/div><div class=\"clearfix\"><\/div><div style=\"padding:1px;\" class=\"fusion-grid-column fusion-gallery-column fusion-gallery-column-4 hover-type-none\"><div class=\"fusion-gallery-image\"><a href=\"https:\/\/gclg.be\/wp-content\/uploads\/2020\/01\/Saison-2012-2013-Vincent-de-Coorebyter-Nouvelles-pratiques-de-la-d\u00e9mocratie-4.jpg\" rel=\"noreferrer\" data-rel=\"iLightbox[gallery_image_1]\" class=\"fusion-lightbox\" target=\"_self\"><img src=\"https:\/\/gclg.be\/wp-content\/uploads\/2020\/01\/Saison-2012-2013-Vincent-de-Coorebyter-Nouvelles-pratiques-de-la-d\u00e9mocratie-4.jpg\" width=\"1280\" height=\"854\" alt=\"\" title=\"Saison 2012-2013 Vincent de Coorebyter Nouvelles pratiques de la d\u00e9mocratie 4\" aria-label=\"Saison 2012-2013 Vincent de Coorebyter Nouvelles pratiques de la d\u00e9mocratie 4\" class=\"img-responsive wp-image-21327\" srcset=\"https:\/\/gclg.be\/wp-content\/uploads\/2020\/01\/Saison-2012-2013-Vincent-de-Coorebyter-Nouvelles-pratiques-de-la-d\u00e9mocratie-4-200x133.jpg 200w, https:\/\/gclg.be\/wp-content\/uploads\/2020\/01\/Saison-2012-2013-Vincent-de-Coorebyter-Nouvelles-pratiques-de-la-d\u00e9mocratie-4-400x267.jpg 400w, https:\/\/gclg.be\/wp-content\/uploads\/2020\/01\/Saison-2012-2013-Vincent-de-Coorebyter-Nouvelles-pratiques-de-la-d\u00e9mocratie-4-600x400.jpg 600w, https:\/\/gclg.be\/wp-content\/uploads\/2020\/01\/Saison-2012-2013-Vincent-de-Coorebyter-Nouvelles-pratiques-de-la-d\u00e9mocratie-4-800x534.jpg 800w, https:\/\/gclg.be\/wp-content\/uploads\/2020\/01\/Saison-2012-2013-Vincent-de-Coorebyter-Nouvelles-pratiques-de-la-d\u00e9mocratie-4-1200x801.jpg 1200w, https:\/\/gclg.be\/wp-content\/uploads\/2020\/01\/Saison-2012-2013-Vincent-de-Coorebyter-Nouvelles-pratiques-de-la-d\u00e9mocratie-4.jpg 1280w\" sizes=\"(min-width: 2200px) 100vw, (min-width: 796px) 274px, (min-width: 744px) 366px, (min-width: 692px) 549px, (min-width: 640px) 692px, \" \/><\/a><\/div><\/div><div style=\"padding:1px;\" class=\"fusion-grid-column fusion-gallery-column fusion-gallery-column-4 hover-type-none\"><div class=\"fusion-gallery-image\"><a href=\"https:\/\/gclg.be\/wp-content\/uploads\/2020\/01\/Saison-2012-2013-Vincent-de-Coorebyter-Nouvelles-pratiques-de-la-d\u00e9mocratie-3.jpg\" rel=\"noreferrer\" data-rel=\"iLightbox[gallery_image_1]\" class=\"fusion-lightbox\" target=\"_self\"><img src=\"https:\/\/gclg.be\/wp-content\/uploads\/2020\/01\/Saison-2012-2013-Vincent-de-Coorebyter-Nouvelles-pratiques-de-la-d\u00e9mocratie-3.jpg\" width=\"1280\" height=\"852\" alt=\"\" title=\"Saison 2012-2013 Vincent de Coorebyter Nouvelles pratiques de la d\u00e9mocratie 3\" aria-label=\"Saison 2012-2013 Vincent de Coorebyter Nouvelles pratiques de la d\u00e9mocratie 3\" class=\"img-responsive wp-image-21326\" srcset=\"https:\/\/gclg.be\/wp-content\/uploads\/2020\/01\/Saison-2012-2013-Vincent-de-Coorebyter-Nouvelles-pratiques-de-la-d\u00e9mocratie-3-200x133.jpg 200w, https:\/\/gclg.be\/wp-content\/uploads\/2020\/01\/Saison-2012-2013-Vincent-de-Coorebyter-Nouvelles-pratiques-de-la-d\u00e9mocratie-3-400x266.jpg 400w, https:\/\/gclg.be\/wp-content\/uploads\/2020\/01\/Saison-2012-2013-Vincent-de-Coorebyter-Nouvelles-pratiques-de-la-d\u00e9mocratie-3-600x399.jpg 600w, https:\/\/gclg.be\/wp-content\/uploads\/2020\/01\/Saison-2012-2013-Vincent-de-Coorebyter-Nouvelles-pratiques-de-la-d\u00e9mocratie-3-800x533.jpg 800w, https:\/\/gclg.be\/wp-content\/uploads\/2020\/01\/Saison-2012-2013-Vincent-de-Coorebyter-Nouvelles-pratiques-de-la-d\u00e9mocratie-3-1200x799.jpg 1200w, https:\/\/gclg.be\/wp-content\/uploads\/2020\/01\/Saison-2012-2013-Vincent-de-Coorebyter-Nouvelles-pratiques-de-la-d\u00e9mocratie-3.jpg 1280w\" sizes=\"(min-width: 2200px) 100vw, (min-width: 796px) 274px, (min-width: 744px) 366px, (min-width: 692px) 549px, (min-width: 640px) 692px, \" \/><\/a><\/div><\/div><div style=\"padding:1px;\" class=\"fusion-grid-column fusion-gallery-column fusion-gallery-column-4 hover-type-none\"><div class=\"fusion-gallery-image\"><a href=\"https:\/\/gclg.be\/wp-content\/uploads\/2020\/01\/Saison-2012-2013-Vincent-de-Coorebyter-Nouvelles-pratiques-de-la-d\u00e9mocratie-2.jpg\" rel=\"noreferrer\" data-rel=\"iLightbox[gallery_image_1]\" class=\"fusion-lightbox\" target=\"_self\"><img src=\"https:\/\/gclg.be\/wp-content\/uploads\/2020\/01\/Saison-2012-2013-Vincent-de-Coorebyter-Nouvelles-pratiques-de-la-d\u00e9mocratie-2.jpg\" width=\"1280\" height=\"854\" alt=\"\" title=\"Saison 2012-2013 Vincent de Coorebyter Nouvelles pratiques de la d\u00e9mocratie 2\" aria-label=\"Saison 2012-2013 Vincent de Coorebyter Nouvelles pratiques de la d\u00e9mocratie 2\" class=\"img-responsive wp-image-21323\" srcset=\"https:\/\/gclg.be\/wp-content\/uploads\/2020\/01\/Saison-2012-2013-Vincent-de-Coorebyter-Nouvelles-pratiques-de-la-d\u00e9mocratie-2-200x133.jpg 200w, https:\/\/gclg.be\/wp-content\/uploads\/2020\/01\/Saison-2012-2013-Vincent-de-Coorebyter-Nouvelles-pratiques-de-la-d\u00e9mocratie-2-400x267.jpg 400w, https:\/\/gclg.be\/wp-content\/uploads\/2020\/01\/Saison-2012-2013-Vincent-de-Coorebyter-Nouvelles-pratiques-de-la-d\u00e9mocratie-2-600x400.jpg 600w, https:\/\/gclg.be\/wp-content\/uploads\/2020\/01\/Saison-2012-2013-Vincent-de-Coorebyter-Nouvelles-pratiques-de-la-d\u00e9mocratie-2-800x534.jpg 800w, https:\/\/gclg.be\/wp-content\/uploads\/2020\/01\/Saison-2012-2013-Vincent-de-Coorebyter-Nouvelles-pratiques-de-la-d\u00e9mocratie-2-1200x801.jpg 1200w, https:\/\/gclg.be\/wp-content\/uploads\/2020\/01\/Saison-2012-2013-Vincent-de-Coorebyter-Nouvelles-pratiques-de-la-d\u00e9mocratie-2.jpg 1280w\" sizes=\"(min-width: 2200px) 100vw, (min-width: 796px) 274px, (min-width: 744px) 366px, (min-width: 692px) 549px, (min-width: 640px) 692px, \" \/><\/a><\/div><\/div><div style=\"padding:1px;\" class=\"fusion-grid-column fusion-gallery-column fusion-gallery-column-4 hover-type-none\"><div class=\"fusion-gallery-image\"><a href=\"https:\/\/gclg.be\/wp-content\/uploads\/2020\/01\/Saison-2012-2013-Vincent-de-Coorebyter-Nouvelles-pratiques-de-la-d\u00e9mocratie-1.jpg\" rel=\"noreferrer\" data-rel=\"iLightbox[gallery_image_1]\" class=\"fusion-lightbox\" target=\"_self\"><img src=\"https:\/\/gclg.be\/wp-content\/uploads\/2020\/01\/Saison-2012-2013-Vincent-de-Coorebyter-Nouvelles-pratiques-de-la-d\u00e9mocratie-1.jpg\" width=\"1280\" height=\"854\" alt=\"\" title=\"Saison 2012-2013 Vincent de Coorebyter Nouvelles pratiques de la d\u00e9mocratie 1\" aria-label=\"Saison 2012-2013 Vincent de Coorebyter Nouvelles pratiques de la d\u00e9mocratie 1\" class=\"img-responsive wp-image-21322\" srcset=\"https:\/\/gclg.be\/wp-content\/uploads\/2020\/01\/Saison-2012-2013-Vincent-de-Coorebyter-Nouvelles-pratiques-de-la-d\u00e9mocratie-1-200x133.jpg 200w, https:\/\/gclg.be\/wp-content\/uploads\/2020\/01\/Saison-2012-2013-Vincent-de-Coorebyter-Nouvelles-pratiques-de-la-d\u00e9mocratie-1-400x267.jpg 400w, https:\/\/gclg.be\/wp-content\/uploads\/2020\/01\/Saison-2012-2013-Vincent-de-Coorebyter-Nouvelles-pratiques-de-la-d\u00e9mocratie-1-600x400.jpg 600w, https:\/\/gclg.be\/wp-content\/uploads\/2020\/01\/Saison-2012-2013-Vincent-de-Coorebyter-Nouvelles-pratiques-de-la-d\u00e9mocratie-1-800x534.jpg 800w, https:\/\/gclg.be\/wp-content\/uploads\/2020\/01\/Saison-2012-2013-Vincent-de-Coorebyter-Nouvelles-pratiques-de-la-d\u00e9mocratie-1-1200x801.jpg 1200w, https:\/\/gclg.be\/wp-content\/uploads\/2020\/01\/Saison-2012-2013-Vincent-de-Coorebyter-Nouvelles-pratiques-de-la-d\u00e9mocratie-1.jpg 1280w\" sizes=\"(min-width: 2200px) 100vw, (min-width: 796px) 274px, (min-width: 744px) 366px, (min-width: 692px) 549px, (min-width: 640px) 692px, \" \/><\/a><\/div><\/div><div class=\"clearfix\"><\/div><div style=\"padding:1px;\" class=\"fusion-grid-column fusion-gallery-column fusion-gallery-column-4 hover-type-none\"><div class=\"fusion-gallery-image\"><a href=\"https:\/\/gclg.be\/wp-content\/uploads\/2020\/01\/Saison-2012-2013-Nany-Huston-Belle-comme-une-image-14.jpg\" rel=\"noreferrer\" data-rel=\"iLightbox[gallery_image_1]\" class=\"fusion-lightbox\" target=\"_self\"><img src=\"https:\/\/gclg.be\/wp-content\/uploads\/2020\/01\/Saison-2012-2013-Nany-Huston-Belle-comme-une-image-14.jpg\" width=\"1280\" height=\"852\" alt=\"\" title=\"Saison 2012-2013 Nany Huston Belle comme une image 14\" aria-label=\"Saison 2012-2013 Nany Huston Belle comme une image 14\" class=\"img-responsive wp-image-21321\" srcset=\"https:\/\/gclg.be\/wp-content\/uploads\/2020\/01\/Saison-2012-2013-Nany-Huston-Belle-comme-une-image-14-200x133.jpg 200w, https:\/\/gclg.be\/wp-content\/uploads\/2020\/01\/Saison-2012-2013-Nany-Huston-Belle-comme-une-image-14-400x266.jpg 400w, https:\/\/gclg.be\/wp-content\/uploads\/2020\/01\/Saison-2012-2013-Nany-Huston-Belle-comme-une-image-14-600x399.jpg 600w, https:\/\/gclg.be\/wp-content\/uploads\/2020\/01\/Saison-2012-2013-Nany-Huston-Belle-comme-une-image-14-800x533.jpg 800w, https:\/\/gclg.be\/wp-content\/uploads\/2020\/01\/Saison-2012-2013-Nany-Huston-Belle-comme-une-image-14-1200x799.jpg 1200w, https:\/\/gclg.be\/wp-content\/uploads\/2020\/01\/Saison-2012-2013-Nany-Huston-Belle-comme-une-image-14.jpg 1280w\" sizes=\"(min-width: 2200px) 100vw, (min-width: 796px) 274px, (min-width: 744px) 366px, (min-width: 692px) 549px, (min-width: 640px) 692px, \" \/><\/a><\/div><\/div><div style=\"padding:1px;\" class=\"fusion-grid-column fusion-gallery-column fusion-gallery-column-4 hover-type-none\"><div class=\"fusion-gallery-image\"><a href=\"https:\/\/gclg.be\/wp-content\/uploads\/2020\/01\/Saison-2012-2013-Nany-Huston-Belle-comme-une-image-13.jpg\" rel=\"noreferrer\" data-rel=\"iLightbox[gallery_image_1]\" class=\"fusion-lightbox\" target=\"_self\"><img src=\"https:\/\/gclg.be\/wp-content\/uploads\/2020\/01\/Saison-2012-2013-Nany-Huston-Belle-comme-une-image-13.jpg\" width=\"1280\" height=\"852\" alt=\"\" title=\"Saison 2012-2013 Nany Huston Belle comme une image 13\" aria-label=\"Saison 2012-2013 Nany Huston Belle comme une image 13\" class=\"img-responsive wp-image-21320\" srcset=\"https:\/\/gclg.be\/wp-content\/uploads\/2020\/01\/Saison-2012-2013-Nany-Huston-Belle-comme-une-image-13-200x133.jpg 200w, https:\/\/gclg.be\/wp-content\/uploads\/2020\/01\/Saison-2012-2013-Nany-Huston-Belle-comme-une-image-13-400x266.jpg 400w, https:\/\/gclg.be\/wp-content\/uploads\/2020\/01\/Saison-2012-2013-Nany-Huston-Belle-comme-une-image-13-600x399.jpg 600w, https:\/\/gclg.be\/wp-content\/uploads\/2020\/01\/Saison-2012-2013-Nany-Huston-Belle-comme-une-image-13-800x533.jpg 800w, https:\/\/gclg.be\/wp-content\/uploads\/2020\/01\/Saison-2012-2013-Nany-Huston-Belle-comme-une-image-13-1200x799.jpg 1200w, https:\/\/gclg.be\/wp-content\/uploads\/2020\/01\/Saison-2012-2013-Nany-Huston-Belle-comme-une-image-13.jpg 1280w\" sizes=\"(min-width: 2200px) 100vw, (min-width: 796px) 274px, (min-width: 744px) 366px, (min-width: 692px) 549px, (min-width: 640px) 692px, \" \/><\/a><\/div><\/div><div style=\"padding:1px;\" class=\"fusion-grid-column fusion-gallery-column fusion-gallery-column-4 hover-type-none\"><div class=\"fusion-gallery-image\"><a href=\"https:\/\/gclg.be\/wp-content\/uploads\/2020\/01\/Saison-2012-2013-Nany-Huston-Belle-comme-une-image-12.jpg\" rel=\"noreferrer\" data-rel=\"iLightbox[gallery_image_1]\" class=\"fusion-lightbox\" target=\"_self\"><img src=\"https:\/\/gclg.be\/wp-content\/uploads\/2020\/01\/Saison-2012-2013-Nany-Huston-Belle-comme-une-image-12.jpg\" width=\"1280\" height=\"852\" alt=\"\" title=\"Saison 2012-2013 Nany Huston Belle comme une image 12\" aria-label=\"Saison 2012-2013 Nany Huston Belle comme une image 12\" class=\"img-responsive wp-image-21319\" srcset=\"https:\/\/gclg.be\/wp-content\/uploads\/2020\/01\/Saison-2012-2013-Nany-Huston-Belle-comme-une-image-12-200x133.jpg 200w, https:\/\/gclg.be\/wp-content\/uploads\/2020\/01\/Saison-2012-2013-Nany-Huston-Belle-comme-une-image-12-400x266.jpg 400w, https:\/\/gclg.be\/wp-content\/uploads\/2020\/01\/Saison-2012-2013-Nany-Huston-Belle-comme-une-image-12-600x399.jpg 600w, https:\/\/gclg.be\/wp-content\/uploads\/2020\/01\/Saison-2012-2013-Nany-Huston-Belle-comme-une-image-12-800x533.jpg 800w, https:\/\/gclg.be\/wp-content\/uploads\/2020\/01\/Saison-2012-2013-Nany-Huston-Belle-comme-une-image-12-1200x799.jpg 1200w, https:\/\/gclg.be\/wp-content\/uploads\/2020\/01\/Saison-2012-2013-Nany-Huston-Belle-comme-une-image-12.jpg 1280w\" sizes=\"(min-width: 2200px) 100vw, (min-width: 796px) 274px, (min-width: 744px) 366px, (min-width: 692px) 549px, (min-width: 640px) 692px, \" \/><\/a><\/div><\/div><div style=\"padding:1px;\" class=\"fusion-grid-column fusion-gallery-column fusion-gallery-column-4 hover-type-none\"><div class=\"fusion-gallery-image\"><a href=\"https:\/\/gclg.be\/wp-content\/uploads\/2020\/01\/Saison-2012-2013-Nany-Huston-Belle-comme-une-image-11.jpg\" rel=\"noreferrer\" data-rel=\"iLightbox[gallery_image_1]\" class=\"fusion-lightbox\" target=\"_self\"><img src=\"https:\/\/gclg.be\/wp-content\/uploads\/2020\/01\/Saison-2012-2013-Nany-Huston-Belle-comme-une-image-11.jpg\" width=\"1280\" height=\"852\" alt=\"\" title=\"Saison 2012-2013 Nany Huston Belle comme une image 11\" aria-label=\"Saison 2012-2013 Nany Huston Belle comme une image 11\" class=\"img-responsive wp-image-21318\" srcset=\"https:\/\/gclg.be\/wp-content\/uploads\/2020\/01\/Saison-2012-2013-Nany-Huston-Belle-comme-une-image-11-200x133.jpg 200w, https:\/\/gclg.be\/wp-content\/uploads\/2020\/01\/Saison-2012-2013-Nany-Huston-Belle-comme-une-image-11-400x266.jpg 400w, https:\/\/gclg.be\/wp-content\/uploads\/2020\/01\/Saison-2012-2013-Nany-Huston-Belle-comme-une-image-11-600x399.jpg 600w, https:\/\/gclg.be\/wp-content\/uploads\/2020\/01\/Saison-2012-2013-Nany-Huston-Belle-comme-une-image-11-800x533.jpg 800w, https:\/\/gclg.be\/wp-content\/uploads\/2020\/01\/Saison-2012-2013-Nany-Huston-Belle-comme-une-image-11-1200x799.jpg 1200w, https:\/\/gclg.be\/wp-content\/uploads\/2020\/01\/Saison-2012-2013-Nany-Huston-Belle-comme-une-image-11.jpg 1280w\" sizes=\"(min-width: 2200px) 100vw, (min-width: 796px) 274px, (min-width: 744px) 366px, (min-width: 692px) 549px, (min-width: 640px) 692px, \" \/><\/a><\/div><\/div><div class=\"clearfix\"><\/div><div style=\"padding:1px;\" class=\"fusion-grid-column fusion-gallery-column fusion-gallery-column-4 hover-type-none\"><div class=\"fusion-gallery-image\"><a href=\"https:\/\/gclg.be\/wp-content\/uploads\/2020\/01\/Saison-2012-2013-Nany-Huston-Belle-comme-une-image-10.jpg\" rel=\"noreferrer\" data-rel=\"iLightbox[gallery_image_1]\" class=\"fusion-lightbox\" target=\"_self\"><img src=\"https:\/\/gclg.be\/wp-content\/uploads\/2020\/01\/Saison-2012-2013-Nany-Huston-Belle-comme-une-image-10.jpg\" width=\"1280\" height=\"852\" alt=\"\" title=\"Saison 2012-2013 Nany Huston Belle comme une image 10\" aria-label=\"Saison 2012-2013 Nany Huston Belle comme une image 10\" class=\"img-responsive wp-image-21317\" srcset=\"https:\/\/gclg.be\/wp-content\/uploads\/2020\/01\/Saison-2012-2013-Nany-Huston-Belle-comme-une-image-10-200x133.jpg 200w, https:\/\/gclg.be\/wp-content\/uploads\/2020\/01\/Saison-2012-2013-Nany-Huston-Belle-comme-une-image-10-400x266.jpg 400w, https:\/\/gclg.be\/wp-content\/uploads\/2020\/01\/Saison-2012-2013-Nany-Huston-Belle-comme-une-image-10-600x399.jpg 600w, https:\/\/gclg.be\/wp-content\/uploads\/2020\/01\/Saison-2012-2013-Nany-Huston-Belle-comme-une-image-10-800x533.jpg 800w, https:\/\/gclg.be\/wp-content\/uploads\/2020\/01\/Saison-2012-2013-Nany-Huston-Belle-comme-une-image-10-1200x799.jpg 1200w, https:\/\/gclg.be\/wp-content\/uploads\/2020\/01\/Saison-2012-2013-Nany-Huston-Belle-comme-une-image-10.jpg 1280w\" sizes=\"(min-width: 2200px) 100vw, (min-width: 796px) 274px, (min-width: 744px) 366px, (min-width: 692px) 549px, (min-width: 640px) 692px, \" \/><\/a><\/div><\/div><div style=\"padding:1px;\" class=\"fusion-grid-column fusion-gallery-column fusion-gallery-column-4 hover-type-none\"><div class=\"fusion-gallery-image\"><a href=\"https:\/\/gclg.be\/wp-content\/uploads\/2020\/01\/Saison-2012-2013-Nany-Huston-Belle-comme-une-image-9.jpg\" rel=\"noreferrer\" data-rel=\"iLightbox[gallery_image_1]\" class=\"fusion-lightbox\" target=\"_self\"><img src=\"https:\/\/gclg.be\/wp-content\/uploads\/2020\/01\/Saison-2012-2013-Nany-Huston-Belle-comme-une-image-9.jpg\" width=\"1280\" height=\"852\" alt=\"\" title=\"Saison 2012-2013 Nany Huston Belle comme une image 9\" aria-label=\"Saison 2012-2013 Nany Huston Belle comme une image 9\" class=\"img-responsive wp-image-21316\" srcset=\"https:\/\/gclg.be\/wp-content\/uploads\/2020\/01\/Saison-2012-2013-Nany-Huston-Belle-comme-une-image-9-200x133.jpg 200w, https:\/\/gclg.be\/wp-content\/uploads\/2020\/01\/Saison-2012-2013-Nany-Huston-Belle-comme-une-image-9-400x266.jpg 400w, https:\/\/gclg.be\/wp-content\/uploads\/2020\/01\/Saison-2012-2013-Nany-Huston-Belle-comme-une-image-9-600x399.jpg 600w, https:\/\/gclg.be\/wp-content\/uploads\/2020\/01\/Saison-2012-2013-Nany-Huston-Belle-comme-une-image-9-800x533.jpg 800w, https:\/\/gclg.be\/wp-content\/uploads\/2020\/01\/Saison-2012-2013-Nany-Huston-Belle-comme-une-image-9-1200x799.jpg 1200w, https:\/\/gclg.be\/wp-content\/uploads\/2020\/01\/Saison-2012-2013-Nany-Huston-Belle-comme-une-image-9.jpg 1280w\" sizes=\"(min-width: 2200px) 100vw, (min-width: 796px) 274px, (min-width: 744px) 366px, (min-width: 692px) 549px, (min-width: 640px) 692px, \" \/><\/a><\/div><\/div><div style=\"padding:1px;\" class=\"fusion-grid-column fusion-gallery-column fusion-gallery-column-4 hover-type-none\"><div class=\"fusion-gallery-image\"><a href=\"https:\/\/gclg.be\/wp-content\/uploads\/2020\/01\/Saison-2012-2013-Nany-Huston-Belle-comme-une-image-8.jpg\" rel=\"noreferrer\" data-rel=\"iLightbox[gallery_image_1]\" class=\"fusion-lightbox\" target=\"_self\"><img src=\"https:\/\/gclg.be\/wp-content\/uploads\/2020\/01\/Saison-2012-2013-Nany-Huston-Belle-comme-une-image-8.jpg\" width=\"1280\" height=\"852\" alt=\"\" title=\"Saison 2012-2013 Nany Huston Belle comme une image 8\" aria-label=\"Saison 2012-2013 Nany Huston Belle comme une image 8\" class=\"img-responsive wp-image-21315\" srcset=\"https:\/\/gclg.be\/wp-content\/uploads\/2020\/01\/Saison-2012-2013-Nany-Huston-Belle-comme-une-image-8-200x133.jpg 200w, https:\/\/gclg.be\/wp-content\/uploads\/2020\/01\/Saison-2012-2013-Nany-Huston-Belle-comme-une-image-8-400x266.jpg 400w, https:\/\/gclg.be\/wp-content\/uploads\/2020\/01\/Saison-2012-2013-Nany-Huston-Belle-comme-une-image-8-600x399.jpg 600w, https:\/\/gclg.be\/wp-content\/uploads\/2020\/01\/Saison-2012-2013-Nany-Huston-Belle-comme-une-image-8-800x533.jpg 800w, https:\/\/gclg.be\/wp-content\/uploads\/2020\/01\/Saison-2012-2013-Nany-Huston-Belle-comme-une-image-8-1200x799.jpg 1200w, https:\/\/gclg.be\/wp-content\/uploads\/2020\/01\/Saison-2012-2013-Nany-Huston-Belle-comme-une-image-8.jpg 1280w\" sizes=\"(min-width: 2200px) 100vw, (min-width: 796px) 274px, (min-width: 744px) 366px, (min-width: 692px) 549px, (min-width: 640px) 692px, \" \/><\/a><\/div><\/div><div style=\"padding:1px;\" class=\"fusion-grid-column fusion-gallery-column fusion-gallery-column-4 hover-type-none\"><div class=\"fusion-gallery-image\"><a href=\"https:\/\/gclg.be\/wp-content\/uploads\/2020\/01\/Saison-2012-2013-Nany-Huston-Belle-comme-une-image-7.jpg\" rel=\"noreferrer\" data-rel=\"iLightbox[gallery_image_1]\" class=\"fusion-lightbox\" target=\"_self\"><img src=\"https:\/\/gclg.be\/wp-content\/uploads\/2020\/01\/Saison-2012-2013-Nany-Huston-Belle-comme-une-image-7.jpg\" width=\"1280\" height=\"852\" alt=\"\" title=\"Saison 2012-2013 Nany Huston Belle comme une image 7\" aria-label=\"Saison 2012-2013 Nany Huston Belle comme une image 7\" class=\"img-responsive wp-image-21314\" srcset=\"https:\/\/gclg.be\/wp-content\/uploads\/2020\/01\/Saison-2012-2013-Nany-Huston-Belle-comme-une-image-7-200x133.jpg 200w, https:\/\/gclg.be\/wp-content\/uploads\/2020\/01\/Saison-2012-2013-Nany-Huston-Belle-comme-une-image-7-400x266.jpg 400w, https:\/\/gclg.be\/wp-content\/uploads\/2020\/01\/Saison-2012-2013-Nany-Huston-Belle-comme-une-image-7-600x399.jpg 600w, https:\/\/gclg.be\/wp-content\/uploads\/2020\/01\/Saison-2012-2013-Nany-Huston-Belle-comme-une-image-7-800x533.jpg 800w, https:\/\/gclg.be\/wp-content\/uploads\/2020\/01\/Saison-2012-2013-Nany-Huston-Belle-comme-une-image-7-1200x799.jpg 1200w, https:\/\/gclg.be\/wp-content\/uploads\/2020\/01\/Saison-2012-2013-Nany-Huston-Belle-comme-une-image-7.jpg 1280w\" sizes=\"(min-width: 2200px) 100vw, (min-width: 796px) 274px, (min-width: 744px) 366px, (min-width: 692px) 549px, (min-width: 640px) 692px, \" \/><\/a><\/div><\/div><div class=\"clearfix\"><\/div><div style=\"padding:1px;\" class=\"fusion-grid-column fusion-gallery-column fusion-gallery-column-4 hover-type-none\"><div class=\"fusion-gallery-image\"><a href=\"https:\/\/gclg.be\/wp-content\/uploads\/2020\/01\/Saison-2012-2013-Nany-Huston-Belle-comme-une-image-6.jpg\" rel=\"noreferrer\" data-rel=\"iLightbox[gallery_image_1]\" class=\"fusion-lightbox\" target=\"_self\"><img src=\"https:\/\/gclg.be\/wp-content\/uploads\/2020\/01\/Saison-2012-2013-Nany-Huston-Belle-comme-une-image-6.jpg\" width=\"1280\" height=\"852\" alt=\"\" title=\"Saison 2012-2013 Nany Huston Belle comme une image 6\" aria-label=\"Saison 2012-2013 Nany Huston Belle comme une image 6\" class=\"img-responsive wp-image-21313\" srcset=\"https:\/\/gclg.be\/wp-content\/uploads\/2020\/01\/Saison-2012-2013-Nany-Huston-Belle-comme-une-image-6-200x133.jpg 200w, https:\/\/gclg.be\/wp-content\/uploads\/2020\/01\/Saison-2012-2013-Nany-Huston-Belle-comme-une-image-6-400x266.jpg 400w, https:\/\/gclg.be\/wp-content\/uploads\/2020\/01\/Saison-2012-2013-Nany-Huston-Belle-comme-une-image-6-600x399.jpg 600w, https:\/\/gclg.be\/wp-content\/uploads\/2020\/01\/Saison-2012-2013-Nany-Huston-Belle-comme-une-image-6-800x533.jpg 800w, https:\/\/gclg.be\/wp-content\/uploads\/2020\/01\/Saison-2012-2013-Nany-Huston-Belle-comme-une-image-6-1200x799.jpg 1200w, https:\/\/gclg.be\/wp-content\/uploads\/2020\/01\/Saison-2012-2013-Nany-Huston-Belle-comme-une-image-6.jpg 1280w\" sizes=\"(min-width: 2200px) 100vw, (min-width: 796px) 274px, (min-width: 744px) 366px, (min-width: 692px) 549px, (min-width: 640px) 692px, \" \/><\/a><\/div><\/div><div style=\"padding:1px;\" class=\"fusion-grid-column fusion-gallery-column fusion-gallery-column-4 hover-type-none\"><div class=\"fusion-gallery-image\"><a href=\"https:\/\/gclg.be\/wp-content\/uploads\/2020\/01\/Saison-2012-2013-Nany-Huston-Belle-comme-une-image-5.jpg\" rel=\"noreferrer\" data-rel=\"iLightbox[gallery_image_1]\" class=\"fusion-lightbox\" target=\"_self\"><img src=\"https:\/\/gclg.be\/wp-content\/uploads\/2020\/01\/Saison-2012-2013-Nany-Huston-Belle-comme-une-image-5.jpg\" width=\"1280\" height=\"852\" alt=\"\" title=\"Saison 2012-2013 Nany Huston Belle comme une image 5\" aria-label=\"Saison 2012-2013 Nany Huston Belle comme une image 5\" class=\"img-responsive wp-image-21312\" srcset=\"https:\/\/gclg.be\/wp-content\/uploads\/2020\/01\/Saison-2012-2013-Nany-Huston-Belle-comme-une-image-5-200x133.jpg 200w, https:\/\/gclg.be\/wp-content\/uploads\/2020\/01\/Saison-2012-2013-Nany-Huston-Belle-comme-une-image-5-400x266.jpg 400w, https:\/\/gclg.be\/wp-content\/uploads\/2020\/01\/Saison-2012-2013-Nany-Huston-Belle-comme-une-image-5-600x399.jpg 600w, https:\/\/gclg.be\/wp-content\/uploads\/2020\/01\/Saison-2012-2013-Nany-Huston-Belle-comme-une-image-5-800x533.jpg 800w, https:\/\/gclg.be\/wp-content\/uploads\/2020\/01\/Saison-2012-2013-Nany-Huston-Belle-comme-une-image-5-1200x799.jpg 1200w, https:\/\/gclg.be\/wp-content\/uploads\/2020\/01\/Saison-2012-2013-Nany-Huston-Belle-comme-une-image-5.jpg 1280w\" sizes=\"(min-width: 2200px) 100vw, (min-width: 796px) 274px, (min-width: 744px) 366px, (min-width: 692px) 549px, (min-width: 640px) 692px, \" \/><\/a><\/div><\/div><div style=\"padding:1px;\" class=\"fusion-grid-column fusion-gallery-column fusion-gallery-column-4 hover-type-none\"><div class=\"fusion-gallery-image\"><a href=\"https:\/\/gclg.be\/wp-content\/uploads\/2020\/01\/Saison-2012-2013-Nany-Huston-Belle-comme-une-image-4.jpg\" rel=\"noreferrer\" data-rel=\"iLightbox[gallery_image_1]\" class=\"fusion-lightbox\" target=\"_self\"><img src=\"https:\/\/gclg.be\/wp-content\/uploads\/2020\/01\/Saison-2012-2013-Nany-Huston-Belle-comme-une-image-4.jpg\" width=\"1280\" height=\"854\" alt=\"\" title=\"Saison 2012-2013 Nany Huston Belle comme une image 4\" aria-label=\"Saison 2012-2013 Nany Huston Belle comme une image 4\" class=\"img-responsive wp-image-21311\" srcset=\"https:\/\/gclg.be\/wp-content\/uploads\/2020\/01\/Saison-2012-2013-Nany-Huston-Belle-comme-une-image-4-200x133.jpg 200w, https:\/\/gclg.be\/wp-content\/uploads\/2020\/01\/Saison-2012-2013-Nany-Huston-Belle-comme-une-image-4-400x267.jpg 400w, https:\/\/gclg.be\/wp-content\/uploads\/2020\/01\/Saison-2012-2013-Nany-Huston-Belle-comme-une-image-4-600x400.jpg 600w, https:\/\/gclg.be\/wp-content\/uploads\/2020\/01\/Saison-2012-2013-Nany-Huston-Belle-comme-une-image-4-800x534.jpg 800w, https:\/\/gclg.be\/wp-content\/uploads\/2020\/01\/Saison-2012-2013-Nany-Huston-Belle-comme-une-image-4-1200x801.jpg 1200w, https:\/\/gclg.be\/wp-content\/uploads\/2020\/01\/Saison-2012-2013-Nany-Huston-Belle-comme-une-image-4.jpg 1280w\" sizes=\"(min-width: 2200px) 100vw, (min-width: 796px) 274px, (min-width: 744px) 366px, (min-width: 692px) 549px, (min-width: 640px) 692px, \" \/><\/a><\/div><\/div><div style=\"padding:1px;\" class=\"fusion-grid-column fusion-gallery-column fusion-gallery-column-4 hover-type-none\"><div class=\"fusion-gallery-image\"><a href=\"https:\/\/gclg.be\/wp-content\/uploads\/2020\/01\/Saison-2012-2013-Nany-Huston-Belle-comme-une-image-3.jpg\" rel=\"noreferrer\" data-rel=\"iLightbox[gallery_image_1]\" class=\"fusion-lightbox\" target=\"_self\"><img src=\"https:\/\/gclg.be\/wp-content\/uploads\/2020\/01\/Saison-2012-2013-Nany-Huston-Belle-comme-une-image-3.jpg\" width=\"1280\" height=\"854\" alt=\"\" title=\"Saison 2012-2013 Nany Huston Belle comme une image 3\" aria-label=\"Saison 2012-2013 Nany Huston Belle comme une image 3\" class=\"img-responsive wp-image-21310\" srcset=\"https:\/\/gclg.be\/wp-content\/uploads\/2020\/01\/Saison-2012-2013-Nany-Huston-Belle-comme-une-image-3-200x133.jpg 200w, https:\/\/gclg.be\/wp-content\/uploads\/2020\/01\/Saison-2012-2013-Nany-Huston-Belle-comme-une-image-3-400x267.jpg 400w, https:\/\/gclg.be\/wp-content\/uploads\/2020\/01\/Saison-2012-2013-Nany-Huston-Belle-comme-une-image-3-600x400.jpg 600w, https:\/\/gclg.be\/wp-content\/uploads\/2020\/01\/Saison-2012-2013-Nany-Huston-Belle-comme-une-image-3-800x534.jpg 800w, https:\/\/gclg.be\/wp-content\/uploads\/2020\/01\/Saison-2012-2013-Nany-Huston-Belle-comme-une-image-3-1200x801.jpg 1200w, https:\/\/gclg.be\/wp-content\/uploads\/2020\/01\/Saison-2012-2013-Nany-Huston-Belle-comme-une-image-3.jpg 1280w\" sizes=\"(min-width: 2200px) 100vw, (min-width: 796px) 274px, (min-width: 744px) 366px, (min-width: 692px) 549px, (min-width: 640px) 692px, \" \/><\/a><\/div><\/div><div class=\"clearfix\"><\/div><div style=\"padding:1px;\" class=\"fusion-grid-column fusion-gallery-column fusion-gallery-column-4 hover-type-none\"><div class=\"fusion-gallery-image\"><a href=\"https:\/\/gclg.be\/wp-content\/uploads\/2020\/01\/Saison-2012-2013-Nany-Huston-Belle-comme-une-image-2.jpg\" rel=\"noreferrer\" data-rel=\"iLightbox[gallery_image_1]\" class=\"fusion-lightbox\" target=\"_self\"><img src=\"https:\/\/gclg.be\/wp-content\/uploads\/2020\/01\/Saison-2012-2013-Nany-Huston-Belle-comme-une-image-2.jpg\" width=\"1280\" height=\"854\" alt=\"\" title=\"Saison 2012-2013 Nany Huston Belle comme une image 2\" aria-label=\"Saison 2012-2013 Nany Huston Belle comme une image 2\" class=\"img-responsive wp-image-21309\" srcset=\"https:\/\/gclg.be\/wp-content\/uploads\/2020\/01\/Saison-2012-2013-Nany-Huston-Belle-comme-une-image-2-200x133.jpg 200w, https:\/\/gclg.be\/wp-content\/uploads\/2020\/01\/Saison-2012-2013-Nany-Huston-Belle-comme-une-image-2-400x267.jpg 400w, https:\/\/gclg.be\/wp-content\/uploads\/2020\/01\/Saison-2012-2013-Nany-Huston-Belle-comme-une-image-2-600x400.jpg 600w, https:\/\/gclg.be\/wp-content\/uploads\/2020\/01\/Saison-2012-2013-Nany-Huston-Belle-comme-une-image-2-800x534.jpg 800w, https:\/\/gclg.be\/wp-content\/uploads\/2020\/01\/Saison-2012-2013-Nany-Huston-Belle-comme-une-image-2-1200x801.jpg 1200w, https:\/\/gclg.be\/wp-content\/uploads\/2020\/01\/Saison-2012-2013-Nany-Huston-Belle-comme-une-image-2.jpg 1280w\" sizes=\"(min-width: 2200px) 100vw, (min-width: 796px) 274px, (min-width: 744px) 366px, (min-width: 692px) 549px, (min-width: 640px) 692px, \" \/><\/a><\/div><\/div><div style=\"padding:1px;\" class=\"fusion-grid-column fusion-gallery-column fusion-gallery-column-4 hover-type-none\"><div class=\"fusion-gallery-image\"><a href=\"https:\/\/gclg.be\/wp-content\/uploads\/2020\/01\/Saison-2012-2013-Nany-Huston-Belle-comme-une-image-1.jpg\" rel=\"noreferrer\" data-rel=\"iLightbox[gallery_image_1]\" class=\"fusion-lightbox\" target=\"_self\"><img src=\"https:\/\/gclg.be\/wp-content\/uploads\/2020\/01\/Saison-2012-2013-Nany-Huston-Belle-comme-une-image-1.jpg\" width=\"1280\" height=\"854\" alt=\"\" title=\"Saison 2012-2013 Nany Huston Belle comme une image 1\" aria-label=\"Saison 2012-2013 Nany Huston Belle comme une image 1\" class=\"img-responsive wp-image-21308\" srcset=\"https:\/\/gclg.be\/wp-content\/uploads\/2020\/01\/Saison-2012-2013-Nany-Huston-Belle-comme-une-image-1-200x133.jpg 200w, https:\/\/gclg.be\/wp-content\/uploads\/2020\/01\/Saison-2012-2013-Nany-Huston-Belle-comme-une-image-1-400x267.jpg 400w, https:\/\/gclg.be\/wp-content\/uploads\/2020\/01\/Saison-2012-2013-Nany-Huston-Belle-comme-une-image-1-600x400.jpg 600w, https:\/\/gclg.be\/wp-content\/uploads\/2020\/01\/Saison-2012-2013-Nany-Huston-Belle-comme-une-image-1-800x534.jpg 800w, https:\/\/gclg.be\/wp-content\/uploads\/2020\/01\/Saison-2012-2013-Nany-Huston-Belle-comme-une-image-1-1200x801.jpg 1200w, https:\/\/gclg.be\/wp-content\/uploads\/2020\/01\/Saison-2012-2013-Nany-Huston-Belle-comme-une-image-1.jpg 1280w\" sizes=\"(min-width: 2200px) 100vw, (min-width: 796px) 274px, (min-width: 744px) 366px, (min-width: 692px) 549px, (min-width: 640px) 692px, \" \/><\/a><\/div><\/div><div style=\"padding:1px;\" class=\"fusion-grid-column fusion-gallery-column fusion-gallery-column-4 hover-type-none\"><div class=\"fusion-gallery-image\"><a href=\"https:\/\/gclg.be\/wp-content\/uploads\/2020\/01\/Saison-2012-2013-Jean-Ziegler-G\u00e9opolitique-de-la-faim-13.jpg\" rel=\"noreferrer\" data-rel=\"iLightbox[gallery_image_1]\" class=\"fusion-lightbox\" target=\"_self\"><img src=\"https:\/\/gclg.be\/wp-content\/uploads\/2020\/01\/Saison-2012-2013-Jean-Ziegler-G\u00e9opolitique-de-la-faim-13.jpg\" width=\"1280\" height=\"854\" alt=\"\" title=\"Saison 2012-2013 Jean Ziegler G\u00e9opolitique de la faim 13\" aria-label=\"Saison 2012-2013 Jean Ziegler G\u00e9opolitique de la faim 13\" class=\"img-responsive wp-image-21307\" srcset=\"https:\/\/gclg.be\/wp-content\/uploads\/2020\/01\/Saison-2012-2013-Jean-Ziegler-G\u00e9opolitique-de-la-faim-13-200x133.jpg 200w, https:\/\/gclg.be\/wp-content\/uploads\/2020\/01\/Saison-2012-2013-Jean-Ziegler-G\u00e9opolitique-de-la-faim-13-400x267.jpg 400w, https:\/\/gclg.be\/wp-content\/uploads\/2020\/01\/Saison-2012-2013-Jean-Ziegler-G\u00e9opolitique-de-la-faim-13-600x400.jpg 600w, https:\/\/gclg.be\/wp-content\/uploads\/2020\/01\/Saison-2012-2013-Jean-Ziegler-G\u00e9opolitique-de-la-faim-13-800x534.jpg 800w, https:\/\/gclg.be\/wp-content\/uploads\/2020\/01\/Saison-2012-2013-Jean-Ziegler-G\u00e9opolitique-de-la-faim-13-1200x801.jpg 1200w, https:\/\/gclg.be\/wp-content\/uploads\/2020\/01\/Saison-2012-2013-Jean-Ziegler-G\u00e9opolitique-de-la-faim-13.jpg 1280w\" sizes=\"(min-width: 2200px) 100vw, (min-width: 796px) 274px, (min-width: 744px) 366px, (min-width: 692px) 549px, (min-width: 640px) 692px, \" \/><\/a><\/div><\/div><div style=\"padding:1px;\" class=\"fusion-grid-column fusion-gallery-column fusion-gallery-column-4 hover-type-none\"><div class=\"fusion-gallery-image\"><a href=\"https:\/\/gclg.be\/wp-content\/uploads\/2020\/01\/Saison-2012-2013-Jean-Ziegler-G\u00e9opolitique-de-la-faim-12.jpg\" rel=\"noreferrer\" data-rel=\"iLightbox[gallery_image_1]\" class=\"fusion-lightbox\" target=\"_self\"><img src=\"https:\/\/gclg.be\/wp-content\/uploads\/2020\/01\/Saison-2012-2013-Jean-Ziegler-G\u00e9opolitique-de-la-faim-12.jpg\" width=\"1280\" height=\"854\" alt=\"\" title=\"Saison 2012-2013 Jean Ziegler G\u00e9opolitique de la faim 12\" aria-label=\"Saison 2012-2013 Jean Ziegler G\u00e9opolitique de la faim 12\" class=\"img-responsive wp-image-21306\" srcset=\"https:\/\/gclg.be\/wp-content\/uploads\/2020\/01\/Saison-2012-2013-Jean-Ziegler-G\u00e9opolitique-de-la-faim-12-200x133.jpg 200w, https:\/\/gclg.be\/wp-content\/uploads\/2020\/01\/Saison-2012-2013-Jean-Ziegler-G\u00e9opolitique-de-la-faim-12-400x267.jpg 400w, https:\/\/gclg.be\/wp-content\/uploads\/2020\/01\/Saison-2012-2013-Jean-Ziegler-G\u00e9opolitique-de-la-faim-12-600x400.jpg 600w, https:\/\/gclg.be\/wp-content\/uploads\/2020\/01\/Saison-2012-2013-Jean-Ziegler-G\u00e9opolitique-de-la-faim-12-800x534.jpg 800w, https:\/\/gclg.be\/wp-content\/uploads\/2020\/01\/Saison-2012-2013-Jean-Ziegler-G\u00e9opolitique-de-la-faim-12-1200x801.jpg 1200w, https:\/\/gclg.be\/wp-content\/uploads\/2020\/01\/Saison-2012-2013-Jean-Ziegler-G\u00e9opolitique-de-la-faim-12.jpg 1280w\" sizes=\"(min-width: 2200px) 100vw, (min-width: 796px) 274px, (min-width: 744px) 366px, (min-width: 692px) 549px, (min-width: 640px) 692px, \" \/><\/a><\/div><\/div><div class=\"clearfix\"><\/div><div style=\"padding:1px;\" class=\"fusion-grid-column fusion-gallery-column fusion-gallery-column-4 hover-type-none\"><div class=\"fusion-gallery-image\"><a href=\"https:\/\/gclg.be\/wp-content\/uploads\/2020\/01\/Saison-2012-2013-Jean-Ziegler-G\u00e9opolitique-de-la-faim-11.jpg\" rel=\"noreferrer\" data-rel=\"iLightbox[gallery_image_1]\" class=\"fusion-lightbox\" target=\"_self\"><img src=\"https:\/\/gclg.be\/wp-content\/uploads\/2020\/01\/Saison-2012-2013-Jean-Ziegler-G\u00e9opolitique-de-la-faim-11.jpg\" width=\"1280\" height=\"854\" alt=\"\" title=\"Saison 2012-2013 Jean Ziegler G\u00e9opolitique de la faim 11\" aria-label=\"Saison 2012-2013 Jean Ziegler G\u00e9opolitique de la faim 11\" class=\"img-responsive wp-image-21305\" srcset=\"https:\/\/gclg.be\/wp-content\/uploads\/2020\/01\/Saison-2012-2013-Jean-Ziegler-G\u00e9opolitique-de-la-faim-11-200x133.jpg 200w, https:\/\/gclg.be\/wp-content\/uploads\/2020\/01\/Saison-2012-2013-Jean-Ziegler-G\u00e9opolitique-de-la-faim-11-400x267.jpg 400w, https:\/\/gclg.be\/wp-content\/uploads\/2020\/01\/Saison-2012-2013-Jean-Ziegler-G\u00e9opolitique-de-la-faim-11-600x400.jpg 600w, https:\/\/gclg.be\/wp-content\/uploads\/2020\/01\/Saison-2012-2013-Jean-Ziegler-G\u00e9opolitique-de-la-faim-11-800x534.jpg 800w, https:\/\/gclg.be\/wp-content\/uploads\/2020\/01\/Saison-2012-2013-Jean-Ziegler-G\u00e9opolitique-de-la-faim-11-1200x801.jpg 1200w, https:\/\/gclg.be\/wp-content\/uploads\/2020\/01\/Saison-2012-2013-Jean-Ziegler-G\u00e9opolitique-de-la-faim-11.jpg 1280w\" sizes=\"(min-width: 2200px) 100vw, (min-width: 796px) 274px, (min-width: 744px) 366px, (min-width: 692px) 549px, (min-width: 640px) 692px, \" \/><\/a><\/div><\/div><div style=\"padding:1px;\" class=\"fusion-grid-column fusion-gallery-column fusion-gallery-column-4 hover-type-none\"><div class=\"fusion-gallery-image\"><a href=\"https:\/\/gclg.be\/wp-content\/uploads\/2020\/01\/Saison-2012-2013-Jean-Ziegler-G\u00e9opolitique-de-la-faim-10.jpg\" rel=\"noreferrer\" data-rel=\"iLightbox[gallery_image_1]\" class=\"fusion-lightbox\" target=\"_self\"><img src=\"https:\/\/gclg.be\/wp-content\/uploads\/2020\/01\/Saison-2012-2013-Jean-Ziegler-G\u00e9opolitique-de-la-faim-10.jpg\" width=\"1280\" height=\"854\" alt=\"\" title=\"Saison 2012-2013 Jean Ziegler G\u00e9opolitique de la faim 10\" aria-label=\"Saison 2012-2013 Jean Ziegler G\u00e9opolitique de la faim 10\" class=\"img-responsive wp-image-21304\" srcset=\"https:\/\/gclg.be\/wp-content\/uploads\/2020\/01\/Saison-2012-2013-Jean-Ziegler-G\u00e9opolitique-de-la-faim-10-200x133.jpg 200w, https:\/\/gclg.be\/wp-content\/uploads\/2020\/01\/Saison-2012-2013-Jean-Ziegler-G\u00e9opolitique-de-la-faim-10-400x267.jpg 400w, https:\/\/gclg.be\/wp-content\/uploads\/2020\/01\/Saison-2012-2013-Jean-Ziegler-G\u00e9opolitique-de-la-faim-10-600x400.jpg 600w, https:\/\/gclg.be\/wp-content\/uploads\/2020\/01\/Saison-2012-2013-Jean-Ziegler-G\u00e9opolitique-de-la-faim-10-800x534.jpg 800w, https:\/\/gclg.be\/wp-content\/uploads\/2020\/01\/Saison-2012-2013-Jean-Ziegler-G\u00e9opolitique-de-la-faim-10-1200x801.jpg 1200w, https:\/\/gclg.be\/wp-content\/uploads\/2020\/01\/Saison-2012-2013-Jean-Ziegler-G\u00e9opolitique-de-la-faim-10.jpg 1280w\" sizes=\"(min-width: 2200px) 100vw, (min-width: 796px) 274px, (min-width: 744px) 366px, (min-width: 692px) 549px, (min-width: 640px) 692px, \" \/><\/a><\/div><\/div><div style=\"padding:1px;\" class=\"fusion-grid-column fusion-gallery-column fusion-gallery-column-4 hover-type-none\"><div class=\"fusion-gallery-image\"><a href=\"https:\/\/gclg.be\/wp-content\/uploads\/2020\/01\/Saison-2012-2013-Jean-Ziegler-G\u00e9opolitique-de-la-faim-9.jpg\" rel=\"noreferrer\" data-rel=\"iLightbox[gallery_image_1]\" class=\"fusion-lightbox\" target=\"_self\"><img src=\"https:\/\/gclg.be\/wp-content\/uploads\/2020\/01\/Saison-2012-2013-Jean-Ziegler-G\u00e9opolitique-de-la-faim-9.jpg\" width=\"1280\" height=\"852\" alt=\"\" title=\"Saison 2012-2013 Jean Ziegler G\u00e9opolitique de la faim 9\" aria-label=\"Saison 2012-2013 Jean Ziegler G\u00e9opolitique de la faim 9\" class=\"img-responsive wp-image-21303\" srcset=\"https:\/\/gclg.be\/wp-content\/uploads\/2020\/01\/Saison-2012-2013-Jean-Ziegler-G\u00e9opolitique-de-la-faim-9-200x133.jpg 200w, https:\/\/gclg.be\/wp-content\/uploads\/2020\/01\/Saison-2012-2013-Jean-Ziegler-G\u00e9opolitique-de-la-faim-9-400x266.jpg 400w, https:\/\/gclg.be\/wp-content\/uploads\/2020\/01\/Saison-2012-2013-Jean-Ziegler-G\u00e9opolitique-de-la-faim-9-600x399.jpg 600w, https:\/\/gclg.be\/wp-content\/uploads\/2020\/01\/Saison-2012-2013-Jean-Ziegler-G\u00e9opolitique-de-la-faim-9-800x533.jpg 800w, https:\/\/gclg.be\/wp-content\/uploads\/2020\/01\/Saison-2012-2013-Jean-Ziegler-G\u00e9opolitique-de-la-faim-9-1200x799.jpg 1200w, https:\/\/gclg.be\/wp-content\/uploads\/2020\/01\/Saison-2012-2013-Jean-Ziegler-G\u00e9opolitique-de-la-faim-9.jpg 1280w\" sizes=\"(min-width: 2200px) 100vw, (min-width: 796px) 274px, (min-width: 744px) 366px, (min-width: 692px) 549px, (min-width: 640px) 692px, \" \/><\/a><\/div><\/div><div style=\"padding:1px;\" class=\"fusion-grid-column fusion-gallery-column fusion-gallery-column-4 hover-type-none\"><div class=\"fusion-gallery-image\"><a href=\"https:\/\/gclg.be\/wp-content\/uploads\/2020\/01\/Saison-2012-2013-Jean-Ziegler-G\u00e9opolitique-de-la-faim-8.jpg\" rel=\"noreferrer\" data-rel=\"iLightbox[gallery_image_1]\" class=\"fusion-lightbox\" target=\"_self\"><img src=\"https:\/\/gclg.be\/wp-content\/uploads\/2020\/01\/Saison-2012-2013-Jean-Ziegler-G\u00e9opolitique-de-la-faim-8.jpg\" width=\"1280\" height=\"854\" alt=\"\" title=\"Saison 2012-2013 Jean Ziegler G\u00e9opolitique de la faim 8\" aria-label=\"Saison 2012-2013 Jean Ziegler G\u00e9opolitique de la faim 8\" class=\"img-responsive wp-image-21302\" srcset=\"https:\/\/gclg.be\/wp-content\/uploads\/2020\/01\/Saison-2012-2013-Jean-Ziegler-G\u00e9opolitique-de-la-faim-8-200x133.jpg 200w, https:\/\/gclg.be\/wp-content\/uploads\/2020\/01\/Saison-2012-2013-Jean-Ziegler-G\u00e9opolitique-de-la-faim-8-400x267.jpg 400w, https:\/\/gclg.be\/wp-content\/uploads\/2020\/01\/Saison-2012-2013-Jean-Ziegler-G\u00e9opolitique-de-la-faim-8-600x400.jpg 600w, https:\/\/gclg.be\/wp-content\/uploads\/2020\/01\/Saison-2012-2013-Jean-Ziegler-G\u00e9opolitique-de-la-faim-8-800x534.jpg 800w, https:\/\/gclg.be\/wp-content\/uploads\/2020\/01\/Saison-2012-2013-Jean-Ziegler-G\u00e9opolitique-de-la-faim-8-1200x801.jpg 1200w, https:\/\/gclg.be\/wp-content\/uploads\/2020\/01\/Saison-2012-2013-Jean-Ziegler-G\u00e9opolitique-de-la-faim-8.jpg 1280w\" sizes=\"(min-width: 2200px) 100vw, (min-width: 796px) 274px, (min-width: 744px) 366px, (min-width: 692px) 549px, (min-width: 640px) 692px, \" \/><\/a><\/div><\/div><div class=\"clearfix\"><\/div><div style=\"padding:1px;\" class=\"fusion-grid-column fusion-gallery-column fusion-gallery-column-4 hover-type-none\"><div class=\"fusion-gallery-image\"><a href=\"https:\/\/gclg.be\/wp-content\/uploads\/2020\/01\/Saison-2012-2013-Jean-Ziegler-G\u00e9opolitique-de-la-faim-7.jpg\" rel=\"noreferrer\" data-rel=\"iLightbox[gallery_image_1]\" class=\"fusion-lightbox\" target=\"_self\"><img src=\"https:\/\/gclg.be\/wp-content\/uploads\/2020\/01\/Saison-2012-2013-Jean-Ziegler-G\u00e9opolitique-de-la-faim-7.jpg\" width=\"1280\" height=\"854\" alt=\"\" title=\"Saison 2012-2013 Jean Ziegler G\u00e9opolitique de la faim 7\" aria-label=\"Saison 2012-2013 Jean Ziegler G\u00e9opolitique de la faim 7\" class=\"img-responsive wp-image-21301\" srcset=\"https:\/\/gclg.be\/wp-content\/uploads\/2020\/01\/Saison-2012-2013-Jean-Ziegler-G\u00e9opolitique-de-la-faim-7-200x133.jpg 200w, https:\/\/gclg.be\/wp-content\/uploads\/2020\/01\/Saison-2012-2013-Jean-Ziegler-G\u00e9opolitique-de-la-faim-7-400x267.jpg 400w, https:\/\/gclg.be\/wp-content\/uploads\/2020\/01\/Saison-2012-2013-Jean-Ziegler-G\u00e9opolitique-de-la-faim-7-600x400.jpg 600w, https:\/\/gclg.be\/wp-content\/uploads\/2020\/01\/Saison-2012-2013-Jean-Ziegler-G\u00e9opolitique-de-la-faim-7-800x534.jpg 800w, https:\/\/gclg.be\/wp-content\/uploads\/2020\/01\/Saison-2012-2013-Jean-Ziegler-G\u00e9opolitique-de-la-faim-7-1200x801.jpg 1200w, https:\/\/gclg.be\/wp-content\/uploads\/2020\/01\/Saison-2012-2013-Jean-Ziegler-G\u00e9opolitique-de-la-faim-7.jpg 1280w\" sizes=\"(min-width: 2200px) 100vw, (min-width: 796px) 274px, (min-width: 744px) 366px, (min-width: 692px) 549px, (min-width: 640px) 692px, \" \/><\/a><\/div><\/div><div style=\"padding:1px;\" class=\"fusion-grid-column fusion-gallery-column fusion-gallery-column-4 hover-type-none\"><div class=\"fusion-gallery-image\"><a href=\"https:\/\/gclg.be\/wp-content\/uploads\/2020\/01\/Saison-2012-2013-Jean-Ziegler-G\u00e9opolitique-de-la-faim-6.jpg\" rel=\"noreferrer\" data-rel=\"iLightbox[gallery_image_1]\" class=\"fusion-lightbox\" target=\"_self\"><img src=\"https:\/\/gclg.be\/wp-content\/uploads\/2020\/01\/Saison-2012-2013-Jean-Ziegler-G\u00e9opolitique-de-la-faim-6.jpg\" width=\"1280\" height=\"854\" alt=\"\" title=\"Saison 2012-2013 Jean Ziegler G\u00e9opolitique de la faim 6\" aria-label=\"Saison 2012-2013 Jean Ziegler G\u00e9opolitique de la faim 6\" class=\"img-responsive wp-image-21300\" srcset=\"https:\/\/gclg.be\/wp-content\/uploads\/2020\/01\/Saison-2012-2013-Jean-Ziegler-G\u00e9opolitique-de-la-faim-6-200x133.jpg 200w, https:\/\/gclg.be\/wp-content\/uploads\/2020\/01\/Saison-2012-2013-Jean-Ziegler-G\u00e9opolitique-de-la-faim-6-400x267.jpg 400w, https:\/\/gclg.be\/wp-content\/uploads\/2020\/01\/Saison-2012-2013-Jean-Ziegler-G\u00e9opolitique-de-la-faim-6-600x400.jpg 600w, https:\/\/gclg.be\/wp-content\/uploads\/2020\/01\/Saison-2012-2013-Jean-Ziegler-G\u00e9opolitique-de-la-faim-6-800x534.jpg 800w, https:\/\/gclg.be\/wp-content\/uploads\/2020\/01\/Saison-2012-2013-Jean-Ziegler-G\u00e9opolitique-de-la-faim-6-1200x801.jpg 1200w, https:\/\/gclg.be\/wp-content\/uploads\/2020\/01\/Saison-2012-2013-Jean-Ziegler-G\u00e9opolitique-de-la-faim-6.jpg 1280w\" sizes=\"(min-width: 2200px) 100vw, (min-width: 796px) 274px, (min-width: 744px) 366px, (min-width: 692px) 549px, (min-width: 640px) 692px, \" \/><\/a><\/div><\/div><div style=\"padding:1px;\" class=\"fusion-grid-column fusion-gallery-column fusion-gallery-column-4 hover-type-none\"><div class=\"fusion-gallery-image\"><a href=\"https:\/\/gclg.be\/wp-content\/uploads\/2020\/01\/Saison-2012-2013-Jean-Ziegler-G\u00e9opolitique-de-la-faim-5.jpg\" rel=\"noreferrer\" data-rel=\"iLightbox[gallery_image_1]\" class=\"fusion-lightbox\" target=\"_self\"><img src=\"https:\/\/gclg.be\/wp-content\/uploads\/2020\/01\/Saison-2012-2013-Jean-Ziegler-G\u00e9opolitique-de-la-faim-5.jpg\" width=\"1280\" height=\"854\" alt=\"\" title=\"Saison 2012-2013 Jean Ziegler G\u00e9opolitique de la faim 5\" aria-label=\"Saison 2012-2013 Jean Ziegler G\u00e9opolitique de la faim 5\" class=\"img-responsive wp-image-21299\" srcset=\"https:\/\/gclg.be\/wp-content\/uploads\/2020\/01\/Saison-2012-2013-Jean-Ziegler-G\u00e9opolitique-de-la-faim-5-200x133.jpg 200w, https:\/\/gclg.be\/wp-content\/uploads\/2020\/01\/Saison-2012-2013-Jean-Ziegler-G\u00e9opolitique-de-la-faim-5-400x267.jpg 400w, https:\/\/gclg.be\/wp-content\/uploads\/2020\/01\/Saison-2012-2013-Jean-Ziegler-G\u00e9opolitique-de-la-faim-5-600x400.jpg 600w, https:\/\/gclg.be\/wp-content\/uploads\/2020\/01\/Saison-2012-2013-Jean-Ziegler-G\u00e9opolitique-de-la-faim-5-800x534.jpg 800w, https:\/\/gclg.be\/wp-content\/uploads\/2020\/01\/Saison-2012-2013-Jean-Ziegler-G\u00e9opolitique-de-la-faim-5-1200x801.jpg 1200w, https:\/\/gclg.be\/wp-content\/uploads\/2020\/01\/Saison-2012-2013-Jean-Ziegler-G\u00e9opolitique-de-la-faim-5.jpg 1280w\" sizes=\"(min-width: 2200px) 100vw, (min-width: 796px) 274px, (min-width: 744px) 366px, (min-width: 692px) 549px, (min-width: 640px) 692px, \" \/><\/a><\/div><\/div><div style=\"padding:1px;\" class=\"fusion-grid-column fusion-gallery-column fusion-gallery-column-4 hover-type-none\"><div class=\"fusion-gallery-image\"><a href=\"https:\/\/gclg.be\/wp-content\/uploads\/2020\/01\/Saison-2012-2013-Jean-Ziegler-G\u00e9opolitique-de-la-faim-4.jpg\" rel=\"noreferrer\" data-rel=\"iLightbox[gallery_image_1]\" class=\"fusion-lightbox\" target=\"_self\"><img src=\"https:\/\/gclg.be\/wp-content\/uploads\/2020\/01\/Saison-2012-2013-Jean-Ziegler-G\u00e9opolitique-de-la-faim-4.jpg\" width=\"1280\" height=\"854\" alt=\"\" title=\"Saison 2012-2013 Jean Ziegler G\u00e9opolitique de la faim 4\" aria-label=\"Saison 2012-2013 Jean Ziegler G\u00e9opolitique de la faim 4\" class=\"img-responsive wp-image-21297\" srcset=\"https:\/\/gclg.be\/wp-content\/uploads\/2020\/01\/Saison-2012-2013-Jean-Ziegler-G\u00e9opolitique-de-la-faim-4-200x133.jpg 200w, https:\/\/gclg.be\/wp-content\/uploads\/2020\/01\/Saison-2012-2013-Jean-Ziegler-G\u00e9opolitique-de-la-faim-4-400x267.jpg 400w, https:\/\/gclg.be\/wp-content\/uploads\/2020\/01\/Saison-2012-2013-Jean-Ziegler-G\u00e9opolitique-de-la-faim-4-600x400.jpg 600w, https:\/\/gclg.be\/wp-content\/uploads\/2020\/01\/Saison-2012-2013-Jean-Ziegler-G\u00e9opolitique-de-la-faim-4-800x534.jpg 800w, https:\/\/gclg.be\/wp-content\/uploads\/2020\/01\/Saison-2012-2013-Jean-Ziegler-G\u00e9opolitique-de-la-faim-4-1200x801.jpg 1200w, https:\/\/gclg.be\/wp-content\/uploads\/2020\/01\/Saison-2012-2013-Jean-Ziegler-G\u00e9opolitique-de-la-faim-4.jpg 1280w\" sizes=\"(min-width: 2200px) 100vw, (min-width: 796px) 274px, (min-width: 744px) 366px, (min-width: 692px) 549px, (min-width: 640px) 692px, \" \/><\/a><\/div><\/div><div class=\"clearfix\"><\/div><div style=\"padding:1px;\" class=\"fusion-grid-column fusion-gallery-column fusion-gallery-column-4 hover-type-none\"><div class=\"fusion-gallery-image\"><a href=\"https:\/\/gclg.be\/wp-content\/uploads\/2020\/01\/Saison-2012-2013-Jean-Ziegler-G\u00e9opolitique-de-la-faim-3.jpg\" rel=\"noreferrer\" data-rel=\"iLightbox[gallery_image_1]\" class=\"fusion-lightbox\" target=\"_self\"><img src=\"https:\/\/gclg.be\/wp-content\/uploads\/2020\/01\/Saison-2012-2013-Jean-Ziegler-G\u00e9opolitique-de-la-faim-3.jpg\" width=\"1280\" height=\"854\" alt=\"\" title=\"Saison 2012-2013 Jean Ziegler G\u00e9opolitique de la faim 3\" aria-label=\"Saison 2012-2013 Jean Ziegler G\u00e9opolitique de la faim 3\" class=\"img-responsive wp-image-21296\" srcset=\"https:\/\/gclg.be\/wp-content\/uploads\/2020\/01\/Saison-2012-2013-Jean-Ziegler-G\u00e9opolitique-de-la-faim-3-200x133.jpg 200w, https:\/\/gclg.be\/wp-content\/uploads\/2020\/01\/Saison-2012-2013-Jean-Ziegler-G\u00e9opolitique-de-la-faim-3-400x267.jpg 400w, https:\/\/gclg.be\/wp-content\/uploads\/2020\/01\/Saison-2012-2013-Jean-Ziegler-G\u00e9opolitique-de-la-faim-3-600x400.jpg 600w, https:\/\/gclg.be\/wp-content\/uploads\/2020\/01\/Saison-2012-2013-Jean-Ziegler-G\u00e9opolitique-de-la-faim-3-800x534.jpg 800w, https:\/\/gclg.be\/wp-content\/uploads\/2020\/01\/Saison-2012-2013-Jean-Ziegler-G\u00e9opolitique-de-la-faim-3-1200x801.jpg 1200w, https:\/\/gclg.be\/wp-content\/uploads\/2020\/01\/Saison-2012-2013-Jean-Ziegler-G\u00e9opolitique-de-la-faim-3.jpg 1280w\" sizes=\"(min-width: 2200px) 100vw, (min-width: 796px) 274px, (min-width: 744px) 366px, (min-width: 692px) 549px, (min-width: 640px) 692px, \" \/><\/a><\/div><\/div><div style=\"padding:1px;\" class=\"fusion-grid-column fusion-gallery-column fusion-gallery-column-4 hover-type-none\"><div class=\"fusion-gallery-image\"><a href=\"https:\/\/gclg.be\/wp-content\/uploads\/2020\/01\/Saison-2012-2013-Jean-Ziegler-G\u00e9opolitique-de-la-faim-2.jpg\" rel=\"noreferrer\" data-rel=\"iLightbox[gallery_image_1]\" class=\"fusion-lightbox\" target=\"_self\"><img src=\"https:\/\/gclg.be\/wp-content\/uploads\/2020\/01\/Saison-2012-2013-Jean-Ziegler-G\u00e9opolitique-de-la-faim-2.jpg\" width=\"1280\" height=\"854\" alt=\"\" title=\"Saison 2012-2013 Jean Ziegler G\u00e9opolitique de la faim 2\" aria-label=\"Saison 2012-2013 Jean Ziegler G\u00e9opolitique de la faim 2\" class=\"img-responsive wp-image-21295\" srcset=\"https:\/\/gclg.be\/wp-content\/uploads\/2020\/01\/Saison-2012-2013-Jean-Ziegler-G\u00e9opolitique-de-la-faim-2-200x133.jpg 200w, https:\/\/gclg.be\/wp-content\/uploads\/2020\/01\/Saison-2012-2013-Jean-Ziegler-G\u00e9opolitique-de-la-faim-2-400x267.jpg 400w, https:\/\/gclg.be\/wp-content\/uploads\/2020\/01\/Saison-2012-2013-Jean-Ziegler-G\u00e9opolitique-de-la-faim-2-600x400.jpg 600w, https:\/\/gclg.be\/wp-content\/uploads\/2020\/01\/Saison-2012-2013-Jean-Ziegler-G\u00e9opolitique-de-la-faim-2-800x534.jpg 800w, https:\/\/gclg.be\/wp-content\/uploads\/2020\/01\/Saison-2012-2013-Jean-Ziegler-G\u00e9opolitique-de-la-faim-2-1200x801.jpg 1200w, https:\/\/gclg.be\/wp-content\/uploads\/2020\/01\/Saison-2012-2013-Jean-Ziegler-G\u00e9opolitique-de-la-faim-2.jpg 1280w\" sizes=\"(min-width: 2200px) 100vw, (min-width: 796px) 274px, (min-width: 744px) 366px, (min-width: 692px) 549px, (min-width: 640px) 692px, \" \/><\/a><\/div><\/div><div style=\"padding:1px;\" class=\"fusion-grid-column fusion-gallery-column fusion-gallery-column-4 hover-type-none\"><div class=\"fusion-gallery-image\"><a href=\"https:\/\/gclg.be\/wp-content\/uploads\/2020\/01\/Saison-2012-2013-Jean-Ziegler-G\u00e9opolitique-de-la-faim-1.jpg\" rel=\"noreferrer\" data-rel=\"iLightbox[gallery_image_1]\" class=\"fusion-lightbox\" target=\"_self\"><img src=\"https:\/\/gclg.be\/wp-content\/uploads\/2020\/01\/Saison-2012-2013-Jean-Ziegler-G\u00e9opolitique-de-la-faim-1.jpg\" width=\"1280\" height=\"854\" alt=\"\" title=\"Saison 2012-2013 Jean Ziegler G\u00e9opolitique de la faim 1\" aria-label=\"Saison 2012-2013 Jean Ziegler G\u00e9opolitique de la faim 1\" class=\"img-responsive wp-image-21294\" srcset=\"https:\/\/gclg.be\/wp-content\/uploads\/2020\/01\/Saison-2012-2013-Jean-Ziegler-G\u00e9opolitique-de-la-faim-1-200x133.jpg 200w, https:\/\/gclg.be\/wp-content\/uploads\/2020\/01\/Saison-2012-2013-Jean-Ziegler-G\u00e9opolitique-de-la-faim-1-400x267.jpg 400w, https:\/\/gclg.be\/wp-content\/uploads\/2020\/01\/Saison-2012-2013-Jean-Ziegler-G\u00e9opolitique-de-la-faim-1-600x400.jpg 600w, https:\/\/gclg.be\/wp-content\/uploads\/2020\/01\/Saison-2012-2013-Jean-Ziegler-G\u00e9opolitique-de-la-faim-1-800x534.jpg 800w, https:\/\/gclg.be\/wp-content\/uploads\/2020\/01\/Saison-2012-2013-Jean-Ziegler-G\u00e9opolitique-de-la-faim-1-1200x801.jpg 1200w, https:\/\/gclg.be\/wp-content\/uploads\/2020\/01\/Saison-2012-2013-Jean-Ziegler-G\u00e9opolitique-de-la-faim-1.jpg 1280w\" sizes=\"(min-width: 2200px) 100vw, (min-width: 796px) 274px, (min-width: 744px) 366px, (min-width: 692px) 549px, (min-width: 640px) 692px, \" \/><\/a><\/div><\/div><div style=\"padding:1px;\" class=\"fusion-grid-column fusion-gallery-column fusion-gallery-column-4 hover-type-none\"><div class=\"fusion-gallery-image\"><a href=\"https:\/\/gclg.be\/wp-content\/uploads\/2020\/01\/Saison-2012-2013-Fr\u00e9d\u00e9ric-Mitterrand-Culture-et-d\u00e9mocratie-13.jpg\" rel=\"noreferrer\" data-rel=\"iLightbox[gallery_image_1]\" class=\"fusion-lightbox\" target=\"_self\"><img src=\"https:\/\/gclg.be\/wp-content\/uploads\/2020\/01\/Saison-2012-2013-Fr\u00e9d\u00e9ric-Mitterrand-Culture-et-d\u00e9mocratie-13.jpg\" width=\"1280\" height=\"852\" alt=\"\" title=\"Saison 2012-2013 Fr\u00e9d\u00e9ric Mitterrand Culture et d\u00e9mocratie 13\" aria-label=\"Saison 2012-2013 Fr\u00e9d\u00e9ric Mitterrand Culture et d\u00e9mocratie 13\" class=\"img-responsive wp-image-21293\" srcset=\"https:\/\/gclg.be\/wp-content\/uploads\/2020\/01\/Saison-2012-2013-Fr\u00e9d\u00e9ric-Mitterrand-Culture-et-d\u00e9mocratie-13-200x133.jpg 200w, https:\/\/gclg.be\/wp-content\/uploads\/2020\/01\/Saison-2012-2013-Fr\u00e9d\u00e9ric-Mitterrand-Culture-et-d\u00e9mocratie-13-400x266.jpg 400w, https:\/\/gclg.be\/wp-content\/uploads\/2020\/01\/Saison-2012-2013-Fr\u00e9d\u00e9ric-Mitterrand-Culture-et-d\u00e9mocratie-13-600x399.jpg 600w, https:\/\/gclg.be\/wp-content\/uploads\/2020\/01\/Saison-2012-2013-Fr\u00e9d\u00e9ric-Mitterrand-Culture-et-d\u00e9mocratie-13-800x533.jpg 800w, https:\/\/gclg.be\/wp-content\/uploads\/2020\/01\/Saison-2012-2013-Fr\u00e9d\u00e9ric-Mitterrand-Culture-et-d\u00e9mocratie-13-1200x799.jpg 1200w, https:\/\/gclg.be\/wp-content\/uploads\/2020\/01\/Saison-2012-2013-Fr\u00e9d\u00e9ric-Mitterrand-Culture-et-d\u00e9mocratie-13.jpg 1280w\" sizes=\"(min-width: 2200px) 100vw, (min-width: 796px) 274px, (min-width: 744px) 366px, (min-width: 692px) 549px, (min-width: 640px) 692px, \" \/><\/a><\/div><\/div><div class=\"clearfix\"><\/div><div style=\"padding:1px;\" class=\"fusion-grid-column fusion-gallery-column fusion-gallery-column-4 hover-type-none\"><div class=\"fusion-gallery-image\"><a href=\"https:\/\/gclg.be\/wp-content\/uploads\/2020\/01\/Saison-2012-2013-Fr\u00e9d\u00e9ric-Mitterrand-Culture-et-d\u00e9mocratie-12.jpg\" rel=\"noreferrer\" data-rel=\"iLightbox[gallery_image_1]\" class=\"fusion-lightbox\" target=\"_self\"><img src=\"https:\/\/gclg.be\/wp-content\/uploads\/2020\/01\/Saison-2012-2013-Fr\u00e9d\u00e9ric-Mitterrand-Culture-et-d\u00e9mocratie-12.jpg\" width=\"1280\" height=\"854\" alt=\"\" title=\"Saison 2012-2013 Fr\u00e9d\u00e9ric Mitterrand Culture et d\u00e9mocratie 12\" aria-label=\"Saison 2012-2013 Fr\u00e9d\u00e9ric Mitterrand Culture et d\u00e9mocratie 12\" class=\"img-responsive wp-image-21292\" srcset=\"https:\/\/gclg.be\/wp-content\/uploads\/2020\/01\/Saison-2012-2013-Fr\u00e9d\u00e9ric-Mitterrand-Culture-et-d\u00e9mocratie-12-200x133.jpg 200w, https:\/\/gclg.be\/wp-content\/uploads\/2020\/01\/Saison-2012-2013-Fr\u00e9d\u00e9ric-Mitterrand-Culture-et-d\u00e9mocratie-12-400x267.jpg 400w, https:\/\/gclg.be\/wp-content\/uploads\/2020\/01\/Saison-2012-2013-Fr\u00e9d\u00e9ric-Mitterrand-Culture-et-d\u00e9mocratie-12-600x400.jpg 600w, https:\/\/gclg.be\/wp-content\/uploads\/2020\/01\/Saison-2012-2013-Fr\u00e9d\u00e9ric-Mitterrand-Culture-et-d\u00e9mocratie-12-800x534.jpg 800w, https:\/\/gclg.be\/wp-content\/uploads\/2020\/01\/Saison-2012-2013-Fr\u00e9d\u00e9ric-Mitterrand-Culture-et-d\u00e9mocratie-12-1200x801.jpg 1200w, https:\/\/gclg.be\/wp-content\/uploads\/2020\/01\/Saison-2012-2013-Fr\u00e9d\u00e9ric-Mitterrand-Culture-et-d\u00e9mocratie-12.jpg 1280w\" sizes=\"(min-width: 2200px) 100vw, (min-width: 796px) 274px, (min-width: 744px) 366px, (min-width: 692px) 549px, (min-width: 640px) 692px, \" \/><\/a><\/div><\/div><div style=\"padding:1px;\" class=\"fusion-grid-column fusion-gallery-column fusion-gallery-column-4 hover-type-none\"><div class=\"fusion-gallery-image\"><a href=\"https:\/\/gclg.be\/wp-content\/uploads\/2020\/01\/Saison-2012-2013-Fr\u00e9d\u00e9ric-Mitterrand-Culture-et-d\u00e9mocratie-11.jpg\" rel=\"noreferrer\" data-rel=\"iLightbox[gallery_image_1]\" class=\"fusion-lightbox\" target=\"_self\"><img src=\"https:\/\/gclg.be\/wp-content\/uploads\/2020\/01\/Saison-2012-2013-Fr\u00e9d\u00e9ric-Mitterrand-Culture-et-d\u00e9mocratie-11.jpg\" width=\"1280\" height=\"854\" alt=\"\" title=\"Saison 2012-2013 Fr\u00e9d\u00e9ric Mitterrand Culture et d\u00e9mocratie 11\" aria-label=\"Saison 2012-2013 Fr\u00e9d\u00e9ric Mitterrand Culture et d\u00e9mocratie 11\" class=\"img-responsive wp-image-21291\" srcset=\"https:\/\/gclg.be\/wp-content\/uploads\/2020\/01\/Saison-2012-2013-Fr\u00e9d\u00e9ric-Mitterrand-Culture-et-d\u00e9mocratie-11-200x133.jpg 200w, https:\/\/gclg.be\/wp-content\/uploads\/2020\/01\/Saison-2012-2013-Fr\u00e9d\u00e9ric-Mitterrand-Culture-et-d\u00e9mocratie-11-400x267.jpg 400w, https:\/\/gclg.be\/wp-content\/uploads\/2020\/01\/Saison-2012-2013-Fr\u00e9d\u00e9ric-Mitterrand-Culture-et-d\u00e9mocratie-11-600x400.jpg 600w, https:\/\/gclg.be\/wp-content\/uploads\/2020\/01\/Saison-2012-2013-Fr\u00e9d\u00e9ric-Mitterrand-Culture-et-d\u00e9mocratie-11-800x534.jpg 800w, https:\/\/gclg.be\/wp-content\/uploads\/2020\/01\/Saison-2012-2013-Fr\u00e9d\u00e9ric-Mitterrand-Culture-et-d\u00e9mocratie-11-1200x801.jpg 1200w, https:\/\/gclg.be\/wp-content\/uploads\/2020\/01\/Saison-2012-2013-Fr\u00e9d\u00e9ric-Mitterrand-Culture-et-d\u00e9mocratie-11.jpg 1280w\" sizes=\"(min-width: 2200px) 100vw, (min-width: 796px) 274px, (min-width: 744px) 366px, (min-width: 692px) 549px, (min-width: 640px) 692px, \" \/><\/a><\/div><\/div><div style=\"padding:1px;\" class=\"fusion-grid-column fusion-gallery-column fusion-gallery-column-4 hover-type-none\"><div class=\"fusion-gallery-image\"><a href=\"https:\/\/gclg.be\/wp-content\/uploads\/2020\/01\/Saison-2012-2013-Fr\u00e9d\u00e9ric-Mitterrand-Culture-et-d\u00e9mocratie-10.jpg\" rel=\"noreferrer\" data-rel=\"iLightbox[gallery_image_1]\" class=\"fusion-lightbox\" target=\"_self\"><img src=\"https:\/\/gclg.be\/wp-content\/uploads\/2020\/01\/Saison-2012-2013-Fr\u00e9d\u00e9ric-Mitterrand-Culture-et-d\u00e9mocratie-10.jpg\" width=\"1280\" height=\"854\" alt=\"\" title=\"Saison 2012-2013 Fr\u00e9d\u00e9ric Mitterrand Culture et d\u00e9mocratie 10\" aria-label=\"Saison 2012-2013 Fr\u00e9d\u00e9ric Mitterrand Culture et d\u00e9mocratie 10\" class=\"img-responsive wp-image-21290\" srcset=\"https:\/\/gclg.be\/wp-content\/uploads\/2020\/01\/Saison-2012-2013-Fr\u00e9d\u00e9ric-Mitterrand-Culture-et-d\u00e9mocratie-10-200x133.jpg 200w, https:\/\/gclg.be\/wp-content\/uploads\/2020\/01\/Saison-2012-2013-Fr\u00e9d\u00e9ric-Mitterrand-Culture-et-d\u00e9mocratie-10-400x267.jpg 400w, https:\/\/gclg.be\/wp-content\/uploads\/2020\/01\/Saison-2012-2013-Fr\u00e9d\u00e9ric-Mitterrand-Culture-et-d\u00e9mocratie-10-600x400.jpg 600w, https:\/\/gclg.be\/wp-content\/uploads\/2020\/01\/Saison-2012-2013-Fr\u00e9d\u00e9ric-Mitterrand-Culture-et-d\u00e9mocratie-10-800x534.jpg 800w, https:\/\/gclg.be\/wp-content\/uploads\/2020\/01\/Saison-2012-2013-Fr\u00e9d\u00e9ric-Mitterrand-Culture-et-d\u00e9mocratie-10-1200x801.jpg 1200w, https:\/\/gclg.be\/wp-content\/uploads\/2020\/01\/Saison-2012-2013-Fr\u00e9d\u00e9ric-Mitterrand-Culture-et-d\u00e9mocratie-10.jpg 1280w\" sizes=\"(min-width: 2200px) 100vw, (min-width: 796px) 274px, (min-width: 744px) 366px, (min-width: 692px) 549px, (min-width: 640px) 692px, \" \/><\/a><\/div><\/div><div style=\"padding:1px;\" class=\"fusion-grid-column fusion-gallery-column fusion-gallery-column-4 hover-type-none\"><div class=\"fusion-gallery-image\"><a href=\"https:\/\/gclg.be\/wp-content\/uploads\/2020\/01\/Saison-2012-2013-Fr\u00e9d\u00e9ric-Mitterrand-Culture-et-d\u00e9mocratie-9.jpg\" rel=\"noreferrer\" data-rel=\"iLightbox[gallery_image_1]\" class=\"fusion-lightbox\" target=\"_self\"><img src=\"https:\/\/gclg.be\/wp-content\/uploads\/2020\/01\/Saison-2012-2013-Fr\u00e9d\u00e9ric-Mitterrand-Culture-et-d\u00e9mocratie-9.jpg\" width=\"1280\" height=\"854\" alt=\"\" title=\"Saison 2012-2013 Fr\u00e9d\u00e9ric Mitterrand Culture et d\u00e9mocratie 9\" aria-label=\"Saison 2012-2013 Fr\u00e9d\u00e9ric Mitterrand Culture et d\u00e9mocratie 9\" class=\"img-responsive wp-image-21289\" srcset=\"https:\/\/gclg.be\/wp-content\/uploads\/2020\/01\/Saison-2012-2013-Fr\u00e9d\u00e9ric-Mitterrand-Culture-et-d\u00e9mocratie-9-200x133.jpg 200w, https:\/\/gclg.be\/wp-content\/uploads\/2020\/01\/Saison-2012-2013-Fr\u00e9d\u00e9ric-Mitterrand-Culture-et-d\u00e9mocratie-9-400x267.jpg 400w, https:\/\/gclg.be\/wp-content\/uploads\/2020\/01\/Saison-2012-2013-Fr\u00e9d\u00e9ric-Mitterrand-Culture-et-d\u00e9mocratie-9-600x400.jpg 600w, https:\/\/gclg.be\/wp-content\/uploads\/2020\/01\/Saison-2012-2013-Fr\u00e9d\u00e9ric-Mitterrand-Culture-et-d\u00e9mocratie-9-800x534.jpg 800w, https:\/\/gclg.be\/wp-content\/uploads\/2020\/01\/Saison-2012-2013-Fr\u00e9d\u00e9ric-Mitterrand-Culture-et-d\u00e9mocratie-9-1200x801.jpg 1200w, https:\/\/gclg.be\/wp-content\/uploads\/2020\/01\/Saison-2012-2013-Fr\u00e9d\u00e9ric-Mitterrand-Culture-et-d\u00e9mocratie-9.jpg 1280w\" sizes=\"(min-width: 2200px) 100vw, (min-width: 796px) 274px, (min-width: 744px) 366px, (min-width: 692px) 549px, (min-width: 640px) 692px, \" \/><\/a><\/div><\/div><div class=\"clearfix\"><\/div><div style=\"padding:1px;\" class=\"fusion-grid-column fusion-gallery-column fusion-gallery-column-4 hover-type-none\"><div class=\"fusion-gallery-image\"><a href=\"https:\/\/gclg.be\/wp-content\/uploads\/2020\/01\/Saison-2012-2013-Fr\u00e9d\u00e9ric-Mitterrand-Culture-et-d\u00e9mocratie-8.jpg\" rel=\"noreferrer\" data-rel=\"iLightbox[gallery_image_1]\" class=\"fusion-lightbox\" target=\"_self\"><img src=\"https:\/\/gclg.be\/wp-content\/uploads\/2020\/01\/Saison-2012-2013-Fr\u00e9d\u00e9ric-Mitterrand-Culture-et-d\u00e9mocratie-8.jpg\" width=\"1280\" height=\"854\" alt=\"\" title=\"Saison 2012-2013 Fr\u00e9d\u00e9ric Mitterrand Culture et d\u00e9mocratie 8\" aria-label=\"Saison 2012-2013 Fr\u00e9d\u00e9ric Mitterrand Culture et d\u00e9mocratie 8\" class=\"img-responsive wp-image-21288\" srcset=\"https:\/\/gclg.be\/wp-content\/uploads\/2020\/01\/Saison-2012-2013-Fr\u00e9d\u00e9ric-Mitterrand-Culture-et-d\u00e9mocratie-8-200x133.jpg 200w, https:\/\/gclg.be\/wp-content\/uploads\/2020\/01\/Saison-2012-2013-Fr\u00e9d\u00e9ric-Mitterrand-Culture-et-d\u00e9mocratie-8-400x267.jpg 400w, https:\/\/gclg.be\/wp-content\/uploads\/2020\/01\/Saison-2012-2013-Fr\u00e9d\u00e9ric-Mitterrand-Culture-et-d\u00e9mocratie-8-600x400.jpg 600w, https:\/\/gclg.be\/wp-content\/uploads\/2020\/01\/Saison-2012-2013-Fr\u00e9d\u00e9ric-Mitterrand-Culture-et-d\u00e9mocratie-8-800x534.jpg 800w, https:\/\/gclg.be\/wp-content\/uploads\/2020\/01\/Saison-2012-2013-Fr\u00e9d\u00e9ric-Mitterrand-Culture-et-d\u00e9mocratie-8-1200x801.jpg 1200w, https:\/\/gclg.be\/wp-content\/uploads\/2020\/01\/Saison-2012-2013-Fr\u00e9d\u00e9ric-Mitterrand-Culture-et-d\u00e9mocratie-8.jpg 1280w\" sizes=\"(min-width: 2200px) 100vw, (min-width: 796px) 274px, (min-width: 744px) 366px, (min-width: 692px) 549px, (min-width: 640px) 692px, \" \/><\/a><\/div><\/div><div style=\"padding:1px;\" class=\"fusion-grid-column fusion-gallery-column fusion-gallery-column-4 hover-type-none\"><div class=\"fusion-gallery-image\"><a href=\"https:\/\/gclg.be\/wp-content\/uploads\/2020\/01\/Saison-2012-2013-Fr\u00e9d\u00e9ric-Mitterrand-Culture-et-d\u00e9mocratie-7.jpg\" rel=\"noreferrer\" data-rel=\"iLightbox[gallery_image_1]\" class=\"fusion-lightbox\" target=\"_self\"><img src=\"https:\/\/gclg.be\/wp-content\/uploads\/2020\/01\/Saison-2012-2013-Fr\u00e9d\u00e9ric-Mitterrand-Culture-et-d\u00e9mocratie-7.jpg\" width=\"1280\" height=\"854\" alt=\"\" title=\"Saison 2012-2013 Fr\u00e9d\u00e9ric Mitterrand Culture et d\u00e9mocratie 7\" aria-label=\"Saison 2012-2013 Fr\u00e9d\u00e9ric Mitterrand Culture et d\u00e9mocratie 7\" class=\"img-responsive wp-image-21287\" srcset=\"https:\/\/gclg.be\/wp-content\/uploads\/2020\/01\/Saison-2012-2013-Fr\u00e9d\u00e9ric-Mitterrand-Culture-et-d\u00e9mocratie-7-200x133.jpg 200w, https:\/\/gclg.be\/wp-content\/uploads\/2020\/01\/Saison-2012-2013-Fr\u00e9d\u00e9ric-Mitterrand-Culture-et-d\u00e9mocratie-7-400x267.jpg 400w, https:\/\/gclg.be\/wp-content\/uploads\/2020\/01\/Saison-2012-2013-Fr\u00e9d\u00e9ric-Mitterrand-Culture-et-d\u00e9mocratie-7-600x400.jpg 600w, https:\/\/gclg.be\/wp-content\/uploads\/2020\/01\/Saison-2012-2013-Fr\u00e9d\u00e9ric-Mitterrand-Culture-et-d\u00e9mocratie-7-800x534.jpg 800w, https:\/\/gclg.be\/wp-content\/uploads\/2020\/01\/Saison-2012-2013-Fr\u00e9d\u00e9ric-Mitterrand-Culture-et-d\u00e9mocratie-7-1200x801.jpg 1200w, https:\/\/gclg.be\/wp-content\/uploads\/2020\/01\/Saison-2012-2013-Fr\u00e9d\u00e9ric-Mitterrand-Culture-et-d\u00e9mocratie-7.jpg 1280w\" sizes=\"(min-width: 2200px) 100vw, (min-width: 796px) 274px, (min-width: 744px) 366px, (min-width: 692px) 549px, (min-width: 640px) 692px, \" \/><\/a><\/div><\/div><div style=\"padding:1px;\" class=\"fusion-grid-column fusion-gallery-column fusion-gallery-column-4 hover-type-none\"><div class=\"fusion-gallery-image\"><a href=\"https:\/\/gclg.be\/wp-content\/uploads\/2020\/01\/Saison-2012-2013-Fr\u00e9d\u00e9ric-Mitterrand-Culture-et-d\u00e9mocratie-6.jpg\" rel=\"noreferrer\" data-rel=\"iLightbox[gallery_image_1]\" class=\"fusion-lightbox\" target=\"_self\"><img src=\"https:\/\/gclg.be\/wp-content\/uploads\/2020\/01\/Saison-2012-2013-Fr\u00e9d\u00e9ric-Mitterrand-Culture-et-d\u00e9mocratie-6.jpg\" width=\"1280\" height=\"854\" alt=\"\" title=\"Saison 2012-2013 Fr\u00e9d\u00e9ric Mitterrand Culture et d\u00e9mocratie 6\" aria-label=\"Saison 2012-2013 Fr\u00e9d\u00e9ric Mitterrand Culture et d\u00e9mocratie 6\" class=\"img-responsive wp-image-21286\" srcset=\"https:\/\/gclg.be\/wp-content\/uploads\/2020\/01\/Saison-2012-2013-Fr\u00e9d\u00e9ric-Mitterrand-Culture-et-d\u00e9mocratie-6-200x133.jpg 200w, https:\/\/gclg.be\/wp-content\/uploads\/2020\/01\/Saison-2012-2013-Fr\u00e9d\u00e9ric-Mitterrand-Culture-et-d\u00e9mocratie-6-400x267.jpg 400w, https:\/\/gclg.be\/wp-content\/uploads\/2020\/01\/Saison-2012-2013-Fr\u00e9d\u00e9ric-Mitterrand-Culture-et-d\u00e9mocratie-6-600x400.jpg 600w, https:\/\/gclg.be\/wp-content\/uploads\/2020\/01\/Saison-2012-2013-Fr\u00e9d\u00e9ric-Mitterrand-Culture-et-d\u00e9mocratie-6-800x534.jpg 800w, https:\/\/gclg.be\/wp-content\/uploads\/2020\/01\/Saison-2012-2013-Fr\u00e9d\u00e9ric-Mitterrand-Culture-et-d\u00e9mocratie-6-1200x801.jpg 1200w, https:\/\/gclg.be\/wp-content\/uploads\/2020\/01\/Saison-2012-2013-Fr\u00e9d\u00e9ric-Mitterrand-Culture-et-d\u00e9mocratie-6.jpg 1280w\" sizes=\"(min-width: 2200px) 100vw, (min-width: 796px) 274px, (min-width: 744px) 366px, (min-width: 692px) 549px, (min-width: 640px) 692px, \" \/><\/a><\/div><\/div><div style=\"padding:1px;\" class=\"fusion-grid-column fusion-gallery-column fusion-gallery-column-4 hover-type-none\"><div class=\"fusion-gallery-image\"><a href=\"https:\/\/gclg.be\/wp-content\/uploads\/2020\/01\/Saison-2012-2013-Fr\u00e9d\u00e9ric-Mitterrand-Culture-et-d\u00e9mocratie-5.jpg\" rel=\"noreferrer\" data-rel=\"iLightbox[gallery_image_1]\" class=\"fusion-lightbox\" target=\"_self\"><img src=\"https:\/\/gclg.be\/wp-content\/uploads\/2020\/01\/Saison-2012-2013-Fr\u00e9d\u00e9ric-Mitterrand-Culture-et-d\u00e9mocratie-5.jpg\" width=\"1280\" height=\"854\" alt=\"\" title=\"Saison 2012-2013 Fr\u00e9d\u00e9ric Mitterrand Culture et d\u00e9mocratie 5\" aria-label=\"Saison 2012-2013 Fr\u00e9d\u00e9ric Mitterrand Culture et d\u00e9mocratie 5\" class=\"img-responsive wp-image-21285\" srcset=\"https:\/\/gclg.be\/wp-content\/uploads\/2020\/01\/Saison-2012-2013-Fr\u00e9d\u00e9ric-Mitterrand-Culture-et-d\u00e9mocratie-5-200x133.jpg 200w, https:\/\/gclg.be\/wp-content\/uploads\/2020\/01\/Saison-2012-2013-Fr\u00e9d\u00e9ric-Mitterrand-Culture-et-d\u00e9mocratie-5-400x267.jpg 400w, https:\/\/gclg.be\/wp-content\/uploads\/2020\/01\/Saison-2012-2013-Fr\u00e9d\u00e9ric-Mitterrand-Culture-et-d\u00e9mocratie-5-600x400.jpg 600w, https:\/\/gclg.be\/wp-content\/uploads\/2020\/01\/Saison-2012-2013-Fr\u00e9d\u00e9ric-Mitterrand-Culture-et-d\u00e9mocratie-5-800x534.jpg 800w, https:\/\/gclg.be\/wp-content\/uploads\/2020\/01\/Saison-2012-2013-Fr\u00e9d\u00e9ric-Mitterrand-Culture-et-d\u00e9mocratie-5-1200x801.jpg 1200w, https:\/\/gclg.be\/wp-content\/uploads\/2020\/01\/Saison-2012-2013-Fr\u00e9d\u00e9ric-Mitterrand-Culture-et-d\u00e9mocratie-5.jpg 1280w\" sizes=\"(min-width: 2200px) 100vw, (min-width: 796px) 274px, (min-width: 744px) 366px, (min-width: 692px) 549px, (min-width: 640px) 692px, \" \/><\/a><\/div><\/div><div class=\"clearfix\"><\/div><div style=\"padding:1px;\" class=\"fusion-grid-column fusion-gallery-column fusion-gallery-column-4 hover-type-none\"><div class=\"fusion-gallery-image\"><a href=\"https:\/\/gclg.be\/wp-content\/uploads\/2020\/01\/Saison-2012-2013-Fr\u00e9d\u00e9ric-Mitterrand-Culture-et-d\u00e9mocratie-4.jpg\" rel=\"noreferrer\" data-rel=\"iLightbox[gallery_image_1]\" class=\"fusion-lightbox\" target=\"_self\"><img src=\"https:\/\/gclg.be\/wp-content\/uploads\/2020\/01\/Saison-2012-2013-Fr\u00e9d\u00e9ric-Mitterrand-Culture-et-d\u00e9mocratie-4.jpg\" width=\"1280\" height=\"854\" alt=\"\" title=\"Saison 2012-2013 Fr\u00e9d\u00e9ric Mitterrand Culture et d\u00e9mocratie 4\" aria-label=\"Saison 2012-2013 Fr\u00e9d\u00e9ric Mitterrand Culture et d\u00e9mocratie 4\" class=\"img-responsive wp-image-21284\" srcset=\"https:\/\/gclg.be\/wp-content\/uploads\/2020\/01\/Saison-2012-2013-Fr\u00e9d\u00e9ric-Mitterrand-Culture-et-d\u00e9mocratie-4-200x133.jpg 200w, https:\/\/gclg.be\/wp-content\/uploads\/2020\/01\/Saison-2012-2013-Fr\u00e9d\u00e9ric-Mitterrand-Culture-et-d\u00e9mocratie-4-400x267.jpg 400w, https:\/\/gclg.be\/wp-content\/uploads\/2020\/01\/Saison-2012-2013-Fr\u00e9d\u00e9ric-Mitterrand-Culture-et-d\u00e9mocratie-4-600x400.jpg 600w, https:\/\/gclg.be\/wp-content\/uploads\/2020\/01\/Saison-2012-2013-Fr\u00e9d\u00e9ric-Mitterrand-Culture-et-d\u00e9mocratie-4-800x534.jpg 800w, https:\/\/gclg.be\/wp-content\/uploads\/2020\/01\/Saison-2012-2013-Fr\u00e9d\u00e9ric-Mitterrand-Culture-et-d\u00e9mocratie-4-1200x801.jpg 1200w, https:\/\/gclg.be\/wp-content\/uploads\/2020\/01\/Saison-2012-2013-Fr\u00e9d\u00e9ric-Mitterrand-Culture-et-d\u00e9mocratie-4.jpg 1280w\" sizes=\"(min-width: 2200px) 100vw, (min-width: 796px) 274px, (min-width: 744px) 366px, (min-width: 692px) 549px, (min-width: 640px) 692px, \" \/><\/a><\/div><\/div><div style=\"padding:1px;\" class=\"fusion-grid-column fusion-gallery-column fusion-gallery-column-4 hover-type-none\"><div class=\"fusion-gallery-image\"><a href=\"https:\/\/gclg.be\/wp-content\/uploads\/2020\/01\/Saison-2012-2013-Fr\u00e9d\u00e9ric-Mitterrand-Culture-et-d\u00e9mocratie-3.jpg\" rel=\"noreferrer\" data-rel=\"iLightbox[gallery_image_1]\" class=\"fusion-lightbox\" target=\"_self\"><img src=\"https:\/\/gclg.be\/wp-content\/uploads\/2020\/01\/Saison-2012-2013-Fr\u00e9d\u00e9ric-Mitterrand-Culture-et-d\u00e9mocratie-3.jpg\" width=\"1280\" height=\"854\" alt=\"\" title=\"Saison 2012-2013 Fr\u00e9d\u00e9ric Mitterrand Culture et d\u00e9mocratie 3\" aria-label=\"Saison 2012-2013 Fr\u00e9d\u00e9ric Mitterrand Culture et d\u00e9mocratie 3\" class=\"img-responsive wp-image-21283\" srcset=\"https:\/\/gclg.be\/wp-content\/uploads\/2020\/01\/Saison-2012-2013-Fr\u00e9d\u00e9ric-Mitterrand-Culture-et-d\u00e9mocratie-3-200x133.jpg 200w, https:\/\/gclg.be\/wp-content\/uploads\/2020\/01\/Saison-2012-2013-Fr\u00e9d\u00e9ric-Mitterrand-Culture-et-d\u00e9mocratie-3-400x267.jpg 400w, https:\/\/gclg.be\/wp-content\/uploads\/2020\/01\/Saison-2012-2013-Fr\u00e9d\u00e9ric-Mitterrand-Culture-et-d\u00e9mocratie-3-600x400.jpg 600w, https:\/\/gclg.be\/wp-content\/uploads\/2020\/01\/Saison-2012-2013-Fr\u00e9d\u00e9ric-Mitterrand-Culture-et-d\u00e9mocratie-3-800x534.jpg 800w, https:\/\/gclg.be\/wp-content\/uploads\/2020\/01\/Saison-2012-2013-Fr\u00e9d\u00e9ric-Mitterrand-Culture-et-d\u00e9mocratie-3-1200x801.jpg 1200w, https:\/\/gclg.be\/wp-content\/uploads\/2020\/01\/Saison-2012-2013-Fr\u00e9d\u00e9ric-Mitterrand-Culture-et-d\u00e9mocratie-3.jpg 1280w\" sizes=\"(min-width: 2200px) 100vw, (min-width: 796px) 274px, (min-width: 744px) 366px, (min-width: 692px) 549px, (min-width: 640px) 692px, \" \/><\/a><\/div><\/div><div style=\"padding:1px;\" class=\"fusion-grid-column fusion-gallery-column fusion-gallery-column-4 hover-type-none\"><div class=\"fusion-gallery-image\"><a href=\"https:\/\/gclg.be\/wp-content\/uploads\/2020\/01\/Saison-2012-2013-Fr\u00e9d\u00e9ric-Mitterrand-Culture-et-d\u00e9mocratie-2.jpg\" rel=\"noreferrer\" data-rel=\"iLightbox[gallery_image_1]\" class=\"fusion-lightbox\" target=\"_self\"><img src=\"https:\/\/gclg.be\/wp-content\/uploads\/2020\/01\/Saison-2012-2013-Fr\u00e9d\u00e9ric-Mitterrand-Culture-et-d\u00e9mocratie-2.jpg\" width=\"1280\" height=\"854\" alt=\"\" title=\"Saison 2012-2013 Fr\u00e9d\u00e9ric Mitterrand Culture et d\u00e9mocratie 2\" aria-label=\"Saison 2012-2013 Fr\u00e9d\u00e9ric Mitterrand Culture et d\u00e9mocratie 2\" class=\"img-responsive wp-image-21282\" srcset=\"https:\/\/gclg.be\/wp-content\/uploads\/2020\/01\/Saison-2012-2013-Fr\u00e9d\u00e9ric-Mitterrand-Culture-et-d\u00e9mocratie-2-200x133.jpg 200w, https:\/\/gclg.be\/wp-content\/uploads\/2020\/01\/Saison-2012-2013-Fr\u00e9d\u00e9ric-Mitterrand-Culture-et-d\u00e9mocratie-2-400x267.jpg 400w, https:\/\/gclg.be\/wp-content\/uploads\/2020\/01\/Saison-2012-2013-Fr\u00e9d\u00e9ric-Mitterrand-Culture-et-d\u00e9mocratie-2-600x400.jpg 600w, https:\/\/gclg.be\/wp-content\/uploads\/2020\/01\/Saison-2012-2013-Fr\u00e9d\u00e9ric-Mitterrand-Culture-et-d\u00e9mocratie-2-800x534.jpg 800w, https:\/\/gclg.be\/wp-content\/uploads\/2020\/01\/Saison-2012-2013-Fr\u00e9d\u00e9ric-Mitterrand-Culture-et-d\u00e9mocratie-2-1200x801.jpg 1200w, https:\/\/gclg.be\/wp-content\/uploads\/2020\/01\/Saison-2012-2013-Fr\u00e9d\u00e9ric-Mitterrand-Culture-et-d\u00e9mocratie-2.jpg 1280w\" sizes=\"(min-width: 2200px) 100vw, (min-width: 796px) 274px, (min-width: 744px) 366px, (min-width: 692px) 549px, (min-width: 640px) 692px, \" \/><\/a><\/div><\/div><div style=\"padding:1px;\" class=\"fusion-grid-column fusion-gallery-column fusion-gallery-column-4 hover-type-none\"><div class=\"fusion-gallery-image\"><a href=\"https:\/\/gclg.be\/wp-content\/uploads\/2020\/01\/Saison-2012-2013-Fr\u00e9d\u00e9ric-Mitterrand-Culture-et-d\u00e9mocratie-1.jpg\" rel=\"noreferrer\" data-rel=\"iLightbox[gallery_image_1]\" class=\"fusion-lightbox\" target=\"_self\"><img src=\"https:\/\/gclg.be\/wp-content\/uploads\/2020\/01\/Saison-2012-2013-Fr\u00e9d\u00e9ric-Mitterrand-Culture-et-d\u00e9mocratie-1.jpg\" width=\"1280\" height=\"854\" alt=\"\" title=\"Saison 2012-2013 Fr\u00e9d\u00e9ric Mitterrand Culture et d\u00e9mocratie 1\" aria-label=\"Saison 2012-2013 Fr\u00e9d\u00e9ric Mitterrand Culture et d\u00e9mocratie 1\" class=\"img-responsive wp-image-21281\" srcset=\"https:\/\/gclg.be\/wp-content\/uploads\/2020\/01\/Saison-2012-2013-Fr\u00e9d\u00e9ric-Mitterrand-Culture-et-d\u00e9mocratie-1-200x133.jpg 200w, https:\/\/gclg.be\/wp-content\/uploads\/2020\/01\/Saison-2012-2013-Fr\u00e9d\u00e9ric-Mitterrand-Culture-et-d\u00e9mocratie-1-400x267.jpg 400w, https:\/\/gclg.be\/wp-content\/uploads\/2020\/01\/Saison-2012-2013-Fr\u00e9d\u00e9ric-Mitterrand-Culture-et-d\u00e9mocratie-1-600x400.jpg 600w, https:\/\/gclg.be\/wp-content\/uploads\/2020\/01\/Saison-2012-2013-Fr\u00e9d\u00e9ric-Mitterrand-Culture-et-d\u00e9mocratie-1-800x534.jpg 800w, https:\/\/gclg.be\/wp-content\/uploads\/2020\/01\/Saison-2012-2013-Fr\u00e9d\u00e9ric-Mitterrand-Culture-et-d\u00e9mocratie-1-1200x801.jpg 1200w, https:\/\/gclg.be\/wp-content\/uploads\/2020\/01\/Saison-2012-2013-Fr\u00e9d\u00e9ric-Mitterrand-Culture-et-d\u00e9mocratie-1.jpg 1280w\" sizes=\"(min-width: 2200px) 100vw, (min-width: 796px) 274px, (min-width: 744px) 366px, (min-width: 692px) 549px, (min-width: 640px) 692px, \" \/><\/a><\/div><\/div><div class=\"clearfix\"><\/div><div style=\"padding:1px;\" class=\"fusion-grid-column fusion-gallery-column fusion-gallery-column-4 hover-type-none\"><div class=\"fusion-gallery-image\"><a href=\"https:\/\/gclg.be\/wp-content\/uploads\/2020\/01\/Saison-2012-2013-Christophe-Andr\u00e9-Imprafaits-libres-et-heureux.-pratqiues-de-lestime-de-soi-24.jpg\" rel=\"noreferrer\" data-rel=\"iLightbox[gallery_image_1]\" class=\"fusion-lightbox\" target=\"_self\"><img src=\"https:\/\/gclg.be\/wp-content\/uploads\/2020\/01\/Saison-2012-2013-Christophe-Andr\u00e9-Imprafaits-libres-et-heureux.-pratqiues-de-lestime-de-soi-24.jpg\" width=\"1280\" height=\"852\" alt=\"\" title=\"Saison 2012-2013 Christophe Andr\u00e9 Imprafaits, libres et heureux. pratqiues de l&rsquo;estime de soi 24\" aria-label=\"Saison 2012-2013 Christophe Andr\u00e9 Imprafaits, libres et heureux. pratqiues de l&rsquo;estime de soi 24\" class=\"img-responsive wp-image-21280\" srcset=\"https:\/\/gclg.be\/wp-content\/uploads\/2020\/01\/Saison-2012-2013-Christophe-Andr\u00e9-Imprafaits-libres-et-heureux.-pratqiues-de-lestime-de-soi-24-200x133.jpg 200w, https:\/\/gclg.be\/wp-content\/uploads\/2020\/01\/Saison-2012-2013-Christophe-Andr\u00e9-Imprafaits-libres-et-heureux.-pratqiues-de-lestime-de-soi-24-400x266.jpg 400w, https:\/\/gclg.be\/wp-content\/uploads\/2020\/01\/Saison-2012-2013-Christophe-Andr\u00e9-Imprafaits-libres-et-heureux.-pratqiues-de-lestime-de-soi-24-600x399.jpg 600w, https:\/\/gclg.be\/wp-content\/uploads\/2020\/01\/Saison-2012-2013-Christophe-Andr\u00e9-Imprafaits-libres-et-heureux.-pratqiues-de-lestime-de-soi-24-800x533.jpg 800w, https:\/\/gclg.be\/wp-content\/uploads\/2020\/01\/Saison-2012-2013-Christophe-Andr\u00e9-Imprafaits-libres-et-heureux.-pratqiues-de-lestime-de-soi-24-1200x799.jpg 1200w, https:\/\/gclg.be\/wp-content\/uploads\/2020\/01\/Saison-2012-2013-Christophe-Andr\u00e9-Imprafaits-libres-et-heureux.-pratqiues-de-lestime-de-soi-24.jpg 1280w\" sizes=\"(min-width: 2200px) 100vw, (min-width: 796px) 274px, (min-width: 744px) 366px, (min-width: 692px) 549px, (min-width: 640px) 692px, \" \/><\/a><\/div><\/div><div style=\"padding:1px;\" class=\"fusion-grid-column fusion-gallery-column fusion-gallery-column-4 hover-type-none\"><div class=\"fusion-gallery-image\"><a href=\"https:\/\/gclg.be\/wp-content\/uploads\/2020\/01\/Saison-2012-2013-Christophe-Andr\u00e9-Imprafaits-libres-et-heureux.-pratqiues-de-lestime-de-soi-23.jpg\" rel=\"noreferrer\" data-rel=\"iLightbox[gallery_image_1]\" class=\"fusion-lightbox\" target=\"_self\"><img src=\"https:\/\/gclg.be\/wp-content\/uploads\/2020\/01\/Saison-2012-2013-Christophe-Andr\u00e9-Imprafaits-libres-et-heureux.-pratqiues-de-lestime-de-soi-23.jpg\" width=\"1300\" height=\"466\" alt=\"\" title=\"Saison 2012-2013 Christophe Andr\u00e9 Imprafaits, libres et heureux. pratqiues de l&rsquo;estime de soi 23\" aria-label=\"Saison 2012-2013 Christophe Andr\u00e9 Imprafaits, libres et heureux. pratqiues de l&rsquo;estime de soi 23\" class=\"img-responsive wp-image-21279\" srcset=\"https:\/\/gclg.be\/wp-content\/uploads\/2020\/01\/Saison-2012-2013-Christophe-Andr\u00e9-Imprafaits-libres-et-heureux.-pratqiues-de-lestime-de-soi-23-200x72.jpg 200w, https:\/\/gclg.be\/wp-content\/uploads\/2020\/01\/Saison-2012-2013-Christophe-Andr\u00e9-Imprafaits-libres-et-heureux.-pratqiues-de-lestime-de-soi-23-400x143.jpg 400w, https:\/\/gclg.be\/wp-content\/uploads\/2020\/01\/Saison-2012-2013-Christophe-Andr\u00e9-Imprafaits-libres-et-heureux.-pratqiues-de-lestime-de-soi-23-600x215.jpg 600w, https:\/\/gclg.be\/wp-content\/uploads\/2020\/01\/Saison-2012-2013-Christophe-Andr\u00e9-Imprafaits-libres-et-heureux.-pratqiues-de-lestime-de-soi-23-800x287.jpg 800w, https:\/\/gclg.be\/wp-content\/uploads\/2020\/01\/Saison-2012-2013-Christophe-Andr\u00e9-Imprafaits-libres-et-heureux.-pratqiues-de-lestime-de-soi-23-1200x430.jpg 1200w, https:\/\/gclg.be\/wp-content\/uploads\/2020\/01\/Saison-2012-2013-Christophe-Andr\u00e9-Imprafaits-libres-et-heureux.-pratqiues-de-lestime-de-soi-23.jpg 1300w\" sizes=\"(min-width: 2200px) 100vw, (min-width: 796px) 274px, (min-width: 744px) 366px, (min-width: 692px) 549px, (min-width: 640px) 692px, \" \/><\/a><\/div><\/div><div style=\"padding:1px;\" class=\"fusion-grid-column fusion-gallery-column fusion-gallery-column-4 hover-type-none\"><div class=\"fusion-gallery-image\"><a href=\"https:\/\/gclg.be\/wp-content\/uploads\/2020\/01\/Saison-2012-2013-Christophe-Andr\u00e9-Imprafaits-libres-et-heureux.-pratqiues-de-lestime-de-soi-22.jpg\" rel=\"noreferrer\" data-rel=\"iLightbox[gallery_image_1]\" class=\"fusion-lightbox\" target=\"_self\"><img src=\"https:\/\/gclg.be\/wp-content\/uploads\/2020\/01\/Saison-2012-2013-Christophe-Andr\u00e9-Imprafaits-libres-et-heureux.-pratqiues-de-lestime-de-soi-22.jpg\" width=\"1280\" height=\"853\" alt=\"\" title=\"Saison 2012-2013 Christophe Andr\u00e9 Imprafaits, libres et heureux. pratqiues de l&rsquo;estime de soi 22\" aria-label=\"Saison 2012-2013 Christophe Andr\u00e9 Imprafaits, libres et heureux. pratqiues de l&rsquo;estime de soi 22\" class=\"img-responsive wp-image-21278\" srcset=\"https:\/\/gclg.be\/wp-content\/uploads\/2020\/01\/Saison-2012-2013-Christophe-Andr\u00e9-Imprafaits-libres-et-heureux.-pratqiues-de-lestime-de-soi-22-200x133.jpg 200w, https:\/\/gclg.be\/wp-content\/uploads\/2020\/01\/Saison-2012-2013-Christophe-Andr\u00e9-Imprafaits-libres-et-heureux.-pratqiues-de-lestime-de-soi-22-400x267.jpg 400w, https:\/\/gclg.be\/wp-content\/uploads\/2020\/01\/Saison-2012-2013-Christophe-Andr\u00e9-Imprafaits-libres-et-heureux.-pratqiues-de-lestime-de-soi-22-600x400.jpg 600w, https:\/\/gclg.be\/wp-content\/uploads\/2020\/01\/Saison-2012-2013-Christophe-Andr\u00e9-Imprafaits-libres-et-heureux.-pratqiues-de-lestime-de-soi-22-800x533.jpg 800w, https:\/\/gclg.be\/wp-content\/uploads\/2020\/01\/Saison-2012-2013-Christophe-Andr\u00e9-Imprafaits-libres-et-heureux.-pratqiues-de-lestime-de-soi-22-1200x800.jpg 1200w, https:\/\/gclg.be\/wp-content\/uploads\/2020\/01\/Saison-2012-2013-Christophe-Andr\u00e9-Imprafaits-libres-et-heureux.-pratqiues-de-lestime-de-soi-22.jpg 1280w\" sizes=\"(min-width: 2200px) 100vw, (min-width: 796px) 274px, (min-width: 744px) 366px, (min-width: 692px) 549px, (min-width: 640px) 692px, \" \/><\/a><\/div><\/div><div style=\"padding:1px;\" class=\"fusion-grid-column fusion-gallery-column fusion-gallery-column-4 hover-type-none\"><div class=\"fusion-gallery-image\"><a href=\"https:\/\/gclg.be\/wp-content\/uploads\/2020\/01\/Saison-2012-2013-Christophe-Andr\u00e9-Imprafaits-libres-et-heureux.-pratqiues-de-lestime-de-soi-21.jpg\" rel=\"noreferrer\" data-rel=\"iLightbox[gallery_image_1]\" class=\"fusion-lightbox\" target=\"_self\"><img src=\"https:\/\/gclg.be\/wp-content\/uploads\/2020\/01\/Saison-2012-2013-Christophe-Andr\u00e9-Imprafaits-libres-et-heureux.-pratqiues-de-lestime-de-soi-21.jpg\" width=\"1280\" height=\"852\" alt=\"\" title=\"Saison 2012-2013 Christophe Andr\u00e9 Imprafaits, libres et heureux. pratqiues de l&rsquo;estime de soi 21\" aria-label=\"Saison 2012-2013 Christophe Andr\u00e9 Imprafaits, libres et heureux. pratqiues de l&rsquo;estime de soi 21\" class=\"img-responsive wp-image-21277\" srcset=\"https:\/\/gclg.be\/wp-content\/uploads\/2020\/01\/Saison-2012-2013-Christophe-Andr\u00e9-Imprafaits-libres-et-heureux.-pratqiues-de-lestime-de-soi-21-200x133.jpg 200w, https:\/\/gclg.be\/wp-content\/uploads\/2020\/01\/Saison-2012-2013-Christophe-Andr\u00e9-Imprafaits-libres-et-heureux.-pratqiues-de-lestime-de-soi-21-400x266.jpg 400w, https:\/\/gclg.be\/wp-content\/uploads\/2020\/01\/Saison-2012-2013-Christophe-Andr\u00e9-Imprafaits-libres-et-heureux.-pratqiues-de-lestime-de-soi-21-600x399.jpg 600w, https:\/\/gclg.be\/wp-content\/uploads\/2020\/01\/Saison-2012-2013-Christophe-Andr\u00e9-Imprafaits-libres-et-heureux.-pratqiues-de-lestime-de-soi-21-800x533.jpg 800w, https:\/\/gclg.be\/wp-content\/uploads\/2020\/01\/Saison-2012-2013-Christophe-Andr\u00e9-Imprafaits-libres-et-heureux.-pratqiues-de-lestime-de-soi-21-1200x799.jpg 1200w, https:\/\/gclg.be\/wp-content\/uploads\/2020\/01\/Saison-2012-2013-Christophe-Andr\u00e9-Imprafaits-libres-et-heureux.-pratqiues-de-lestime-de-soi-21.jpg 1280w\" sizes=\"(min-width: 2200px) 100vw, (min-width: 796px) 274px, (min-width: 744px) 366px, (min-width: 692px) 549px, (min-width: 640px) 692px, \" \/><\/a><\/div><\/div><div class=\"clearfix\"><\/div><div style=\"padding:1px;\" class=\"fusion-grid-column fusion-gallery-column fusion-gallery-column-4 hover-type-none\"><div class=\"fusion-gallery-image\"><a href=\"https:\/\/gclg.be\/wp-content\/uploads\/2020\/01\/Saison-2012-2013-Christophe-Andr\u00e9-Imprafaits-libres-et-heureux.-pratqiues-de-lestime-de-soi-20.jpg\" rel=\"noreferrer\" data-rel=\"iLightbox[gallery_image_1]\" class=\"fusion-lightbox\" target=\"_self\"><img src=\"https:\/\/gclg.be\/wp-content\/uploads\/2020\/01\/Saison-2012-2013-Christophe-Andr\u00e9-Imprafaits-libres-et-heureux.-pratqiues-de-lestime-de-soi-20.jpg\" width=\"1280\" height=\"853\" alt=\"\" title=\"Saison 2012-2013 Christophe Andr\u00e9 Imprafaits, libres et heureux. pratqiues de l&rsquo;estime de soi 20\" aria-label=\"Saison 2012-2013 Christophe Andr\u00e9 Imprafaits, libres et heureux. pratqiues de l&rsquo;estime de soi 20\" class=\"img-responsive wp-image-21276\" srcset=\"https:\/\/gclg.be\/wp-content\/uploads\/2020\/01\/Saison-2012-2013-Christophe-Andr\u00e9-Imprafaits-libres-et-heureux.-pratqiues-de-lestime-de-soi-20-200x133.jpg 200w, https:\/\/gclg.be\/wp-content\/uploads\/2020\/01\/Saison-2012-2013-Christophe-Andr\u00e9-Imprafaits-libres-et-heureux.-pratqiues-de-lestime-de-soi-20-400x267.jpg 400w, https:\/\/gclg.be\/wp-content\/uploads\/2020\/01\/Saison-2012-2013-Christophe-Andr\u00e9-Imprafaits-libres-et-heureux.-pratqiues-de-lestime-de-soi-20-600x400.jpg 600w, https:\/\/gclg.be\/wp-content\/uploads\/2020\/01\/Saison-2012-2013-Christophe-Andr\u00e9-Imprafaits-libres-et-heureux.-pratqiues-de-lestime-de-soi-20-800x533.jpg 800w, https:\/\/gclg.be\/wp-content\/uploads\/2020\/01\/Saison-2012-2013-Christophe-Andr\u00e9-Imprafaits-libres-et-heureux.-pratqiues-de-lestime-de-soi-20-1200x800.jpg 1200w, https:\/\/gclg.be\/wp-content\/uploads\/2020\/01\/Saison-2012-2013-Christophe-Andr\u00e9-Imprafaits-libres-et-heureux.-pratqiues-de-lestime-de-soi-20.jpg 1280w\" sizes=\"(min-width: 2200px) 100vw, (min-width: 796px) 274px, (min-width: 744px) 366px, (min-width: 692px) 549px, (min-width: 640px) 692px, \" \/><\/a><\/div><\/div><div style=\"padding:1px;\" class=\"fusion-grid-column fusion-gallery-column fusion-gallery-column-4 hover-type-none\"><div class=\"fusion-gallery-image\"><a href=\"https:\/\/gclg.be\/wp-content\/uploads\/2020\/01\/Saison-2012-2013-Christophe-Andr\u00e9-Imprafaits-libres-et-heureux.-pratqiues-de-lestime-de-soi-19.jpg\" rel=\"noreferrer\" data-rel=\"iLightbox[gallery_image_1]\" class=\"fusion-lightbox\" target=\"_self\"><img src=\"https:\/\/gclg.be\/wp-content\/uploads\/2020\/01\/Saison-2012-2013-Christophe-Andr\u00e9-Imprafaits-libres-et-heureux.-pratqiues-de-lestime-de-soi-19.jpg\" width=\"1280\" height=\"853\" alt=\"\" title=\"Saison 2012-2013 Christophe Andr\u00e9 Imprafaits, libres et heureux. pratqiues de l&rsquo;estime de soi 19\" aria-label=\"Saison 2012-2013 Christophe Andr\u00e9 Imprafaits, libres et heureux. pratqiues de l&rsquo;estime de soi 19\" class=\"img-responsive wp-image-21275\" srcset=\"https:\/\/gclg.be\/wp-content\/uploads\/2020\/01\/Saison-2012-2013-Christophe-Andr\u00e9-Imprafaits-libres-et-heureux.-pratqiues-de-lestime-de-soi-19-200x133.jpg 200w, https:\/\/gclg.be\/wp-content\/uploads\/2020\/01\/Saison-2012-2013-Christophe-Andr\u00e9-Imprafaits-libres-et-heureux.-pratqiues-de-lestime-de-soi-19-400x267.jpg 400w, https:\/\/gclg.be\/wp-content\/uploads\/2020\/01\/Saison-2012-2013-Christophe-Andr\u00e9-Imprafaits-libres-et-heureux.-pratqiues-de-lestime-de-soi-19-600x400.jpg 600w, https:\/\/gclg.be\/wp-content\/uploads\/2020\/01\/Saison-2012-2013-Christophe-Andr\u00e9-Imprafaits-libres-et-heureux.-pratqiues-de-lestime-de-soi-19-800x533.jpg 800w, https:\/\/gclg.be\/wp-content\/uploads\/2020\/01\/Saison-2012-2013-Christophe-Andr\u00e9-Imprafaits-libres-et-heureux.-pratqiues-de-lestime-de-soi-19-1200x800.jpg 1200w, https:\/\/gclg.be\/wp-content\/uploads\/2020\/01\/Saison-2012-2013-Christophe-Andr\u00e9-Imprafaits-libres-et-heureux.-pratqiues-de-lestime-de-soi-19.jpg 1280w\" sizes=\"(min-width: 2200px) 100vw, (min-width: 796px) 274px, (min-width: 744px) 366px, (min-width: 692px) 549px, (min-width: 640px) 692px, \" \/><\/a><\/div><\/div><div style=\"padding:1px;\" class=\"fusion-grid-column fusion-gallery-column fusion-gallery-column-4 hover-type-none\"><div class=\"fusion-gallery-image\"><a href=\"https:\/\/gclg.be\/wp-content\/uploads\/2020\/01\/Saison-2012-2013-Christophe-Andr\u00e9-Imprafaits-libres-et-heureux.-pratqiues-de-lestime-de-soi-18.jpg\" rel=\"noreferrer\" data-rel=\"iLightbox[gallery_image_1]\" class=\"fusion-lightbox\" target=\"_self\"><img src=\"https:\/\/gclg.be\/wp-content\/uploads\/2020\/01\/Saison-2012-2013-Christophe-Andr\u00e9-Imprafaits-libres-et-heureux.-pratqiues-de-lestime-de-soi-18.jpg\" width=\"1280\" height=\"853\" alt=\"\" title=\"Saison 2012-2013 Christophe Andr\u00e9 Imprafaits, libres et heureux. pratqiues de l&rsquo;estime de soi 18\" aria-label=\"Saison 2012-2013 Christophe Andr\u00e9 Imprafaits, libres et heureux. pratqiues de l&rsquo;estime de soi 18\" class=\"img-responsive wp-image-21274\" srcset=\"https:\/\/gclg.be\/wp-content\/uploads\/2020\/01\/Saison-2012-2013-Christophe-Andr\u00e9-Imprafaits-libres-et-heureux.-pratqiues-de-lestime-de-soi-18-200x133.jpg 200w, https:\/\/gclg.be\/wp-content\/uploads\/2020\/01\/Saison-2012-2013-Christophe-Andr\u00e9-Imprafaits-libres-et-heureux.-pratqiues-de-lestime-de-soi-18-400x267.jpg 400w, https:\/\/gclg.be\/wp-content\/uploads\/2020\/01\/Saison-2012-2013-Christophe-Andr\u00e9-Imprafaits-libres-et-heureux.-pratqiues-de-lestime-de-soi-18-600x400.jpg 600w, https:\/\/gclg.be\/wp-content\/uploads\/2020\/01\/Saison-2012-2013-Christophe-Andr\u00e9-Imprafaits-libres-et-heureux.-pratqiues-de-lestime-de-soi-18-800x533.jpg 800w, https:\/\/gclg.be\/wp-content\/uploads\/2020\/01\/Saison-2012-2013-Christophe-Andr\u00e9-Imprafaits-libres-et-heureux.-pratqiues-de-lestime-de-soi-18-1200x800.jpg 1200w, https:\/\/gclg.be\/wp-content\/uploads\/2020\/01\/Saison-2012-2013-Christophe-Andr\u00e9-Imprafaits-libres-et-heureux.-pratqiues-de-lestime-de-soi-18.jpg 1280w\" sizes=\"(min-width: 2200px) 100vw, (min-width: 796px) 274px, (min-width: 744px) 366px, (min-width: 692px) 549px, (min-width: 640px) 692px, \" \/><\/a><\/div><\/div><div style=\"padding:1px;\" class=\"fusion-grid-column fusion-gallery-column fusion-gallery-column-4 hover-type-none\"><div class=\"fusion-gallery-image\"><a href=\"https:\/\/gclg.be\/wp-content\/uploads\/2020\/01\/Saison-2012-2013-Christophe-Andr\u00e9-Imprafaits-libres-et-heureux.-pratqiues-de-lestime-de-soi-17.jpg\" rel=\"noreferrer\" data-rel=\"iLightbox[gallery_image_1]\" class=\"fusion-lightbox\" target=\"_self\"><img src=\"https:\/\/gclg.be\/wp-content\/uploads\/2020\/01\/Saison-2012-2013-Christophe-Andr\u00e9-Imprafaits-libres-et-heureux.-pratqiues-de-lestime-de-soi-17.jpg\" width=\"1280\" height=\"853\" alt=\"\" title=\"Saison 2012-2013 Christophe Andr\u00e9 Imprafaits, libres et heureux. pratqiues de l&rsquo;estime de soi 17\" aria-label=\"Saison 2012-2013 Christophe Andr\u00e9 Imprafaits, libres et heureux. pratqiues de l&rsquo;estime de soi 17\" class=\"img-responsive wp-image-21273\" srcset=\"https:\/\/gclg.be\/wp-content\/uploads\/2020\/01\/Saison-2012-2013-Christophe-Andr\u00e9-Imprafaits-libres-et-heureux.-pratqiues-de-lestime-de-soi-17-200x133.jpg 200w, https:\/\/gclg.be\/wp-content\/uploads\/2020\/01\/Saison-2012-2013-Christophe-Andr\u00e9-Imprafaits-libres-et-heureux.-pratqiues-de-lestime-de-soi-17-400x267.jpg 400w, https:\/\/gclg.be\/wp-content\/uploads\/2020\/01\/Saison-2012-2013-Christophe-Andr\u00e9-Imprafaits-libres-et-heureux.-pratqiues-de-lestime-de-soi-17-600x400.jpg 600w, https:\/\/gclg.be\/wp-content\/uploads\/2020\/01\/Saison-2012-2013-Christophe-Andr\u00e9-Imprafaits-libres-et-heureux.-pratqiues-de-lestime-de-soi-17-800x533.jpg 800w, https:\/\/gclg.be\/wp-content\/uploads\/2020\/01\/Saison-2012-2013-Christophe-Andr\u00e9-Imprafaits-libres-et-heureux.-pratqiues-de-lestime-de-soi-17-1200x800.jpg 1200w, https:\/\/gclg.be\/wp-content\/uploads\/2020\/01\/Saison-2012-2013-Christophe-Andr\u00e9-Imprafaits-libres-et-heureux.-pratqiues-de-lestime-de-soi-17.jpg 1280w\" sizes=\"(min-width: 2200px) 100vw, (min-width: 796px) 274px, (min-width: 744px) 366px, (min-width: 692px) 549px, (min-width: 640px) 692px, \" \/><\/a><\/div><\/div><div class=\"clearfix\"><\/div><div style=\"padding:1px;\" class=\"fusion-grid-column fusion-gallery-column fusion-gallery-column-4 hover-type-none\"><div class=\"fusion-gallery-image\"><a href=\"https:\/\/gclg.be\/wp-content\/uploads\/2020\/01\/Saison-2012-2013-Christophe-Andr\u00e9-Imprafaits-libres-et-heureux.-pratqiues-de-lestime-de-soi-16.jpg\" rel=\"noreferrer\" data-rel=\"iLightbox[gallery_image_1]\" class=\"fusion-lightbox\" target=\"_self\"><img src=\"https:\/\/gclg.be\/wp-content\/uploads\/2020\/01\/Saison-2012-2013-Christophe-Andr\u00e9-Imprafaits-libres-et-heureux.-pratqiues-de-lestime-de-soi-16.jpg\" width=\"1280\" height=\"853\" alt=\"\" title=\"Saison 2012-2013 Christophe Andr\u00e9 Imprafaits, libres et heureux. pratqiues de l&rsquo;estime de soi 16\" aria-label=\"Saison 2012-2013 Christophe Andr\u00e9 Imprafaits, libres et heureux. pratqiues de l&rsquo;estime de soi 16\" class=\"img-responsive wp-image-21272\" srcset=\"https:\/\/gclg.be\/wp-content\/uploads\/2020\/01\/Saison-2012-2013-Christophe-Andr\u00e9-Imprafaits-libres-et-heureux.-pratqiues-de-lestime-de-soi-16-200x133.jpg 200w, https:\/\/gclg.be\/wp-content\/uploads\/2020\/01\/Saison-2012-2013-Christophe-Andr\u00e9-Imprafaits-libres-et-heureux.-pratqiues-de-lestime-de-soi-16-400x267.jpg 400w, https:\/\/gclg.be\/wp-content\/uploads\/2020\/01\/Saison-2012-2013-Christophe-Andr\u00e9-Imprafaits-libres-et-heureux.-pratqiues-de-lestime-de-soi-16-600x400.jpg 600w, https:\/\/gclg.be\/wp-content\/uploads\/2020\/01\/Saison-2012-2013-Christophe-Andr\u00e9-Imprafaits-libres-et-heureux.-pratqiues-de-lestime-de-soi-16-800x533.jpg 800w, https:\/\/gclg.be\/wp-content\/uploads\/2020\/01\/Saison-2012-2013-Christophe-Andr\u00e9-Imprafaits-libres-et-heureux.-pratqiues-de-lestime-de-soi-16-1200x800.jpg 1200w, https:\/\/gclg.be\/wp-content\/uploads\/2020\/01\/Saison-2012-2013-Christophe-Andr\u00e9-Imprafaits-libres-et-heureux.-pratqiues-de-lestime-de-soi-16.jpg 1280w\" sizes=\"(min-width: 2200px) 100vw, (min-width: 796px) 274px, (min-width: 744px) 366px, (min-width: 692px) 549px, (min-width: 640px) 692px, \" \/><\/a><\/div><\/div><div style=\"padding:1px;\" class=\"fusion-grid-column fusion-gallery-column fusion-gallery-column-4 hover-type-none\"><div class=\"fusion-gallery-image\"><a href=\"https:\/\/gclg.be\/wp-content\/uploads\/2020\/01\/Saison-2012-2013-Christophe-Andr\u00e9-Imprafaits-libres-et-heureux.-pratqiues-de-lestime-de-soi-15.jpg\" rel=\"noreferrer\" data-rel=\"iLightbox[gallery_image_1]\" class=\"fusion-lightbox\" target=\"_self\"><img src=\"https:\/\/gclg.be\/wp-content\/uploads\/2020\/01\/Saison-2012-2013-Christophe-Andr\u00e9-Imprafaits-libres-et-heureux.-pratqiues-de-lestime-de-soi-15.jpg\" width=\"1280\" height=\"853\" alt=\"\" title=\"Saison 2012-2013 Christophe Andr\u00e9 Imprafaits, libres et heureux. pratqiues de l&rsquo;estime de soi 15\" aria-label=\"Saison 2012-2013 Christophe Andr\u00e9 Imprafaits, libres et heureux. pratqiues de l&rsquo;estime de soi 15\" class=\"img-responsive wp-image-21271\" srcset=\"https:\/\/gclg.be\/wp-content\/uploads\/2020\/01\/Saison-2012-2013-Christophe-Andr\u00e9-Imprafaits-libres-et-heureux.-pratqiues-de-lestime-de-soi-15-200x133.jpg 200w, https:\/\/gclg.be\/wp-content\/uploads\/2020\/01\/Saison-2012-2013-Christophe-Andr\u00e9-Imprafaits-libres-et-heureux.-pratqiues-de-lestime-de-soi-15-400x267.jpg 400w, https:\/\/gclg.be\/wp-content\/uploads\/2020\/01\/Saison-2012-2013-Christophe-Andr\u00e9-Imprafaits-libres-et-heureux.-pratqiues-de-lestime-de-soi-15-600x400.jpg 600w, https:\/\/gclg.be\/wp-content\/uploads\/2020\/01\/Saison-2012-2013-Christophe-Andr\u00e9-Imprafaits-libres-et-heureux.-pratqiues-de-lestime-de-soi-15-800x533.jpg 800w, https:\/\/gclg.be\/wp-content\/uploads\/2020\/01\/Saison-2012-2013-Christophe-Andr\u00e9-Imprafaits-libres-et-heureux.-pratqiues-de-lestime-de-soi-15-1200x800.jpg 1200w, https:\/\/gclg.be\/wp-content\/uploads\/2020\/01\/Saison-2012-2013-Christophe-Andr\u00e9-Imprafaits-libres-et-heureux.-pratqiues-de-lestime-de-soi-15.jpg 1280w\" sizes=\"(min-width: 2200px) 100vw, (min-width: 796px) 274px, (min-width: 744px) 366px, (min-width: 692px) 549px, (min-width: 640px) 692px, \" \/><\/a><\/div><\/div><div style=\"padding:1px;\" class=\"fusion-grid-column fusion-gallery-column fusion-gallery-column-4 hover-type-none\"><div class=\"fusion-gallery-image\"><a href=\"https:\/\/gclg.be\/wp-content\/uploads\/2020\/01\/Saison-2012-2013-Christophe-Andr\u00e9-Imprafaits-libres-et-heureux.-pratqiues-de-lestime-de-soi-14.jpg\" rel=\"noreferrer\" data-rel=\"iLightbox[gallery_image_1]\" class=\"fusion-lightbox\" target=\"_self\"><img src=\"https:\/\/gclg.be\/wp-content\/uploads\/2020\/01\/Saison-2012-2013-Christophe-Andr\u00e9-Imprafaits-libres-et-heureux.-pratqiues-de-lestime-de-soi-14.jpg\" width=\"1280\" height=\"852\" alt=\"\" title=\"Saison 2012-2013 Christophe Andr\u00e9 Imprafaits, libres et heureux. pratqiues de l&rsquo;estime de soi 14\" aria-label=\"Saison 2012-2013 Christophe Andr\u00e9 Imprafaits, libres et heureux. pratqiues de l&rsquo;estime de soi 14\" class=\"img-responsive wp-image-21269\" srcset=\"https:\/\/gclg.be\/wp-content\/uploads\/2020\/01\/Saison-2012-2013-Christophe-Andr\u00e9-Imprafaits-libres-et-heureux.-pratqiues-de-lestime-de-soi-14-200x133.jpg 200w, https:\/\/gclg.be\/wp-content\/uploads\/2020\/01\/Saison-2012-2013-Christophe-Andr\u00e9-Imprafaits-libres-et-heureux.-pratqiues-de-lestime-de-soi-14-400x266.jpg 400w, https:\/\/gclg.be\/wp-content\/uploads\/2020\/01\/Saison-2012-2013-Christophe-Andr\u00e9-Imprafaits-libres-et-heureux.-pratqiues-de-lestime-de-soi-14-600x399.jpg 600w, https:\/\/gclg.be\/wp-content\/uploads\/2020\/01\/Saison-2012-2013-Christophe-Andr\u00e9-Imprafaits-libres-et-heureux.-pratqiues-de-lestime-de-soi-14-800x533.jpg 800w, https:\/\/gclg.be\/wp-content\/uploads\/2020\/01\/Saison-2012-2013-Christophe-Andr\u00e9-Imprafaits-libres-et-heureux.-pratqiues-de-lestime-de-soi-14-1200x799.jpg 1200w, https:\/\/gclg.be\/wp-content\/uploads\/2020\/01\/Saison-2012-2013-Christophe-Andr\u00e9-Imprafaits-libres-et-heureux.-pratqiues-de-lestime-de-soi-14.jpg 1280w\" sizes=\"(min-width: 2200px) 100vw, (min-width: 796px) 274px, (min-width: 744px) 366px, (min-width: 692px) 549px, (min-width: 640px) 692px, \" \/><\/a><\/div><\/div><div style=\"padding:1px;\" class=\"fusion-grid-column fusion-gallery-column fusion-gallery-column-4 hover-type-none\"><div class=\"fusion-gallery-image\"><a href=\"https:\/\/gclg.be\/wp-content\/uploads\/2020\/01\/Saison-2012-2013-Christophe-Andr\u00e9-Imprafaits-libres-et-heureux.-pratqiues-de-lestime-de-soi-13.jpg\" rel=\"noreferrer\" data-rel=\"iLightbox[gallery_image_1]\" class=\"fusion-lightbox\" target=\"_self\"><img src=\"https:\/\/gclg.be\/wp-content\/uploads\/2020\/01\/Saison-2012-2013-Christophe-Andr\u00e9-Imprafaits-libres-et-heureux.-pratqiues-de-lestime-de-soi-13.jpg\" width=\"1280\" height=\"853\" alt=\"\" title=\"Saison 2012-2013 Christophe Andr\u00e9 Imprafaits, libres et heureux. pratqiues de l&rsquo;estime de soi 13\" aria-label=\"Saison 2012-2013 Christophe Andr\u00e9 Imprafaits, libres et heureux. pratqiues de l&rsquo;estime de soi 13\" class=\"img-responsive wp-image-21268\" srcset=\"https:\/\/gclg.be\/wp-content\/uploads\/2020\/01\/Saison-2012-2013-Christophe-Andr\u00e9-Imprafaits-libres-et-heureux.-pratqiues-de-lestime-de-soi-13-200x133.jpg 200w, https:\/\/gclg.be\/wp-content\/uploads\/2020\/01\/Saison-2012-2013-Christophe-Andr\u00e9-Imprafaits-libres-et-heureux.-pratqiues-de-lestime-de-soi-13-400x267.jpg 400w, https:\/\/gclg.be\/wp-content\/uploads\/2020\/01\/Saison-2012-2013-Christophe-Andr\u00e9-Imprafaits-libres-et-heureux.-pratqiues-de-lestime-de-soi-13-600x400.jpg 600w, https:\/\/gclg.be\/wp-content\/uploads\/2020\/01\/Saison-2012-2013-Christophe-Andr\u00e9-Imprafaits-libres-et-heureux.-pratqiues-de-lestime-de-soi-13-800x533.jpg 800w, https:\/\/gclg.be\/wp-content\/uploads\/2020\/01\/Saison-2012-2013-Christophe-Andr\u00e9-Imprafaits-libres-et-heureux.-pratqiues-de-lestime-de-soi-13-1200x800.jpg 1200w, https:\/\/gclg.be\/wp-content\/uploads\/2020\/01\/Saison-2012-2013-Christophe-Andr\u00e9-Imprafaits-libres-et-heureux.-pratqiues-de-lestime-de-soi-13.jpg 1280w\" sizes=\"(min-width: 2200px) 100vw, (min-width: 796px) 274px, (min-width: 744px) 366px, (min-width: 692px) 549px, (min-width: 640px) 692px, \" \/><\/a><\/div><\/div><div class=\"clearfix\"><\/div><div style=\"padding:1px;\" class=\"fusion-grid-column fusion-gallery-column fusion-gallery-column-4 hover-type-none\"><div class=\"fusion-gallery-image\"><a href=\"https:\/\/gclg.be\/wp-content\/uploads\/2020\/01\/Saison-2012-2013-Christophe-Andr\u00e9-Imprafaits-libres-et-heureux.-pratqiues-de-lestime-de-soi-12.jpg\" rel=\"noreferrer\" data-rel=\"iLightbox[gallery_image_1]\" class=\"fusion-lightbox\" target=\"_self\"><img src=\"https:\/\/gclg.be\/wp-content\/uploads\/2020\/01\/Saison-2012-2013-Christophe-Andr\u00e9-Imprafaits-libres-et-heureux.-pratqiues-de-lestime-de-soi-12.jpg\" width=\"1280\" height=\"853\" alt=\"\" title=\"Saison 2012-2013 Christophe Andr\u00e9 Imprafaits, libres et heureux. pratqiues de l&rsquo;estime de soi 12\" aria-label=\"Saison 2012-2013 Christophe Andr\u00e9 Imprafaits, libres et heureux. pratqiues de l&rsquo;estime de soi 12\" class=\"img-responsive wp-image-21267\" srcset=\"https:\/\/gclg.be\/wp-content\/uploads\/2020\/01\/Saison-2012-2013-Christophe-Andr\u00e9-Imprafaits-libres-et-heureux.-pratqiues-de-lestime-de-soi-12-200x133.jpg 200w, https:\/\/gclg.be\/wp-content\/uploads\/2020\/01\/Saison-2012-2013-Christophe-Andr\u00e9-Imprafaits-libres-et-heureux.-pratqiues-de-lestime-de-soi-12-400x267.jpg 400w, https:\/\/gclg.be\/wp-content\/uploads\/2020\/01\/Saison-2012-2013-Christophe-Andr\u00e9-Imprafaits-libres-et-heureux.-pratqiues-de-lestime-de-soi-12-600x400.jpg 600w, https:\/\/gclg.be\/wp-content\/uploads\/2020\/01\/Saison-2012-2013-Christophe-Andr\u00e9-Imprafaits-libres-et-heureux.-pratqiues-de-lestime-de-soi-12-800x533.jpg 800w, https:\/\/gclg.be\/wp-content\/uploads\/2020\/01\/Saison-2012-2013-Christophe-Andr\u00e9-Imprafaits-libres-et-heureux.-pratqiues-de-lestime-de-soi-12-1200x800.jpg 1200w, https:\/\/gclg.be\/wp-content\/uploads\/2020\/01\/Saison-2012-2013-Christophe-Andr\u00e9-Imprafaits-libres-et-heureux.-pratqiues-de-lestime-de-soi-12.jpg 1280w\" sizes=\"(min-width: 2200px) 100vw, (min-width: 796px) 274px, (min-width: 744px) 366px, (min-width: 692px) 549px, (min-width: 640px) 692px, \" \/><\/a><\/div><\/div><div style=\"padding:1px;\" class=\"fusion-grid-column fusion-gallery-column fusion-gallery-column-4 hover-type-none\"><div class=\"fusion-gallery-image\"><a href=\"https:\/\/gclg.be\/wp-content\/uploads\/2020\/01\/Saison-2012-2013-Christophe-Andr\u00e9-Imprafaits-libres-et-heureux.-pratqiues-de-lestime-de-soi-11.jpg\" rel=\"noreferrer\" data-rel=\"iLightbox[gallery_image_1]\" class=\"fusion-lightbox\" target=\"_self\"><img src=\"https:\/\/gclg.be\/wp-content\/uploads\/2020\/01\/Saison-2012-2013-Christophe-Andr\u00e9-Imprafaits-libres-et-heureux.-pratqiues-de-lestime-de-soi-11.jpg\" width=\"1280\" height=\"853\" alt=\"\" title=\"Saison 2012-2013 Christophe Andr\u00e9 Imprafaits, libres et heureux. pratqiues de l&rsquo;estime de soi 11\" aria-label=\"Saison 2012-2013 Christophe Andr\u00e9 Imprafaits, libres et heureux. pratqiues de l&rsquo;estime de soi 11\" class=\"img-responsive wp-image-21266\" srcset=\"https:\/\/gclg.be\/wp-content\/uploads\/2020\/01\/Saison-2012-2013-Christophe-Andr\u00e9-Imprafaits-libres-et-heureux.-pratqiues-de-lestime-de-soi-11-200x133.jpg 200w, https:\/\/gclg.be\/wp-content\/uploads\/2020\/01\/Saison-2012-2013-Christophe-Andr\u00e9-Imprafaits-libres-et-heureux.-pratqiues-de-lestime-de-soi-11-400x267.jpg 400w, https:\/\/gclg.be\/wp-content\/uploads\/2020\/01\/Saison-2012-2013-Christophe-Andr\u00e9-Imprafaits-libres-et-heureux.-pratqiues-de-lestime-de-soi-11-600x400.jpg 600w, https:\/\/gclg.be\/wp-content\/uploads\/2020\/01\/Saison-2012-2013-Christophe-Andr\u00e9-Imprafaits-libres-et-heureux.-pratqiues-de-lestime-de-soi-11-800x533.jpg 800w, https:\/\/gclg.be\/wp-content\/uploads\/2020\/01\/Saison-2012-2013-Christophe-Andr\u00e9-Imprafaits-libres-et-heureux.-pratqiues-de-lestime-de-soi-11-1200x800.jpg 1200w, https:\/\/gclg.be\/wp-content\/uploads\/2020\/01\/Saison-2012-2013-Christophe-Andr\u00e9-Imprafaits-libres-et-heureux.-pratqiues-de-lestime-de-soi-11.jpg 1280w\" sizes=\"(min-width: 2200px) 100vw, (min-width: 796px) 274px, (min-width: 744px) 366px, (min-width: 692px) 549px, (min-width: 640px) 692px, \" \/><\/a><\/div><\/div><div style=\"padding:1px;\" class=\"fusion-grid-column fusion-gallery-column fusion-gallery-column-4 hover-type-none\"><div class=\"fusion-gallery-image\"><a href=\"https:\/\/gclg.be\/wp-content\/uploads\/2020\/01\/Saison-2012-2013-Christophe-Andr\u00e9-Imprafaits-libres-et-heureux.-pratqiues-de-lestime-de-soi-10.jpg\" rel=\"noreferrer\" data-rel=\"iLightbox[gallery_image_1]\" class=\"fusion-lightbox\" target=\"_self\"><img src=\"https:\/\/gclg.be\/wp-content\/uploads\/2020\/01\/Saison-2012-2013-Christophe-Andr\u00e9-Imprafaits-libres-et-heureux.-pratqiues-de-lestime-de-soi-10.jpg\" width=\"1280\" height=\"852\" alt=\"\" title=\"Saison 2012-2013 Christophe Andr\u00e9 Imprafaits, libres et heureux. pratqiues de l&rsquo;estime de soi 10\" aria-label=\"Saison 2012-2013 Christophe Andr\u00e9 Imprafaits, libres et heureux. pratqiues de l&rsquo;estime de soi 10\" class=\"img-responsive wp-image-21265\" srcset=\"https:\/\/gclg.be\/wp-content\/uploads\/2020\/01\/Saison-2012-2013-Christophe-Andr\u00e9-Imprafaits-libres-et-heureux.-pratqiues-de-lestime-de-soi-10-200x133.jpg 200w, https:\/\/gclg.be\/wp-content\/uploads\/2020\/01\/Saison-2012-2013-Christophe-Andr\u00e9-Imprafaits-libres-et-heureux.-pratqiues-de-lestime-de-soi-10-400x266.jpg 400w, https:\/\/gclg.be\/wp-content\/uploads\/2020\/01\/Saison-2012-2013-Christophe-Andr\u00e9-Imprafaits-libres-et-heureux.-pratqiues-de-lestime-de-soi-10-600x399.jpg 600w, https:\/\/gclg.be\/wp-content\/uploads\/2020\/01\/Saison-2012-2013-Christophe-Andr\u00e9-Imprafaits-libres-et-heureux.-pratqiues-de-lestime-de-soi-10-800x533.jpg 800w, https:\/\/gclg.be\/wp-content\/uploads\/2020\/01\/Saison-2012-2013-Christophe-Andr\u00e9-Imprafaits-libres-et-heureux.-pratqiues-de-lestime-de-soi-10-1200x799.jpg 1200w, https:\/\/gclg.be\/wp-content\/uploads\/2020\/01\/Saison-2012-2013-Christophe-Andr\u00e9-Imprafaits-libres-et-heureux.-pratqiues-de-lestime-de-soi-10.jpg 1280w\" sizes=\"(min-width: 2200px) 100vw, (min-width: 796px) 274px, (min-width: 744px) 366px, (min-width: 692px) 549px, (min-width: 640px) 692px, \" \/><\/a><\/div><\/div><div style=\"padding:1px;\" class=\"fusion-grid-column fusion-gallery-column fusion-gallery-column-4 hover-type-none\"><div class=\"fusion-gallery-image\"><a href=\"https:\/\/gclg.be\/wp-content\/uploads\/2020\/01\/Saison-2012-2013-Christophe-Andr\u00e9-Imprafaits-libres-et-heureux.-pratqiues-de-lestime-de-soi-9.jpg\" rel=\"noreferrer\" data-rel=\"iLightbox[gallery_image_1]\" class=\"fusion-lightbox\" target=\"_self\"><img src=\"https:\/\/gclg.be\/wp-content\/uploads\/2020\/01\/Saison-2012-2013-Christophe-Andr\u00e9-Imprafaits-libres-et-heureux.-pratqiues-de-lestime-de-soi-9.jpg\" width=\"1280\" height=\"852\" alt=\"\" title=\"Saison 2012-2013 Christophe Andr\u00e9 Imprafaits, libres et heureux. pratqiues de l&rsquo;estime de soi 9\" aria-label=\"Saison 2012-2013 Christophe Andr\u00e9 Imprafaits, libres et heureux. pratqiues de l&rsquo;estime de soi 9\" class=\"img-responsive wp-image-21264\" srcset=\"https:\/\/gclg.be\/wp-content\/uploads\/2020\/01\/Saison-2012-2013-Christophe-Andr\u00e9-Imprafaits-libres-et-heureux.-pratqiues-de-lestime-de-soi-9-200x133.jpg 200w, https:\/\/gclg.be\/wp-content\/uploads\/2020\/01\/Saison-2012-2013-Christophe-Andr\u00e9-Imprafaits-libres-et-heureux.-pratqiues-de-lestime-de-soi-9-400x266.jpg 400w, https:\/\/gclg.be\/wp-content\/uploads\/2020\/01\/Saison-2012-2013-Christophe-Andr\u00e9-Imprafaits-libres-et-heureux.-pratqiues-de-lestime-de-soi-9-600x399.jpg 600w, https:\/\/gclg.be\/wp-content\/uploads\/2020\/01\/Saison-2012-2013-Christophe-Andr\u00e9-Imprafaits-libres-et-heureux.-pratqiues-de-lestime-de-soi-9-800x533.jpg 800w, https:\/\/gclg.be\/wp-content\/uploads\/2020\/01\/Saison-2012-2013-Christophe-Andr\u00e9-Imprafaits-libres-et-heureux.-pratqiues-de-lestime-de-soi-9-1200x799.jpg 1200w, https:\/\/gclg.be\/wp-content\/uploads\/2020\/01\/Saison-2012-2013-Christophe-Andr\u00e9-Imprafaits-libres-et-heureux.-pratqiues-de-lestime-de-soi-9.jpg 1280w\" sizes=\"(min-width: 2200px) 100vw, (min-width: 796px) 274px, (min-width: 744px) 366px, (min-width: 692px) 549px, (min-width: 640px) 692px, \" \/><\/a><\/div><\/div><div class=\"clearfix\"><\/div><div style=\"padding:1px;\" class=\"fusion-grid-column fusion-gallery-column fusion-gallery-column-4 hover-type-none\"><div class=\"fusion-gallery-image\"><a href=\"https:\/\/gclg.be\/wp-content\/uploads\/2020\/01\/Saison-2012-2013-Christophe-Andr\u00e9-Imprafaits-libres-et-heureux.-pratqiues-de-lestime-de-soi-8.jpg\" rel=\"noreferrer\" data-rel=\"iLightbox[gallery_image_1]\" class=\"fusion-lightbox\" target=\"_self\"><img src=\"https:\/\/gclg.be\/wp-content\/uploads\/2020\/01\/Saison-2012-2013-Christophe-Andr\u00e9-Imprafaits-libres-et-heureux.-pratqiues-de-lestime-de-soi-8.jpg\" width=\"1280\" height=\"852\" alt=\"\" title=\"Saison 2012-2013 Christophe Andr\u00e9 Imprafaits, libres et heureux. pratqiues de l&rsquo;estime de soi 8\" aria-label=\"Saison 2012-2013 Christophe Andr\u00e9 Imprafaits, libres et heureux. pratqiues de l&rsquo;estime de soi 8\" class=\"img-responsive wp-image-21263\" srcset=\"https:\/\/gclg.be\/wp-content\/uploads\/2020\/01\/Saison-2012-2013-Christophe-Andr\u00e9-Imprafaits-libres-et-heureux.-pratqiues-de-lestime-de-soi-8-200x133.jpg 200w, https:\/\/gclg.be\/wp-content\/uploads\/2020\/01\/Saison-2012-2013-Christophe-Andr\u00e9-Imprafaits-libres-et-heureux.-pratqiues-de-lestime-de-soi-8-400x266.jpg 400w, https:\/\/gclg.be\/wp-content\/uploads\/2020\/01\/Saison-2012-2013-Christophe-Andr\u00e9-Imprafaits-libres-et-heureux.-pratqiues-de-lestime-de-soi-8-600x399.jpg 600w, https:\/\/gclg.be\/wp-content\/uploads\/2020\/01\/Saison-2012-2013-Christophe-Andr\u00e9-Imprafaits-libres-et-heureux.-pratqiues-de-lestime-de-soi-8-800x533.jpg 800w, https:\/\/gclg.be\/wp-content\/uploads\/2020\/01\/Saison-2012-2013-Christophe-Andr\u00e9-Imprafaits-libres-et-heureux.-pratqiues-de-lestime-de-soi-8-1200x799.jpg 1200w, https:\/\/gclg.be\/wp-content\/uploads\/2020\/01\/Saison-2012-2013-Christophe-Andr\u00e9-Imprafaits-libres-et-heureux.-pratqiues-de-lestime-de-soi-8.jpg 1280w\" sizes=\"(min-width: 2200px) 100vw, (min-width: 796px) 274px, (min-width: 744px) 366px, (min-width: 692px) 549px, (min-width: 640px) 692px, \" \/><\/a><\/div><\/div><div style=\"padding:1px;\" class=\"fusion-grid-column fusion-gallery-column fusion-gallery-column-4 hover-type-none\"><div class=\"fusion-gallery-image\"><a href=\"https:\/\/gclg.be\/wp-content\/uploads\/2020\/01\/Saison-2012-2013-Christophe-Andr\u00e9-Imprafaits-libres-et-heureux.-pratqiues-de-lestime-de-soi-7.jpg\" rel=\"noreferrer\" data-rel=\"iLightbox[gallery_image_1]\" class=\"fusion-lightbox\" target=\"_self\"><img src=\"https:\/\/gclg.be\/wp-content\/uploads\/2020\/01\/Saison-2012-2013-Christophe-Andr\u00e9-Imprafaits-libres-et-heureux.-pratqiues-de-lestime-de-soi-7.jpg\" width=\"1280\" height=\"852\" alt=\"\" title=\"Saison 2012-2013 Christophe Andr\u00e9 Imprafaits, libres et heureux. pratqiues de l&rsquo;estime de soi 7\" aria-label=\"Saison 2012-2013 Christophe Andr\u00e9 Imprafaits, libres et heureux. pratqiues de l&rsquo;estime de soi 7\" class=\"img-responsive wp-image-21262\" srcset=\"https:\/\/gclg.be\/wp-content\/uploads\/2020\/01\/Saison-2012-2013-Christophe-Andr\u00e9-Imprafaits-libres-et-heureux.-pratqiues-de-lestime-de-soi-7-200x133.jpg 200w, https:\/\/gclg.be\/wp-content\/uploads\/2020\/01\/Saison-2012-2013-Christophe-Andr\u00e9-Imprafaits-libres-et-heureux.-pratqiues-de-lestime-de-soi-7-400x266.jpg 400w, https:\/\/gclg.be\/wp-content\/uploads\/2020\/01\/Saison-2012-2013-Christophe-Andr\u00e9-Imprafaits-libres-et-heureux.-pratqiues-de-lestime-de-soi-7-600x399.jpg 600w, https:\/\/gclg.be\/wp-content\/uploads\/2020\/01\/Saison-2012-2013-Christophe-Andr\u00e9-Imprafaits-libres-et-heureux.-pratqiues-de-lestime-de-soi-7-800x533.jpg 800w, https:\/\/gclg.be\/wp-content\/uploads\/2020\/01\/Saison-2012-2013-Christophe-Andr\u00e9-Imprafaits-libres-et-heureux.-pratqiues-de-lestime-de-soi-7-1200x799.jpg 1200w, https:\/\/gclg.be\/wp-content\/uploads\/2020\/01\/Saison-2012-2013-Christophe-Andr\u00e9-Imprafaits-libres-et-heureux.-pratqiues-de-lestime-de-soi-7.jpg 1280w\" sizes=\"(min-width: 2200px) 100vw, (min-width: 796px) 274px, (min-width: 744px) 366px, (min-width: 692px) 549px, (min-width: 640px) 692px, \" \/><\/a><\/div><\/div><div style=\"padding:1px;\" class=\"fusion-grid-column fusion-gallery-column fusion-gallery-column-4 hover-type-none\"><div class=\"fusion-gallery-image\"><a href=\"https:\/\/gclg.be\/wp-content\/uploads\/2020\/01\/Saison-2012-2013-Christophe-Andr\u00e9-Imprafaits-libres-et-heureux.-pratqiues-de-lestime-de-soi-6.jpg\" rel=\"noreferrer\" data-rel=\"iLightbox[gallery_image_1]\" class=\"fusion-lightbox\" target=\"_self\"><img src=\"https:\/\/gclg.be\/wp-content\/uploads\/2020\/01\/Saison-2012-2013-Christophe-Andr\u00e9-Imprafaits-libres-et-heureux.-pratqiues-de-lestime-de-soi-6.jpg\" width=\"1280\" height=\"852\" alt=\"\" title=\"Saison 2012-2013 Christophe Andr\u00e9 Imprafaits, libres et heureux. pratqiues de l&rsquo;estime de soi 6\" aria-label=\"Saison 2012-2013 Christophe Andr\u00e9 Imprafaits, libres et heureux. pratqiues de l&rsquo;estime de soi 6\" class=\"img-responsive wp-image-21261\" srcset=\"https:\/\/gclg.be\/wp-content\/uploads\/2020\/01\/Saison-2012-2013-Christophe-Andr\u00e9-Imprafaits-libres-et-heureux.-pratqiues-de-lestime-de-soi-6-200x133.jpg 200w, https:\/\/gclg.be\/wp-content\/uploads\/2020\/01\/Saison-2012-2013-Christophe-Andr\u00e9-Imprafaits-libres-et-heureux.-pratqiues-de-lestime-de-soi-6-400x266.jpg 400w, https:\/\/gclg.be\/wp-content\/uploads\/2020\/01\/Saison-2012-2013-Christophe-Andr\u00e9-Imprafaits-libres-et-heureux.-pratqiues-de-lestime-de-soi-6-600x399.jpg 600w, https:\/\/gclg.be\/wp-content\/uploads\/2020\/01\/Saison-2012-2013-Christophe-Andr\u00e9-Imprafaits-libres-et-heureux.-pratqiues-de-lestime-de-soi-6-800x533.jpg 800w, https:\/\/gclg.be\/wp-content\/uploads\/2020\/01\/Saison-2012-2013-Christophe-Andr\u00e9-Imprafaits-libres-et-heureux.-pratqiues-de-lestime-de-soi-6-1200x799.jpg 1200w, https:\/\/gclg.be\/wp-content\/uploads\/2020\/01\/Saison-2012-2013-Christophe-Andr\u00e9-Imprafaits-libres-et-heureux.-pratqiues-de-lestime-de-soi-6.jpg 1280w\" sizes=\"(min-width: 2200px) 100vw, (min-width: 796px) 274px, (min-width: 744px) 366px, (min-width: 692px) 549px, (min-width: 640px) 692px, \" \/><\/a><\/div><\/div><div style=\"padding:1px;\" class=\"fusion-grid-column fusion-gallery-column fusion-gallery-column-4 hover-type-none\"><div class=\"fusion-gallery-image\"><a href=\"https:\/\/gclg.be\/wp-content\/uploads\/2020\/01\/Saison-2012-2013-Christophe-Andr\u00e9-Imprafaits-libres-et-heureux.-pratqiues-de-lestime-de-soi-5.jpg\" rel=\"noreferrer\" data-rel=\"iLightbox[gallery_image_1]\" class=\"fusion-lightbox\" target=\"_self\"><img src=\"https:\/\/gclg.be\/wp-content\/uploads\/2020\/01\/Saison-2012-2013-Christophe-Andr\u00e9-Imprafaits-libres-et-heureux.-pratqiues-de-lestime-de-soi-5.jpg\" width=\"1280\" height=\"852\" alt=\"\" title=\"Saison 2012-2013 Christophe Andr\u00e9 Imprafaits, libres et heureux. pratqiues de l&rsquo;estime de soi 5\" aria-label=\"Saison 2012-2013 Christophe Andr\u00e9 Imprafaits, libres et heureux. pratqiues de l&rsquo;estime de soi 5\" class=\"img-responsive wp-image-21260\" srcset=\"https:\/\/gclg.be\/wp-content\/uploads\/2020\/01\/Saison-2012-2013-Christophe-Andr\u00e9-Imprafaits-libres-et-heureux.-pratqiues-de-lestime-de-soi-5-200x133.jpg 200w, https:\/\/gclg.be\/wp-content\/uploads\/2020\/01\/Saison-2012-2013-Christophe-Andr\u00e9-Imprafaits-libres-et-heureux.-pratqiues-de-lestime-de-soi-5-400x266.jpg 400w, https:\/\/gclg.be\/wp-content\/uploads\/2020\/01\/Saison-2012-2013-Christophe-Andr\u00e9-Imprafaits-libres-et-heureux.-pratqiues-de-lestime-de-soi-5-600x399.jpg 600w, https:\/\/gclg.be\/wp-content\/uploads\/2020\/01\/Saison-2012-2013-Christophe-Andr\u00e9-Imprafaits-libres-et-heureux.-pratqiues-de-lestime-de-soi-5-800x533.jpg 800w, https:\/\/gclg.be\/wp-content\/uploads\/2020\/01\/Saison-2012-2013-Christophe-Andr\u00e9-Imprafaits-libres-et-heureux.-pratqiues-de-lestime-de-soi-5-1200x799.jpg 1200w, https:\/\/gclg.be\/wp-content\/uploads\/2020\/01\/Saison-2012-2013-Christophe-Andr\u00e9-Imprafaits-libres-et-heureux.-pratqiues-de-lestime-de-soi-5.jpg 1280w\" sizes=\"(min-width: 2200px) 100vw, (min-width: 796px) 274px, (min-width: 744px) 366px, (min-width: 692px) 549px, (min-width: 640px) 692px, \" \/><\/a><\/div><\/div><div class=\"clearfix\"><\/div><div style=\"padding:1px;\" class=\"fusion-grid-column fusion-gallery-column fusion-gallery-column-4 hover-type-none\"><div class=\"fusion-gallery-image\"><a href=\"https:\/\/gclg.be\/wp-content\/uploads\/2020\/01\/Saison-2012-2013-Christophe-Andr\u00e9-Imprafaits-libres-et-heureux.-pratqiues-de-lestime-de-soi-4.jpg\" rel=\"noreferrer\" data-rel=\"iLightbox[gallery_image_1]\" class=\"fusion-lightbox\" target=\"_self\"><img src=\"https:\/\/gclg.be\/wp-content\/uploads\/2020\/01\/Saison-2012-2013-Christophe-Andr\u00e9-Imprafaits-libres-et-heureux.-pratqiues-de-lestime-de-soi-4.jpg\" width=\"1280\" height=\"852\" alt=\"\" title=\"Saison 2012-2013 Christophe Andr\u00e9 Imprafaits, libres et heureux. pratqiues de l&rsquo;estime de soi 4\" aria-label=\"Saison 2012-2013 Christophe Andr\u00e9 Imprafaits, libres et heureux. pratqiues de l&rsquo;estime de soi 4\" class=\"img-responsive wp-image-21259\" srcset=\"https:\/\/gclg.be\/wp-content\/uploads\/2020\/01\/Saison-2012-2013-Christophe-Andr\u00e9-Imprafaits-libres-et-heureux.-pratqiues-de-lestime-de-soi-4-200x133.jpg 200w, https:\/\/gclg.be\/wp-content\/uploads\/2020\/01\/Saison-2012-2013-Christophe-Andr\u00e9-Imprafaits-libres-et-heureux.-pratqiues-de-lestime-de-soi-4-400x266.jpg 400w, https:\/\/gclg.be\/wp-content\/uploads\/2020\/01\/Saison-2012-2013-Christophe-Andr\u00e9-Imprafaits-libres-et-heureux.-pratqiues-de-lestime-de-soi-4-600x399.jpg 600w, https:\/\/gclg.be\/wp-content\/uploads\/2020\/01\/Saison-2012-2013-Christophe-Andr\u00e9-Imprafaits-libres-et-heureux.-pratqiues-de-lestime-de-soi-4-800x533.jpg 800w, https:\/\/gclg.be\/wp-content\/uploads\/2020\/01\/Saison-2012-2013-Christophe-Andr\u00e9-Imprafaits-libres-et-heureux.-pratqiues-de-lestime-de-soi-4-1200x799.jpg 1200w, https:\/\/gclg.be\/wp-content\/uploads\/2020\/01\/Saison-2012-2013-Christophe-Andr\u00e9-Imprafaits-libres-et-heureux.-pratqiues-de-lestime-de-soi-4.jpg 1280w\" sizes=\"(min-width: 2200px) 100vw, (min-width: 796px) 274px, (min-width: 744px) 366px, (min-width: 692px) 549px, (min-width: 640px) 692px, \" \/><\/a><\/div><\/div><div style=\"padding:1px;\" class=\"fusion-grid-column fusion-gallery-column fusion-gallery-column-4 hover-type-none\"><div class=\"fusion-gallery-image\"><a href=\"https:\/\/gclg.be\/wp-content\/uploads\/2020\/01\/Saison-2012-2013-Christophe-Andr\u00e9-Imprafaits-libres-et-heureux.-pratqiues-de-lestime-de-soi-3.jpg\" rel=\"noreferrer\" data-rel=\"iLightbox[gallery_image_1]\" class=\"fusion-lightbox\" target=\"_self\"><img src=\"https:\/\/gclg.be\/wp-content\/uploads\/2020\/01\/Saison-2012-2013-Christophe-Andr\u00e9-Imprafaits-libres-et-heureux.-pratqiues-de-lestime-de-soi-3.jpg\" width=\"1280\" height=\"852\" alt=\"\" title=\"Saison 2012-2013 Christophe Andr\u00e9 Imprafaits, libres et heureux. pratqiues de l&rsquo;estime de soi 3\" aria-label=\"Saison 2012-2013 Christophe Andr\u00e9 Imprafaits, libres et heureux. pratqiues de l&rsquo;estime de soi 3\" class=\"img-responsive wp-image-21258\" srcset=\"https:\/\/gclg.be\/wp-content\/uploads\/2020\/01\/Saison-2012-2013-Christophe-Andr\u00e9-Imprafaits-libres-et-heureux.-pratqiues-de-lestime-de-soi-3-200x133.jpg 200w, https:\/\/gclg.be\/wp-content\/uploads\/2020\/01\/Saison-2012-2013-Christophe-Andr\u00e9-Imprafaits-libres-et-heureux.-pratqiues-de-lestime-de-soi-3-400x266.jpg 400w, https:\/\/gclg.be\/wp-content\/uploads\/2020\/01\/Saison-2012-2013-Christophe-Andr\u00e9-Imprafaits-libres-et-heureux.-pratqiues-de-lestime-de-soi-3-600x399.jpg 600w, https:\/\/gclg.be\/wp-content\/uploads\/2020\/01\/Saison-2012-2013-Christophe-Andr\u00e9-Imprafaits-libres-et-heureux.-pratqiues-de-lestime-de-soi-3-800x533.jpg 800w, https:\/\/gclg.be\/wp-content\/uploads\/2020\/01\/Saison-2012-2013-Christophe-Andr\u00e9-Imprafaits-libres-et-heureux.-pratqiues-de-lestime-de-soi-3-1200x799.jpg 1200w, https:\/\/gclg.be\/wp-content\/uploads\/2020\/01\/Saison-2012-2013-Christophe-Andr\u00e9-Imprafaits-libres-et-heureux.-pratqiues-de-lestime-de-soi-3.jpg 1280w\" sizes=\"(min-width: 2200px) 100vw, (min-width: 796px) 274px, (min-width: 744px) 366px, (min-width: 692px) 549px, (min-width: 640px) 692px, \" \/><\/a><\/div><\/div><div style=\"padding:1px;\" class=\"fusion-grid-column fusion-gallery-column fusion-gallery-column-4 hover-type-none\"><div class=\"fusion-gallery-image\"><a href=\"https:\/\/gclg.be\/wp-content\/uploads\/2020\/01\/Saison-2012-2013-Christophe-Andr\u00e9-Imprafaits-libres-et-heureux.-pratqiues-de-lestime-de-soi-2.jpg\" rel=\"noreferrer\" data-rel=\"iLightbox[gallery_image_1]\" class=\"fusion-lightbox\" target=\"_self\"><img src=\"https:\/\/gclg.be\/wp-content\/uploads\/2020\/01\/Saison-2012-2013-Christophe-Andr\u00e9-Imprafaits-libres-et-heureux.-pratqiues-de-lestime-de-soi-2.jpg\" width=\"1280\" height=\"852\" alt=\"\" title=\"Saison 2012-2013 Christophe Andr\u00e9 Imprafaits, libres et heureux. pratqiues de l&rsquo;estime de soi 2\" aria-label=\"Saison 2012-2013 Christophe Andr\u00e9 Imprafaits, libres et heureux. pratqiues de l&rsquo;estime de soi 2\" class=\"img-responsive wp-image-21257\" srcset=\"https:\/\/gclg.be\/wp-content\/uploads\/2020\/01\/Saison-2012-2013-Christophe-Andr\u00e9-Imprafaits-libres-et-heureux.-pratqiues-de-lestime-de-soi-2-200x133.jpg 200w, https:\/\/gclg.be\/wp-content\/uploads\/2020\/01\/Saison-2012-2013-Christophe-Andr\u00e9-Imprafaits-libres-et-heureux.-pratqiues-de-lestime-de-soi-2-400x266.jpg 400w, https:\/\/gclg.be\/wp-content\/uploads\/2020\/01\/Saison-2012-2013-Christophe-Andr\u00e9-Imprafaits-libres-et-heureux.-pratqiues-de-lestime-de-soi-2-600x399.jpg 600w, https:\/\/gclg.be\/wp-content\/uploads\/2020\/01\/Saison-2012-2013-Christophe-Andr\u00e9-Imprafaits-libres-et-heureux.-pratqiues-de-lestime-de-soi-2-800x533.jpg 800w, https:\/\/gclg.be\/wp-content\/uploads\/2020\/01\/Saison-2012-2013-Christophe-Andr\u00e9-Imprafaits-libres-et-heureux.-pratqiues-de-lestime-de-soi-2-1200x799.jpg 1200w, https:\/\/gclg.be\/wp-content\/uploads\/2020\/01\/Saison-2012-2013-Christophe-Andr\u00e9-Imprafaits-libres-et-heureux.-pratqiues-de-lestime-de-soi-2.jpg 1280w\" sizes=\"(min-width: 2200px) 100vw, (min-width: 796px) 274px, (min-width: 744px) 366px, (min-width: 692px) 549px, (min-width: 640px) 692px, \" \/><\/a><\/div><\/div><div style=\"padding:1px;\" class=\"fusion-grid-column fusion-gallery-column fusion-gallery-column-4 hover-type-none\"><div class=\"fusion-gallery-image\"><a href=\"https:\/\/gclg.be\/wp-content\/uploads\/2020\/01\/Saison-2012-2013-Christophe-Andr\u00e9-Imprafaits-libres-et-heureux.-pratqiues-de-lestime-de-soi-1.jpg\" rel=\"noreferrer\" data-rel=\"iLightbox[gallery_image_1]\" class=\"fusion-lightbox\" target=\"_self\"><img src=\"https:\/\/gclg.be\/wp-content\/uploads\/2020\/01\/Saison-2012-2013-Christophe-Andr\u00e9-Imprafaits-libres-et-heureux.-pratqiues-de-lestime-de-soi-1.jpg\" width=\"1280\" height=\"852\" alt=\"\" title=\"Saison 2012-2013 Christophe Andr\u00e9 Imprafaits, libres et heureux. pratqiues de l&rsquo;estime de soi 1\" aria-label=\"Saison 2012-2013 Christophe Andr\u00e9 Imprafaits, libres et heureux. pratqiues de l&rsquo;estime de soi 1\" class=\"img-responsive wp-image-21256\" srcset=\"https:\/\/gclg.be\/wp-content\/uploads\/2020\/01\/Saison-2012-2013-Christophe-Andr\u00e9-Imprafaits-libres-et-heureux.-pratqiues-de-lestime-de-soi-1-200x133.jpg 200w, https:\/\/gclg.be\/wp-content\/uploads\/2020\/01\/Saison-2012-2013-Christophe-Andr\u00e9-Imprafaits-libres-et-heureux.-pratqiues-de-lestime-de-soi-1-400x266.jpg 400w, https:\/\/gclg.be\/wp-content\/uploads\/2020\/01\/Saison-2012-2013-Christophe-Andr\u00e9-Imprafaits-libres-et-heureux.-pratqiues-de-lestime-de-soi-1-600x399.jpg 600w, https:\/\/gclg.be\/wp-content\/uploads\/2020\/01\/Saison-2012-2013-Christophe-Andr\u00e9-Imprafaits-libres-et-heureux.-pratqiues-de-lestime-de-soi-1-800x533.jpg 800w, https:\/\/gclg.be\/wp-content\/uploads\/2020\/01\/Saison-2012-2013-Christophe-Andr\u00e9-Imprafaits-libres-et-heureux.-pratqiues-de-lestime-de-soi-1-1200x799.jpg 1200w, https:\/\/gclg.be\/wp-content\/uploads\/2020\/01\/Saison-2012-2013-Christophe-Andr\u00e9-Imprafaits-libres-et-heureux.-pratqiues-de-lestime-de-soi-1.jpg 1280w\" sizes=\"(min-width: 2200px) 100vw, (min-width: 796px) 274px, (min-width: 744px) 366px, (min-width: 692px) 549px, (min-width: 640px) 692px, \" \/><\/a><\/div><\/div><div class=\"clearfix\"><\/div><\/div><div class=\"fusion-clearfix\"><\/div><\/div><\/div><div class=\"fusion-layout-column fusion_builder_column fusion-builder-column-5 fusion_builder_column_1_6 1_6 fusion-one-sixth fusion-column-last\" style=\"width:16.666666666667%;width:calc(16.666666666667% - ( ( 4% + 4% ) * 0.16666666666667 ) );margin-top:15px;margin-bottom:15px;\"><div class=\"fusion-column-wrapper fusion-flex-column-wrapper-legacy\" style=\"background-position:left top;background-repeat:no-repeat;-webkit-background-size:cover;-moz-background-size:cover;-o-background-size:cover;background-size:cover;padding: 0px 0px 0px 0px;\"><div class=\"fusion-clearfix\"><\/div><\/div><\/div><\/div><\/div><\/p>\n","protected":false},"excerpt":{"rendered":"","protected":false},"author":1,"featured_media":0,"parent":0,"menu_order":1,"comment_status":"closed","ping_status":"closed","template":"","meta":[],"yoast_head":"<!-- This site is optimized with the Yoast SEO plugin v15.0 - https:\/\/yoast.com\/wordpress\/plugins\/seo\/ -->\n<title>Saison 2012-2013 - Grandes Conf\u00e9rences Li\u00e9geoises<\/title>\n<meta name=\"description\" content=\"Retrouvez les interlocuteurs de la saison 2012-2013 des Grandes Conf\u00e9rences Li\u00e9geoises en image et vid\u00e9os: Fr\u00e9d\u00e9ric MITTERRAND, Nancy HUSTON, ...\" \/>\n<meta name=\"robots\" content=\"index, follow, max-snippet:-1, max-image-preview:large, max-video-preview:-1\" \/>\n<link rel=\"canonical\" href=\"http:\/\/gclg.be\/index.php\/saison-2012-2013\/\" \/>\n<meta property=\"og:locale\" content=\"fr_FR\" \/>\n<meta property=\"og:type\" content=\"article\" \/>\n<meta property=\"og:title\" content=\"Saison 2012-2013 - Grandes Conf\u00e9rences Li\u00e9geoises\" \/>\n<meta property=\"og:description\" content=\"Retrouvez les interlocuteurs de la saison 2012-2013 des Grandes Conf\u00e9rences Li\u00e9geoises en image et vid\u00e9os: Fr\u00e9d\u00e9ric MITTERRAND, Nancy HUSTON, ...\" \/>\n<meta property=\"og:url\" content=\"http:\/\/gclg.be\/index.php\/saison-2012-2013\/\" \/>\n<meta property=\"og:site_name\" content=\"GCLG\" \/>\n<meta property=\"article:modified_time\" content=\"2020-01-14T15:08:06+00:00\" \/>\n<meta name=\"twitter:card\" content=\"summary_large_image\" \/>\n<script type=\"application\/ld+json\" class=\"yoast-schema-graph\">{\"@context\":\"https:\/\/schema.org\",\"@graph\":[{\"@type\":\"WebSite\",\"@id\":\"https:\/\/gclg.be\/#website\",\"url\":\"https:\/\/gclg.be\/\",\"name\":\"GCLG\",\"description\":\"Des conf\\u00e9rences d&#039;exception\",\"potentialAction\":[{\"@type\":\"SearchAction\",\"target\":\"https:\/\/gclg.be\/?s={search_term_string}\",\"query-input\":\"required name=search_term_string\"}],\"inLanguage\":\"fr-FR\"},{\"@type\":\"WebPage\",\"@id\":\"http:\/\/gclg.be\/index.php\/saison-2012-2013\/#webpage\",\"url\":\"http:\/\/gclg.be\/index.php\/saison-2012-2013\/\",\"name\":\"Saison 2012-2013 - Grandes Conf\\u00e9rences Li\\u00e9geoises\",\"isPartOf\":{\"@id\":\"https:\/\/gclg.be\/#website\"},\"datePublished\":\"2020-01-14T14:37:29+00:00\",\"dateModified\":\"2020-01-14T15:08:06+00:00\",\"description\":\"Retrouvez les interlocuteurs de la saison 2012-2013 des Grandes Conf\\u00e9rences Li\\u00e9geoises en image et vid\\u00e9os: Fr\\u00e9d\\u00e9ric MITTERRAND, Nancy HUSTON, ...\",\"inLanguage\":\"fr-FR\",\"potentialAction\":[{\"@type\":\"ReadAction\",\"target\":[\"http:\/\/gclg.be\/index.php\/saison-2012-2013\/\"]}]}]}<\/script>\n<!-- \/ Yoast SEO plugin. -->","_links":{"self":[{"href":"https:\/\/gclg.be\/index.php\/wp-json\/wp\/v2\/pages\/22087"}],"collection":[{"href":"https:\/\/gclg.be\/index.php\/wp-json\/wp\/v2\/pages"}],"about":[{"href":"https:\/\/gclg.be\/index.php\/wp-json\/wp\/v2\/types\/page"}],"author":[{"embeddable":true,"href":"https:\/\/gclg.be\/index.php\/wp-json\/wp\/v2\/users\/1"}],"replies":[{"embeddable":true,"href":"https:\/\/gclg.be\/index.php\/wp-json\/wp\/v2\/comments?post=22087"}],"version-history":[{"count":8,"href":"https:\/\/gclg.be\/index.php\/wp-json\/wp\/v2\/pages\/22087\/revisions"}],"predecessor-version":[{"id":22145,"href":"https:\/\/gclg.be\/index.php\/wp-json\/wp\/v2\/pages\/22087\/revisions\/22145"}],"wp:attachment":[{"href":"https:\/\/gclg.be\/index.php\/wp-json\/wp\/v2\/media?parent=22087"}],"curies":[{"name":"wp","href":"https:\/\/api.w.org\/{rel}","templated":true}]}}