{"id":22903,"date":"2024-08-06T10:18:01","date_gmt":"2024-08-06T08:18:01","guid":{"rendered":"https:\/\/gclg.be\/?page_id=22903"},"modified":"2026-03-31T15:24:56","modified_gmt":"2026-03-31T13:24:56","slug":"saison-2024-2025-2","status":"publish","type":"page","link":"https:\/\/gclg.be\/","title":{"rendered":"Saison 2026"},"content":{"rendered":"<p><div id=\"conferences\"><div class=\"fusion-fullwidth fullwidth-box fusion-builder-row-1 nonhundred-percent-fullwidth non-hundred-percent-height-scrolling\" style=\"background-color: rgba(255,255,255,0);background-position: left bottom;background-repeat: no-repeat;padding-top:0px;padding-right:30px;padding-bottom:0px;padding-left:30px;margin-bottom: 35px;margin-top: 0px;border-width: 0px 0px 0px 0px;border-color:#eae9e9;border-style:solid;\" ><div class=\"fusion-builder-row fusion-row\"><div class=\"fusion-layout-column fusion_builder_column fusion-builder-column-0 fusion_builder_column_1_6 1_6 fusion-one-sixth fusion-column-first\" style=\"width:16.666666666667%;width:calc(16.666666666667% - ( ( 4% + 4% ) * 0.16666666666667 ) );margin-right: 4%;margin-top:15px;margin-bottom:15px;\"><div class=\"fusion-column-wrapper fusion-flex-column-wrapper-legacy\" style=\"background-position:left top;background-repeat:no-repeat;-webkit-background-size:cover;-moz-background-size:cover;-o-background-size:cover;background-size:cover;padding: 0px 0px 0px 0px;\"><div class=\"fusion-clearfix\"><\/div><\/div><\/div><div class=\"fusion-layout-column fusion_builder_column fusion-builder-column-1 fusion_builder_column_2_3 2_3 fusion-two-third\" style=\"width:66.666666666667%;width:calc(66.666666666667% - ( ( 4% + 4% ) * 0.66666666666667 ) );margin-right: 4%;margin-top:-25px;margin-bottom:15px;\"><div class=\"fusion-column-wrapper fusion-flex-column-wrapper-legacy\" style=\"background-position:left top;background-repeat:no-repeat;-webkit-background-size:cover;-moz-background-size:cover;-o-background-size:cover;background-size:cover;padding: 0px 0px 0px 0px;\"><div class=\"fusion-text fusion-text-1\"><\/div><div class=\"fusion-sep-clear\"><\/div><div class=\"fusion-separator\" style=\"margin-left: auto;margin-right: auto;margin-bottom:30px;width:100%;max-width:80px;\"><\/div><div class=\"fusion-sep-clear\"><\/div><div class=\"fusion-text fusion-text-2\"><p style=\"text-align: center;\" data-start=\"46\" data-end=\"110\">Les Grandes Conf\u00e9rences Li\u00e9geoises, organis\u00e9es par la Ville de Li\u00e8ge, proposent :<\/p>\n<p style=\"text-align: center;\" data-start=\"180\" data-end=\"209\">Jeudi 7 mai \u00a0Bernard CRUTZEN<\/p>\n<p style=\"text-align: center;\" data-start=\"180\" data-end=\"209\"><strong>M\u00e9dias : contre-pouvoir ?\u00a0<\/strong><\/p>\n<p style=\"text-align: center;\" data-start=\"211\" data-end=\"404\">Ces soir\u00e9es s\u2019inscrivent dans la continuit\u00e9 d\u2019une programmation exigeante, ouverte aux grandes questions contemporaines et aux regards qui \u00e9clairent notre \u00e9poque.<\/p>\n<p style=\"text-align: center;\" data-start=\"406\" data-end=\"495\">R\u00e9servez votre place :<br data-start=\"428\" data-end=\"431\" \/><a class=\"decorated-link\" href=\"https:\/\/www.billetweb.fr\/les-grandes-conferences-liegeoises-2026\" target=\"_new\" rel=\"noopener\" data-start=\"431\" data-end=\"495\">https:\/\/www.billetweb.fr\/les-grandes-conferences-liegeoises-2026<\/a><\/p>\n<p style=\"text-align: center;\" data-start=\"497\" data-end=\"617\">Pour \u00eatre inform\u00e9(e) de l\u2019ouverture progressive de la saison, inscrivez-vous : http:\/\/gclg.be\/index.php\/newsletter\/<\/p>\n<\/div><div class=\"fusion-sep-clear\"><\/div><div class=\"fusion-separator\" style=\"margin-left: auto;margin-right: auto;margin-bottom:35px;width:100%;max-width:80px;\"><\/div><div class=\"fusion-sep-clear\"><\/div><style type=\"text\/css\">#accordion-22903-1 .fusion-panel:hover, #accordion-22903-1 .fusion-panel.hover{ background-color: #f9f9f9 } #accordion-22903-1 .fusion-panel { border-color:rgba(220,186,161,0); border-width:1px; background-color:#ffffff; }.fusion-accordian  #accordion-22903-1 .panel-title a .fa-fusion-box{ color: #ffffff;}.fusion-accordian  #accordion-22903-1 .panel-title a .fa-fusion-box:before{ font-size: 13px; width: 13px;}.fusion-accordian  #accordion-22903-1 .panel-title a{font-size:18px;}.fusion-accordian  #accordion-22903-1 .fa-fusion-box { background-color: #006d5a;border-color: #006d5a;}.fusion-accordian  #accordion-22903-1 .panel-title a:hover, #accordion-22903-1 .fusion-toggle-boxed-mode:hover .panel-title a { color: #040c00;}.fusion-accordian  #accordion-22903-1 .panel-title .active .fa-fusion-box,.fusion-accordian  #accordion-22903-1 .panel-title a:hover .fa-fusion-box { background-color: #040c00!important;border-color: #040c00!important;}<\/style><div class=\"accordian fusion-accordian\"><div class=\"panel-group\" id=\"accordion-22903-1\" role=\"tablist\"><div class=\"fusion-panel panel-default fusion-toggle-no-divider fusion-toggle-boxed-mode\" role=\"tabpanel\"><div class=\"panel-heading\"><h4 class=\"panel-title toggle\"><a aria-expanded=\"false\" aria-selected=\"false\" aria-controls=\"5d8bafa9d2e46501f\" role=\"tab\" data-toggle=\"collapse\" data-parent=\"#accordion-22903-1\" data-target=\"#5d8bafa9d2e46501f\" href=\"#5d8bafa9d2e46501f\"><span class=\"fusion-toggle-icon-wrapper\" aria-hidden=\"true\"><i class=\"fa-fusion-box\" aria-hidden=\"true\"><\/i><\/span><span class=\"fusion-toggle-heading\">05.03.26 Laurent GOUNELLE - Le Pouvoir de l'Intuition COMPLET<\/span><\/a><\/h4><\/div><div id=\"5d8bafa9d2e46501f\" class=\"panel-collapse collapse \"><div class=\"panel-body toggle-content fusion-clearfix\">\n<p><img class=\"aligncenter wp-image-23032 size-large\" src=\"http:\/\/gclg.be\/wp-content\/uploads\/2026\/02\/Pic-Laurent-Gounelle-\u00a9Philippe-Quaisse-732x1024.png\" alt=\"\" width=\"732\" height=\"1024\" srcset=\"https:\/\/gclg.be\/wp-content\/uploads\/2026\/02\/Pic-Laurent-Gounelle-\u00a9Philippe-Quaisse-200x280.png 200w, https:\/\/gclg.be\/wp-content\/uploads\/2026\/02\/Pic-Laurent-Gounelle-\u00a9Philippe-Quaisse-214x300.png 214w, https:\/\/gclg.be\/wp-content\/uploads\/2026\/02\/Pic-Laurent-Gounelle-\u00a9Philippe-Quaisse-400x560.png 400w, https:\/\/gclg.be\/wp-content\/uploads\/2026\/02\/Pic-Laurent-Gounelle-\u00a9Philippe-Quaisse-600x840.png 600w, https:\/\/gclg.be\/wp-content\/uploads\/2026\/02\/Pic-Laurent-Gounelle-\u00a9Philippe-Quaisse-640x896.png 640w, https:\/\/gclg.be\/wp-content\/uploads\/2026\/02\/Pic-Laurent-Gounelle-\u00a9Philippe-Quaisse-732x1024.png 732w, https:\/\/gclg.be\/wp-content\/uploads\/2026\/02\/Pic-Laurent-Gounelle-\u00a9Philippe-Quaisse-768x1075.png 768w, https:\/\/gclg.be\/wp-content\/uploads\/2026\/02\/Pic-Laurent-Gounelle-\u00a9Philippe-Quaisse-800x1120.png 800w, https:\/\/gclg.be\/wp-content\/uploads\/2026\/02\/Pic-Laurent-Gounelle-\u00a9Philippe-Quaisse-1097x1536.png 1097w, https:\/\/gclg.be\/wp-content\/uploads\/2026\/02\/Pic-Laurent-Gounelle-\u00a9Philippe-Quaisse-1200x1679.png 1200w, https:\/\/gclg.be\/wp-content\/uploads\/2026\/02\/Pic-Laurent-Gounelle-\u00a9Philippe-Quaisse-1463x2048.png 1463w, https:\/\/gclg.be\/wp-content\/uploads\/2026\/02\/Pic-Laurent-Gounelle-\u00a9Philippe-Quaisse.png 2215w\" sizes=\"(max-width: 732px) 100vw, 732px\" \/><\/p>\n<div style=\"text-align: center;\"><strong>Laurent GOUNELLE<\/strong><\/div>\n<div style=\"text-align: center;\"><strong>Le Pouvoir de l&rsquo;Intuition<\/strong><\/div>\n<div><\/div>\n<div>\n<p style=\"font-weight: 400;\"><strong>Les grands scientifiques, les grands artistes, les grands chefs d\u2019entreprise sont avant tout de grands intuitifs. Et si nous \u00e9tions tous dot\u00e9s de cette capacit\u00e9 \u00e9tonnante ?<\/strong> Et si, loin d\u2019\u00eatre anecdotique, l\u2019intuition \u00e9tait une cl\u00e9 pour prendre des d\u00e9cisions, r\u00e9aliser ses projets et agir au quotidien ? Au cours d\u2019une conf\u00e9rence suivie d\u2019un atelier pratique, Laurent Gounelle se propose d\u2019explorer avec vous cette capacit\u00e9 m\u00e9connue et de vous faire vivre une exp\u00e9rience troublante d\u2019acc\u00e8s \u00e0 vos propres intuitions.<\/p>\n<p style=\"font-weight: 400;\">Laurent Gounelle est l\u2019un des \u00e9crivains fran\u00e7ais les plus lus dans le monde, traduit dans 38 langues.<\/p>\n<p style=\"font-weight: 400;\">Passionn\u00e9 par la psychologie et la philosophie, il \u00e9crit des romans qui emm\u00e8nent le lecteur dans des voyages initiatiques \u00e0 la d\u00e9couverte de lui-m\u00eame et du sens de sa vie.<\/p>\n<p style=\"font-weight: 400;\">Tous ses romans sont devenus des best-sellers : L&rsquo;homme qui voulait \u00eatre heureux, Les dieux voyagent toujours incognito, Le philosophe qui n\u2019\u00e9tait pas sage, Le jour o\u00f9 j\u2019ai appris \u00e0 vivre, Et tu trouveras le tr\u00e9sor qui dort en toi, Je te promets la libert\u00e9, Intuitio, Le R\u00e9veil. Son dernier livre,\u00a0Un monde presque parfait, est paru aux \u00e9ditions Mazarine.<\/p>\n<p style=\"font-weight: 400;\">Une s\u00e9ance de d\u00e9dicace aura lieu \u00e0 l\u2019issue de la conf\u00e9rence.<\/p>\n<\/div>\n<\/div><\/div><\/div><\/div><\/div><style type=\"text\/css\">#accordion-22903-2 .fusion-panel:hover, #accordion-22903-2 .fusion-panel.hover{ background-color: #f9f9f9 } #accordion-22903-2 .fusion-panel { border-color:rgba(220,186,161,0); border-width:1px; background-color:#ffffff; }.fusion-accordian  #accordion-22903-2 .panel-title a .fa-fusion-box{ color: #ffffff;}.fusion-accordian  #accordion-22903-2 .panel-title a .fa-fusion-box:before{ font-size: 13px; width: 13px;}.fusion-accordian  #accordion-22903-2 .panel-title a{font-size:18px;}.fusion-accordian  #accordion-22903-2 .fa-fusion-box { background-color: #006d5a;border-color: #006d5a;}.fusion-accordian  #accordion-22903-2 .panel-title a:hover, #accordion-22903-2 .fusion-toggle-boxed-mode:hover .panel-title a { color: #040c00;}.fusion-accordian  #accordion-22903-2 .panel-title .active .fa-fusion-box,.fusion-accordian  #accordion-22903-2 .panel-title a:hover .fa-fusion-box { background-color: #040c00!important;border-color: #040c00!important;}<\/style><div class=\"accordian fusion-accordian\"><div class=\"panel-group\" id=\"accordion-22903-2\" role=\"tablist\"><div class=\"fusion-panel panel-default fusion-toggle-no-divider fusion-toggle-boxed-mode\" role=\"tabpanel\"><div class=\"panel-heading\"><h4 class=\"panel-title toggle\"><a class=\"active\" aria-expanded=\"true\" aria-selected=\"true\" aria-controls=\"d36c2a03fa845f792\" role=\"tab\" data-toggle=\"collapse\" data-target=\"#d36c2a03fa845f792\" href=\"#d36c2a03fa845f792\"><span class=\"fusion-toggle-icon-wrapper\" aria-hidden=\"true\"><i class=\"fa-fusion-box\" aria-hidden=\"true\"><\/i><\/span><span class=\"fusion-toggle-heading\">16.04.26 Salom\u00e9 SAQU\u00c9 - R\u00e9sister COMPLET<\/span><\/a><\/h4><\/div><div id=\"d36c2a03fa845f792\" class=\"panel-collapse collapse in\"><div class=\"panel-body toggle-content fusion-clearfix\">\n<p><img class=\"aligncenter wp-image-23033 size-large\" src=\"http:\/\/gclg.be\/wp-content\/uploads\/2026\/02\/Salome-Saque-\u00a9-Emma-Birsky-732x1024.jpg\" alt=\"\" width=\"732\" height=\"1024\" srcset=\"https:\/\/gclg.be\/wp-content\/uploads\/2026\/02\/Salome-Saque-\u00a9-Emma-Birsky-200x280.jpg 200w, https:\/\/gclg.be\/wp-content\/uploads\/2026\/02\/Salome-Saque-\u00a9-Emma-Birsky-214x300.jpg 214w, https:\/\/gclg.be\/wp-content\/uploads\/2026\/02\/Salome-Saque-\u00a9-Emma-Birsky-400x560.jpg 400w, https:\/\/gclg.be\/wp-content\/uploads\/2026\/02\/Salome-Saque-\u00a9-Emma-Birsky-600x840.jpg 600w, https:\/\/gclg.be\/wp-content\/uploads\/2026\/02\/Salome-Saque-\u00a9-Emma-Birsky-640x896.jpg 640w, https:\/\/gclg.be\/wp-content\/uploads\/2026\/02\/Salome-Saque-\u00a9-Emma-Birsky-732x1024.jpg 732w, https:\/\/gclg.be\/wp-content\/uploads\/2026\/02\/Salome-Saque-\u00a9-Emma-Birsky-768x1075.jpg 768w, https:\/\/gclg.be\/wp-content\/uploads\/2026\/02\/Salome-Saque-\u00a9-Emma-Birsky-800x1120.jpg 800w, https:\/\/gclg.be\/wp-content\/uploads\/2026\/02\/Salome-Saque-\u00a9-Emma-Birsky-1097x1536.jpg 1097w, https:\/\/gclg.be\/wp-content\/uploads\/2026\/02\/Salome-Saque-\u00a9-Emma-Birsky-1200x1679.jpg 1200w, https:\/\/gclg.be\/wp-content\/uploads\/2026\/02\/Salome-Saque-\u00a9-Emma-Birsky-1463x2048.jpg 1463w, https:\/\/gclg.be\/wp-content\/uploads\/2026\/02\/Salome-Saque-\u00a9-Emma-Birsky-scaled.jpg 1829w\" sizes=\"(max-width: 732px) 100vw, 732px\" \/><\/p>\n<div style=\"text-align: center;\"><strong>Salom\u00e9 SAQU\u00c9\u00a0<\/strong><\/div>\n<div>\n<div style=\"text-align: center;\"><strong>R\u00e9sister<\/strong><\/div>\n<div>\n<p>Face aux crises sociales, climatiques et d\u00e9mocratiques, la jeunesse appara\u00eet tour \u00e0 tour inqui\u00e8te, lucide, en col\u00e8re\u2026 et profond\u00e9ment mobilis\u00e9e. Cette conf\u00e9rence interroge ce que signifie r\u00e9sister aujourd\u2019hui quand on est jeune : r\u00e9sister au d\u00e9couragement, aux r\u00e9cits simplistes, aux in\u00e9galit\u00e9s qui se creusent. \u00c0 partir d\u2019enqu\u00eates, d\u2019analyses et de faits concrets, elle propose de comprendre les ressorts de l\u2019engagement des jeunes g\u00e9n\u00e9rations, leurs col\u00e8res comme leurs solutions, et les leviers r\u00e9els pour transformer le monde plut\u00f4t que s\u2019y r\u00e9signer.<\/p>\n<p>Salom\u00e9 Saqu\u00e9 est journaliste et autrice. Elle travaille sur les questions de d\u00e9mocratie, de justice sociale, de climat et de mont\u00e9e des extr\u00eames, avec une attention particuli\u00e8re port\u00e9e \u00e0 la jeunesse et \u00e0 ses conditions de vie. Connue pour son approche rigoureuse et accessible, elle d\u00e9crypte les m\u00e9canismes politiques et m\u00e9diatiques contemporains et donne des cl\u00e9s de compr\u00e9hension pour penser l\u2019engagement et la r\u00e9sistance collective aujourd\u2019hui.<\/p>\n<\/div>\n<\/div>\n<\/div><\/div><\/div><\/div><\/div><style type=\"text\/css\">#accordion-22903-3 .fusion-panel:hover, #accordion-22903-3 .fusion-panel.hover{ background-color: #f9f9f9 } #accordion-22903-3 .fusion-panel { border-color:rgba(220,186,161,0); border-width:1px; background-color:#ffffff; }.fusion-accordian  #accordion-22903-3 .panel-title a .fa-fusion-box{ color: #ffffff;}.fusion-accordian  #accordion-22903-3 .panel-title a .fa-fusion-box:before{ font-size: 13px; width: 13px;}.fusion-accordian  #accordion-22903-3 .panel-title a{font-size:18px;}.fusion-accordian  #accordion-22903-3 .fa-fusion-box { background-color: #006d5a;border-color: #006d5a;}.fusion-accordian  #accordion-22903-3 .panel-title a:hover, #accordion-22903-3 .fusion-toggle-boxed-mode:hover .panel-title a { color: #040c00;}.fusion-accordian  #accordion-22903-3 .panel-title .active .fa-fusion-box,.fusion-accordian  #accordion-22903-3 .panel-title a:hover .fa-fusion-box { background-color: #040c00!important;border-color: #040c00!important;}<\/style><div class=\"accordian fusion-accordian\"><div class=\"panel-group\" id=\"accordion-22903-3\" role=\"tablist\"><div class=\"fusion-panel panel-default fusion-toggle-no-divider fusion-toggle-boxed-mode\" role=\"tabpanel\"><div class=\"panel-heading\"><h4 class=\"panel-title toggle\"><a class=\"active\" aria-expanded=\"true\" aria-selected=\"true\" aria-controls=\"592e69cb19ff700a4\" role=\"tab\" data-toggle=\"collapse\" data-target=\"#592e69cb19ff700a4\" href=\"#592e69cb19ff700a4\"><span class=\"fusion-toggle-icon-wrapper\" aria-hidden=\"true\"><i class=\"fa-fusion-box\" aria-hidden=\"true\"><\/i><\/span><span class=\"fusion-toggle-heading\">07.05.26 Bernard CRUTZEN - M\u00e9dias : contre-pouvoir ?<\/span><\/a><\/h4><\/div><div id=\"592e69cb19ff700a4\" class=\"panel-collapse collapse in\"><div class=\"panel-body toggle-content fusion-clearfix\">\n<p><img class=\"aligncenter wp-image-23047 size-full\" src=\"http:\/\/gclg.be\/wp-content\/uploads\/2026\/03\/Bernard-Crutzen-\u00a9Diego-Crutzen-2.png\" alt=\"\" width=\"800\" height=\"1120\" srcset=\"https:\/\/gclg.be\/wp-content\/uploads\/2026\/03\/Bernard-Crutzen-\u00a9Diego-Crutzen-2-200x280.png 200w, https:\/\/gclg.be\/wp-content\/uploads\/2026\/03\/Bernard-Crutzen-\u00a9Diego-Crutzen-2-214x300.png 214w, https:\/\/gclg.be\/wp-content\/uploads\/2026\/03\/Bernard-Crutzen-\u00a9Diego-Crutzen-2-400x560.png 400w, https:\/\/gclg.be\/wp-content\/uploads\/2026\/03\/Bernard-Crutzen-\u00a9Diego-Crutzen-2-600x840.png 600w, https:\/\/gclg.be\/wp-content\/uploads\/2026\/03\/Bernard-Crutzen-\u00a9Diego-Crutzen-2-640x896.png 640w, https:\/\/gclg.be\/wp-content\/uploads\/2026\/03\/Bernard-Crutzen-\u00a9Diego-Crutzen-2-731x1024.png 731w, https:\/\/gclg.be\/wp-content\/uploads\/2026\/03\/Bernard-Crutzen-\u00a9Diego-Crutzen-2-768x1075.png 768w, https:\/\/gclg.be\/wp-content\/uploads\/2026\/03\/Bernard-Crutzen-\u00a9Diego-Crutzen-2.png 800w\" sizes=\"(max-width: 800px) 100vw, 800px\" \/><\/p>\n<div style=\"text-align: center;\"><strong>Bernard CRUTZEN<\/strong><\/div>\n<div>\n<div style=\"text-align: center;\"><strong>M\u00e9dias : contre-pouvoir ?<\/strong><\/div>\n<div>\n<p style=\"font-weight: 400;\">Qui a voix au chapitre ? Le pluralisme des m\u00e9dias est un principe fondamental de la d\u00e9mocratie. En Belgique, il est notamment surveill\u00e9 par le Conseil Sup\u00e9rieur de l\u2019Audiovisuel, qui veille \u00e0 \u00ab garantir au public l\u2019acc\u00e8s \u00e0 une diversit\u00e9 de sources d\u2019information et de points de vue \u00bb.<\/p>\n<p style=\"font-weight: 400;\">Pourtant, ce que l\u2019on voit \u00e0 la t\u00e9l\u00e9vision &#8211; et dans les m\u00e9dias en g\u00e9n\u00e9ral &#8211; refl\u00e8te rarement le pluralisme des opinions. Durant la crise sanitaire, certaines voix dissonantes ont \u00e9t\u00e9 \u00e9cart\u00e9es des plateaux de t\u00e9l\u00e9vision, et parfois m\u00eame condamn\u00e9es par leurs pairs. Depuis, la question du pluralisme dans les m\u00e9dias ressurgit r\u00e9guli\u00e8rement, et notamment sur des enjeux globaux : crises climatique et \u00e9nerg\u00e9tique, conflits en Ukraine ou Iran, affaires judiciaires, etc. L\u2019affaiblissement d\u2019un journalisme r\u00e9ellement ind\u00e9pendant laisse le public face \u00e0 des interrogations sans r\u00e9ponse, un terreau favorable aux th\u00e8ses \u00ab complotistes \u00bb. Loin de tout acad\u00e9misme, \u00e9maill\u00e9e d&rsquo;extraits vid\u00e9o, cette conf\u00e9rence se veut amusante, parce qu\u2019il faut aussi pouvoir \u00ab sourire de ce qui nous terrorise \u00bb, selon ses mots.<\/p>\n<p style=\"font-weight: 400;\">R\u00e9alisateur de documentaires pour la t\u00e9l\u00e9vision, Bernard Crutzen est aussi journaliste ind\u00e9pendant, membre de l\u2019AJP. Il a notamment r\u00e9alis\u00e9 Bruxelles Sauvage (2015 et 2023) Malaria Business (2018), Ceci n\u2019est pas un complot (2021) ou La Loi, la libert\u00e9 (2022). Son regard engag\u00e9 et pol\u00e9mique, notamment sur la crise sanitaire, a suscit\u00e9 d\u00e9bats et prises de position dans l\u2019espace m\u00e9diatique.<\/p>\n<\/div>\n<\/div>\n<\/div><\/div><\/div><\/div><\/div><div class=\"fusion-sep-clear\"><\/div><div class=\"fusion-separator fusion-full-width-sep\" style=\"margin-left: auto;margin-right: auto;width:100%;\"><\/div><div class=\"fusion-sep-clear\"><\/div><div class=\"fusion-clearfix\"><\/div><\/div><\/div><div class=\"fusion-layout-column fusion_builder_column fusion-builder-column-2 fusion_builder_column_1_6 1_6 fusion-one-sixth fusion-column-last\" style=\"width:16.666666666667%;width:calc(16.666666666667% - ( ( 4% + 4% ) * 0.16666666666667 ) );margin-top:15px;margin-bottom:15px;\"><div class=\"fusion-column-wrapper fusion-flex-column-wrapper-legacy\" style=\"background-position:left top;background-repeat:no-repeat;-webkit-background-size:cover;-moz-background-size:cover;-o-background-size:cover;background-size:cover;padding: 0px 0px 0px 0px;\"><div class=\"fusion-clearfix\"><\/div><\/div><\/div><\/div><\/div><\/div><div id=\"infos\"><div class=\"fusion-fullwidth fullwidth-box fusion-builder-row-2 fusion-parallax-none nonhundred-percent-fullwidth non-hundred-percent-height-scrolling lazyload\" style=\"background-color: rgba(255,255,255,0);background-position: center center;background-repeat: no-repeat;padding-top:25px;padding-right:30px;padding-bottom:0px;padding-left:30px;margin-bottom: 0px;margin-top: 0px;border-width: 0px 0px 0px 0px;border-color:#eae9e9;border-style:solid;-webkit-background-size:cover;-moz-background-size:cover;-o-background-size:cover;background-size:cover;\" data-bg=\"http:\/\/gclg.be\/wp-content\/uploads\/2019\/09\/TEST_3-1.jpg\" ><div class=\"fusion-builder-row fusion-row\"><div class=\"fusion-layout-column fusion_builder_column fusion-builder-column-3 fusion_builder_column_1_6 1_6 fusion-one-sixth fusion-column-first\" style=\"width:16.666666666667%;width:calc(16.666666666667% - ( ( 4% + 4% ) * 0.16666666666667 ) );margin-right: 4%;margin-top:15px;margin-bottom:15px;\"><div class=\"fusion-column-wrapper fusion-flex-column-wrapper-legacy\" style=\"background-position:left top;background-repeat:no-repeat;-webkit-background-size:cover;-moz-background-size:cover;-o-background-size:cover;background-size:cover;padding: 0px 0px 0px 0px;\"><div class=\"fusion-clearfix\"><\/div><\/div><\/div><div class=\"fusion-layout-column fusion_builder_column fusion-builder-column-4 fusion_builder_column_2_3 2_3 fusion-two-third\" style=\"width:66.666666666667%;width:calc(66.666666666667% - ( ( 4% + 4% ) * 0.66666666666667 ) );margin-right: 4%;margin-top:15px;margin-bottom:15px;\"><div class=\"fusion-column-wrapper fusion-flex-column-wrapper-legacy\" style=\"background-position:left top;background-repeat:no-repeat;-webkit-background-size:cover;-moz-background-size:cover;-o-background-size:cover;background-size:cover;padding: 0px 0px 0px 0px;\"><style type=\"text\/css\"><\/style><div class=\"fusion-title title fusion-title-1 fusion-sep-none fusion-title-center fusion-title-text fusion-title-size-three\" style=\"margin-top:20px;margin-bottom:30px;\"><h3 class=\"title-heading-center\" style=\"margin:0;\">INFORMATIONS PRATIQUES<\/h3><\/div><div class=\"fusion-sep-clear\"><\/div><div class=\"fusion-separator\" style=\"margin-left: auto;margin-right: auto;width:100%;max-width:80px;\"><div class=\"fusion-separator-border sep-single sep-solid\" style=\"border-color:#006d5a;border-top-width:1px;\"><\/div><\/div><div class=\"fusion-sep-clear\"><\/div><div class=\"fusion-text fusion-text-3\"><h5 style=\"text-align: left;\"><strong>Lieu des conf\u00e9rences : <\/strong>Esplanade de l&rsquo;Europe, 2 &#8211; 4020 Li\u00e8ge<strong><br \/>\n<strong>Les conf\u00e9rences d\u00e9butent \u00e0 20 h 15<\/strong><\/strong><\/h5>\n<\/div><div class=\"fusion-sep-clear\"><\/div><div class=\"fusion-separator\" style=\"margin-left: auto;margin-right: auto;width:100%;max-width:80px;\"><div class=\"fusion-separator-border sep-single sep-solid\" style=\"border-color:#006d5a;border-top-width:1px;\"><\/div><\/div><div class=\"fusion-sep-clear\"><\/div><div class=\"fusion-clearfix\"><\/div><\/div><\/div><div class=\"fusion-layout-column fusion_builder_column fusion-builder-column-5 fusion_builder_column_1_6 1_6 fusion-one-sixth fusion-column-last\" style=\"width:16.666666666667%;width:calc(16.666666666667% - ( ( 4% + 4% ) * 0.16666666666667 ) );margin-top:15px;margin-bottom:15px;\"><div class=\"fusion-column-wrapper fusion-flex-column-wrapper-legacy\" style=\"background-position:left top;background-repeat:no-repeat;-webkit-background-size:cover;-moz-background-size:cover;-o-background-size:cover;background-size:cover;padding: 0px 0px 0px 0px;\"><div class=\"fusion-clearfix\"><\/div><\/div><\/div><div class=\"fusion-layout-column fusion_builder_column fusion-builder-column-6 fusion_builder_column_1_6 1_6 fusion-one-sixth fusion-column-first\" style=\"width:16.666666666667%;width:calc(16.666666666667% - ( ( 4% + 4% ) * 0.16666666666667 ) );margin-right: 4%;margin-top:15px;margin-bottom:15px;\"><div class=\"fusion-column-wrapper fusion-flex-column-wrapper-legacy\" style=\"background-position:left top;background-repeat:no-repeat;-webkit-background-size:cover;-moz-background-size:cover;-o-background-size:cover;background-size:cover;padding: 0px 0px 0px 0px;\"><div class=\"fusion-clearfix\"><\/div><\/div><\/div><div class=\"fusion-layout-column fusion_builder_column fusion-builder-column-7 fusion_builder_column_2_3 2_3 fusion-two-third\" style=\"width:66.666666666667%;width:calc(66.666666666667% - ( ( 4% + 4% ) * 0.66666666666667 ) );margin-right: 4%;margin-top:15px;margin-bottom:-50px;\"><div class=\"fusion-column-wrapper fusion-flex-column-wrapper-legacy\" style=\"background-position:left top;background-repeat:no-repeat;-webkit-background-size:cover;-moz-background-size:cover;-o-background-size:cover;background-size:cover;padding: 0px 0px 0px 0px;\"><style type='text\/css'>\n\t\t\t\t.pricing-table-1 .panel-container, .pricing-table-1 .standout .panel-container,\n\t\t\t\t.pricing-table-1.full-boxed-pricing {background-color:#f8f8f8;}\n\t\t\t\t.pricing-table-1 .list-group .list-group-item,\n\t\t\t\t.pricing-table-1 .list-group .list-group-item:last-child{background-color:#ffffff; border-color:#ededed;}\n\t\t\t\t.pricing-table-1.full-boxed-pricing .panel-wrapper:hover .panel-heading,\n\t\t\t\t.pricing-table-1 .panel-wrapper:hover .list-group-item {background-color:#f8f8f8;}\n\t\t\t\t.pricing-table-1.full-boxed-pricing .panel-heading{background-color:#ffffff;}\n\t\t\t\t.pricing-table-1 .fusion-panel, .pricing-table-1 .panel-wrapper:last-child .fusion-panel,\n\t\t\t\t.pricing-table-1 .standout .fusion-panel, .pricing-table-1  .panel-heading,\n\t\t\t\t.pricing-table-1 .panel-body, .pricing-table-1 .panel-footer{border-color:#ededed;}\n\t\t\t\t.pricing-table-1 .panel-body,.pricing-table-1 .panel-footer{background-color:#f8f8f8;}\n\t\t\t\t.pricing-table-1.sep-boxed-pricing .panel-heading h3{color:#ffffff;}\n\t\t\t\t.pricing-table-1.full-boxed-pricing.fusion-pricing-table .panel-heading h3{color:#494949;}\n\t\t\t\t.pricing-table-1.fusion-pricing-table .panel-body .price .decimal-part{color:rgba(53,109,140,0.68);}\n\t\t\t\t.pricing-table-1.fusion-pricing-table .panel-body .price .integer-part{color:rgba(53,109,140,0.68);}\n\t\t\t\t.pricing-table-1 ul.list-group li{color:#9e9e9e;}\n\t\t\t\t<\/style><div class=\"fusion-pricing-table pricing-table-1 full-boxed-pricing row fusion-columns-1 columns-1 fusion-clearfix\"><div class=\"panel-wrapper fusion-column column col-lg-12 col-md-12 col-sm-12 fusion-pricingtable-column\"><div class=\"panel-container\"><div class=\"fusion-panel\"><div class=\"panel-heading\"><h3 class=\"title-row\">S\u00c9ANCE<\/h3><\/div><div class=\"panel-body pricing-row\"><div class=\"price \"><span class=\"integer-part\">15<\/span><span class=\"currency pos-right price-without-decimal\">\u20ac<\/span><\/div><\/div><ul class=\"list-group\"><li class=\"list-group-item normal-row\">1 conf\u00e9rence<\/li><\/ul><\/div><\/div><\/div><\/div><div class=\"fusion-sep-clear\"><\/div><div class=\"fusion-separator\" style=\"margin-left: auto;margin-right: auto;width:100%;max-width:80px;\"><div class=\"fusion-separator-border sep-single sep-solid\" style=\"border-color:#006d5a;border-top-width:1px;\"><\/div><\/div><div class=\"fusion-sep-clear\"><\/div><div class=\"fusion-sep-clear\"><\/div><div class=\"fusion-separator\" style=\"margin-left: auto;margin-right: auto;margin-bottom:35px;width:100%;max-width:80px;\"><div class=\"fusion-separator-border sep-single sep-solid\" style=\"border-color:#006d5a;border-top-width:1px;\"><\/div><\/div><div class=\"fusion-sep-clear\"><\/div><div class=\"fusion-content-boxes content-boxes columns row fusion-columns-1 fusion-columns-total-2 fusion-content-boxes-1 content-boxes-icon-with-title content-left\" data-animationOffset=\"100%\" style=\"margin-top:0px;margin-bottom:60px;\"><style type=\"text\/css\">.fusion-content-boxes-1 .heading .content-box-heading {color:#494949;}\n\t\t\t\t\t.fusion-content-boxes-1 .fusion-content-box-hover .link-area-link-icon-hover .heading .content-box-heading,\n\t\t\t\t\t.fusion-content-boxes-1 .fusion-content-box-hover .link-area-link-icon-hover .heading .heading-link .content-box-heading,\n\t\t\t\t\t.fusion-content-boxes-1 .fusion-content-box-hover .link-area-box-hover .heading .content-box-heading,\n\t\t\t\t\t.fusion-content-boxes-1 .fusion-content-box-hover .link-area-box-hover .heading .heading-link .content-box-heading,\n\t\t\t\t\t.fusion-content-boxes-1 .fusion-content-box-hover .link-area-link-icon-hover.link-area-box .fusion-read-more,\n\t\t\t\t\t.fusion-content-boxes-1 .fusion-content-box-hover .link-area-link-icon-hover.link-area-box .fusion-read-more::after,\n\t\t\t\t\t.fusion-content-boxes-1 .fusion-content-box-hover .link-area-link-icon-hover.link-area-box .fusion-read-more::before,\n\t\t\t\t\t.fusion-content-boxes-1 .fusion-content-box-hover .fusion-read-more:hover:after,\n\t\t\t\t\t.fusion-content-boxes-1 .fusion-content-box-hover .fusion-read-more:hover:before,\n\t\t\t\t\t.fusion-content-boxes-1 .fusion-content-box-hover .fusion-read-more:hover,\n\t\t\t\t\t.fusion-content-boxes-1 .fusion-content-box-hover .link-area-box-hover.link-area-box .fusion-read-more,\n\t\t\t\t\t.fusion-content-boxes-1 .fusion-content-box-hover .link-area-box-hover.link-area-box .fusion-read-more::after,\n\t\t\t\t\t.fusion-content-boxes-1 .fusion-content-box-hover .link-area-box-hover.link-area-box .fusion-read-more::before,\n\t\t\t\t\t.fusion-content-boxes-1 .fusion-content-box-hover .link-area-link-icon-hover .icon .circle-no,\n\t\t\t\t\t.fusion-content-boxes-1 .heading .heading-link:hover .content-box-heading {\n\t\t\t\t\t\tcolor: #006d5a;\n\t\t\t\t\t}\n\t\t\t\t\t.fusion-content-boxes-1 .fusion-content-box-hover .link-area-box-hover .icon .circle-no {\n\t\t\t\t\t\tcolor: #006d5a !important;\n\t\t\t\t\t}.fusion-content-boxes-1 .fusion-content-box-hover .link-area-box.link-area-box-hover .fusion-content-box-button {background: #003d35;color: #ffffff;}.fusion-content-boxes-1 .fusion-content-box-hover .link-area-box.link-area-box-hover .fusion-content-box-button .fusion-button-text {color: #ffffff;}\n\t\t\t\t\t.fusion-content-boxes-1 .fusion-content-box-hover .link-area-link-icon-hover .heading .icon > span {\n\t\t\t\t\t\tbackground-color: #006d5a !important;\n\t\t\t\t\t}\n\t\t\t\t\t.fusion-content-boxes-1 .fusion-content-box-hover .link-area-box-hover .heading .icon > span {\n\t\t\t\t\t\tborder-color: #006d5a !important;\n\t\t\t\t\t}<\/style><div class=\"fusion-column content-box-column content-box-column content-box-column-1 col-lg-12 col-md-12 col-sm-12 fusion-content-box-hover content-box-column-last-in-row\"><div class=\"col content-box-wrapper content-wrapper link-area-link-icon icon-hover-animation-fade\" style=\"background-color:rgba(255,255,255,0);\" data-animationOffset=\"100%\"><div class=\"heading heading-with-icon icon-left\"><div class=\"icon\"><i style=\"border-color:rgba(255,255,255,0);border-width:1px;background-color:#006d5a;box-sizing:content-box;height:42px;width:42px;line-height:42px;border-radius:50%;color:#ffffff;font-size:21px;\" aria-hidden=\"true\" class=\"fontawesome-icon fa-graduation-cap fas circle-yes\"><\/i><\/div><h5 class=\"content-box-heading\" style=\"font-size:18px;line-height:23px;\">Vous \u00eates \u00e9tudiant ou demandeur d'emploi ?<\/h5><\/div><div class=\"fusion-clearfix\"><\/div><div class=\"content-container\" style=\"color:#6e6e6e;\">\n<p><strong><em>D\u00e9couvrez nos tarifs pr\u00e9f\u00e9rentiels :<\/em><\/strong><\/p>\n<ul>\n<li class=\"bck\">S\u00e9ance pour les \u00e9tudiants ou demandeurs d\u2019emploi<strong> 10 \u20ac <\/strong>sur pr\u00e9sentation d&rsquo;un justificatif<\/li>\n<\/ul>\n<\/div><\/div><\/div><div class=\"fusion-column content-box-column content-box-column content-box-column-2 col-lg-12 col-md-12 col-sm-12 fusion-content-box-hover content-box-column-last content-box-column-last-in-row\"><div class=\"col content-box-wrapper content-wrapper link-area-link-icon icon-hover-animation-fade\" style=\"background-color:rgba(255,255,255,0);\" data-animationOffset=\"100%\"><div class=\"heading heading-with-icon icon-left\"><div class=\"icon\"><i style=\"border-color:rgba(73,73,73,0);border-width:1px;background-color:#006d5a;box-sizing:content-box;height:42px;width:42px;line-height:42px;border-radius:50%;color:#ffffff;font-size:21px;\" aria-hidden=\"true\" class=\"fontawesome-icon fa-ticket-alt fas circle-yes\"><\/i><\/div><h5 class=\"content-box-heading\" style=\"font-size:18px;line-height:23px;\">Pr\u00e9vente<\/h5><\/div><div class=\"fusion-clearfix\"><\/div><div class=\"content-container\" style=\"color:#6e6e6e;\">\n<p><strong>BILLETTERIE EN LIGNE<\/strong> : https:\/\/www.billetweb.fr\/les-grandes-conferences-liegeoises-2026<\/p>\n<p><b class=\"colorx ftx2\">OFFICE DU TOURISME<br \/>\n<\/b><span class=\"ftx2\">Quai de la Goffe, 13 &#8211; 4000 Li\u00e8ge \u2022 T\u00e9l. 04 221 92 21<\/span><\/p>\n<ul>\n<li class=\"\">Octobre \u00e0 mai : tous les jours de 9 h \u00e0 16 h<\/li>\n<li class=\"\">Juin \u00e0 septembre : tous les jours de 9 h \u00e0 17 h<\/li>\n<\/ul>\n<p style=\"text-align: center;\"><em>Un drink, un espace librairie ainsi qu&rsquo;une s\u00e9ance de d\u00e9dicace sont propos\u00e9s<br \/>\n\u00e0\u00a0l&rsquo;issue de chaque conf\u00e9rence.<\/em><\/p>\n<\/div><\/div><\/div><style type=\"text\/css\">\n\t\t\t\t\t\t.fusion-content-boxes-1 .fusion-content-box-hover .heading-link:hover .icon i.circle-yes,\n\t\t\t\t\t\t.fusion-content-boxes-1 .fusion-content-box-hover .link-area-box:hover .heading-link .icon i.circle-yes,\n\t\t\t\t\t\t.fusion-content-boxes-1 .fusion-content-box-hover .link-area-link-icon-hover .heading .icon i.circle-yes,\n\t\t\t\t\t\t.fusion-content-boxes-1 .fusion-content-box-hover .link-area-box-hover .heading .icon i.circle-yes {\n\t\t\t\t\t\t\tbackground-color: #006d5a !important;\n\t\t\t\t\t\t\tborder-color: #006d5a !important;\n\t\t\t\t\t\t}<\/style><div class=\"fusion-clearfix\"><\/div><\/div><div class=\"fusion-clearfix\"><\/div><\/div><\/div><div class=\"fusion-layout-column fusion_builder_column fusion-builder-column-8 fusion_builder_column_1_6 1_6 fusion-one-sixth fusion-column-last\" style=\"width:16.666666666667%;width:calc(16.666666666667% - ( ( 4% + 4% ) * 0.16666666666667 ) );margin-top:15px;margin-bottom:15px;\"><div class=\"fusion-column-wrapper fusion-flex-column-wrapper-legacy\" style=\"background-position:left top;background-repeat:no-repeat;-webkit-background-size:cover;-moz-background-size:cover;-o-background-size:cover;background-size:cover;padding: 0px 0px 0px 0px;\"><div class=\"fusion-clearfix\"><\/div><\/div><\/div><\/div><\/div><\/div><div id=\"contact\"><div class=\"fusion-fullwidth fullwidth-box fusion-builder-row-3 fusion-parallax-none nonhundred-percent-fullwidth non-hundred-percent-height-scrolling lazyload\" style=\"background-color: rgba(255,255,255,0);background-position: center center;background-repeat: no-repeat;padding-top:0px;padding-right:30px;padding-bottom:0px;padding-left:30px;margin-bottom: 0px;margin-top: 0px;border-width: 0px 0px 0px 0px;border-color:#eae9e9;border-style:solid;-webkit-background-size:cover;-moz-background-size:cover;-o-background-size:cover;background-size:cover;\" data-bg=\"http:\/\/gclg.be\/wp-content\/uploads\/2017\/11\/booking-bg.png\" ><div class=\"fusion-builder-row fusion-row\"><div class=\"fusion-layout-column fusion_builder_column fusion-builder-column-9 fusion_builder_column_1_5 1_5 fusion-one-fifth fusion-column-first\" style=\"width:20%;width:calc(20% - ( ( 4% + 4% ) * 0.2 ) );margin-right: 4%;margin-top:15px;margin-bottom:15px;\"><div class=\"fusion-column-wrapper fusion-flex-column-wrapper-legacy\" style=\"background-position:left top;background-repeat:no-repeat;-webkit-background-size:cover;-moz-background-size:cover;-o-background-size:cover;background-size:cover;padding: 0px 0px 0px 0px;\"><div class=\"fusion-clearfix\"><\/div><\/div><\/div><div class=\"fusion-layout-column fusion_builder_column fusion-builder-column-10 fusion_builder_column_3_5 3_5 fusion-three-fifth\" style=\"width:60%;width:calc(60% - ( ( 4% + 4% ) * 0.6 ) );margin-right: 4%;margin-top:15px;margin-bottom:15px;\"><div class=\"fusion-column-wrapper fusion-flex-column-wrapper-legacy\" style=\"background-position:left top;background-repeat:no-repeat;-webkit-background-size:cover;-moz-background-size:cover;-o-background-size:cover;background-size:cover;padding: 0px 0px 0px 0px;\"><div class=\"fusion-sep-clear\"><\/div><div class=\"fusion-separator fusion-full-width-sep\" style=\"margin-left: auto;margin-right: auto;margin-top:25px;width:100%;\"><\/div><div class=\"fusion-sep-clear\"><\/div><style type=\"text\/css\"><\/style><div class=\"fusion-title title fusion-title-2 fusion-sep-none fusion-title-center fusion-title-text fusion-title-size-three\" style=\"margin-top:20px;margin-bottom:30px;\"><h3 class=\"title-heading-center\" style=\"margin:0;\">CONTACT<\/h3><\/div><div class=\"fusion-text fusion-text-4 ftx2\"><h4 class=\"vrt\" style=\"text-align: center;\"><b>Les Grandes Conf\u00e9rences Li\u00e9geoises asbl<br \/>\n<\/b><\/h4>\n<p class=\"vrt\" style=\"text-align: center;\">\u00c9chevinat de la Culture et du Tourisme<br \/>\nEn F\u00e9ronstr\u00e9e, 94 &#8211; 4000 Li\u00e8ge<span class=\"text-secondary\">\u00a0\u2022<\/span>\u00a0<a class=\"vrt\" href=\"mailto:info@gclg.be\">info@gclg.be<\/a><\/p>\n<\/div><div class=\"fusion-sep-clear\"><\/div><div class=\"fusion-separator fusion-full-width-sep\" style=\"margin-left: auto;margin-right: auto;margin-top:25px;width:100%;\"><\/div><div class=\"fusion-sep-clear\"><\/div><div class=\"fusion-clearfix\"><\/div><\/div><\/div><div class=\"fusion-layout-column fusion_builder_column fusion-builder-column-11 fusion_builder_column_1_5 1_5 fusion-one-fifth fusion-column-last\" style=\"width:20%;width:calc(20% - ( ( 4% + 4% ) * 0.2 ) );margin-top:15px;margin-bottom:15px;\"><div class=\"fusion-column-wrapper fusion-flex-column-wrapper-legacy\" style=\"background-position:left top;background-repeat:no-repeat;-webkit-background-size:cover;-moz-background-size:cover;-o-background-size:cover;background-size:cover;padding: 0px 0px 0px 0px;\"><div class=\"fusion-clearfix\"><\/div><\/div><\/div><\/div><\/div><\/div><\/p>\n","protected":false},"excerpt":{"rendered":"","protected":false},"author":2,"featured_media":0,"parent":0,"menu_order":1,"comment_status":"closed","ping_status":"closed","template":"","meta":[],"yoast_head":"<!-- This site is optimized with the Yoast SEO plugin v15.0 - https:\/\/yoast.com\/wordpress\/plugins\/seo\/ -->\n<title>Saison 2026 - GCLG - Une saison d&#039;exception<\/title>\n<meta name=\"description\" content=\"Les Grandes Conf\u00e9rences Li\u00e9geoises, un cycle de conf\u00e9rences grand public o\u00f9 sont trait\u00e9es dans le pluralisme les grandes questions de soci\u00e9t\u00e9\u2026\" \/>\n<meta name=\"robots\" content=\"index, follow, max-snippet:-1, max-image-preview:large, max-video-preview:-1\" \/>\n<link rel=\"canonical\" href=\"https:\/\/gclg.be\/\" \/>\n<meta property=\"og:locale\" content=\"fr_FR\" \/>\n<meta property=\"og:type\" content=\"article\" \/>\n<meta property=\"og:title\" content=\"Saison 2026 - GCLG - Une saison d&#039;exception\" \/>\n<meta property=\"og:description\" content=\"Les Grandes Conf\u00e9rences Li\u00e9geoises, un cycle de conf\u00e9rences grand public o\u00f9 sont trait\u00e9es dans le pluralisme les grandes questions de soci\u00e9t\u00e9\u2026\" \/>\n<meta property=\"og:url\" content=\"https:\/\/gclg.be\/\" \/>\n<meta property=\"og:site_name\" content=\"GCLG\" \/>\n<meta property=\"article:modified_time\" content=\"2026-03-31T13:24:56+00:00\" \/>\n<meta property=\"og:image\" content=\"http:\/\/gclg.be\/wp-content\/uploads\/2026\/02\/Pic-Laurent-Gounelle-\u00a9Philippe-Quaisse-732x1024.png\" \/>\n<meta name=\"twitter:card\" content=\"summary_large_image\" \/>\n<script type=\"application\/ld+json\" class=\"yoast-schema-graph\">{\"@context\":\"https:\/\/schema.org\",\"@graph\":[{\"@type\":\"WebSite\",\"@id\":\"https:\/\/gclg.be\/#website\",\"url\":\"https:\/\/gclg.be\/\",\"name\":\"GCLG\",\"description\":\"Des conf\\u00e9rences d&#039;exception\",\"potentialAction\":[{\"@type\":\"SearchAction\",\"target\":\"https:\/\/gclg.be\/?s={search_term_string}\",\"query-input\":\"required name=search_term_string\"}],\"inLanguage\":\"fr-FR\"},{\"@type\":\"ImageObject\",\"@id\":\"https:\/\/gclg.be\/#primaryimage\",\"inLanguage\":\"fr-FR\",\"url\":\"http:\/\/gclg.be\/wp-content\/uploads\/2026\/02\/Pic-Laurent-Gounelle-\\u00a9Philippe-Quaisse-732x1024.png\"},{\"@type\":\"WebPage\",\"@id\":\"https:\/\/gclg.be\/#webpage\",\"url\":\"https:\/\/gclg.be\/\",\"name\":\"Saison 2026 - GCLG - Une saison d'exception\",\"isPartOf\":{\"@id\":\"https:\/\/gclg.be\/#website\"},\"primaryImageOfPage\":{\"@id\":\"https:\/\/gclg.be\/#primaryimage\"},\"datePublished\":\"2024-08-06T08:18:01+00:00\",\"dateModified\":\"2026-03-31T13:24:56+00:00\",\"description\":\"Les Grandes Conf\\u00e9rences Li\\u00e9geoises, un cycle de conf\\u00e9rences grand public o\\u00f9 sont trait\\u00e9es dans le pluralisme les grandes questions de soci\\u00e9t\\u00e9\\u2026\",\"inLanguage\":\"fr-FR\",\"potentialAction\":[{\"@type\":\"ReadAction\",\"target\":[\"https:\/\/gclg.be\/\"]}]}]}<\/script>\n<!-- \/ Yoast SEO plugin. -->","_links":{"self":[{"href":"https:\/\/gclg.be\/index.php\/wp-json\/wp\/v2\/pages\/22903"}],"collection":[{"href":"https:\/\/gclg.be\/index.php\/wp-json\/wp\/v2\/pages"}],"about":[{"href":"https:\/\/gclg.be\/index.php\/wp-json\/wp\/v2\/types\/page"}],"author":[{"embeddable":true,"href":"https:\/\/gclg.be\/index.php\/wp-json\/wp\/v2\/users\/2"}],"replies":[{"embeddable":true,"href":"https:\/\/gclg.be\/index.php\/wp-json\/wp\/v2\/comments?post=22903"}],"version-history":[{"count":99,"href":"https:\/\/gclg.be\/index.php\/wp-json\/wp\/v2\/pages\/22903\/revisions"}],"predecessor-version":[{"id":23056,"href":"https:\/\/gclg.be\/index.php\/wp-json\/wp\/v2\/pages\/22903\/revisions\/23056"}],"wp:attachment":[{"href":"https:\/\/gclg.be\/index.php\/wp-json\/wp\/v2\/media?parent=22903"}],"curies":[{"name":"wp","href":"https:\/\/api.w.org\/{rel}","templated":true}]}}